{"id":269,"date":"2019-10-29T17:33:20","date_gmt":"2019-10-29T20:33:20","guid":{"rendered":"http:\/\/www.saopaulo.sp.leg.br\/orcamento2020\/?page_id=269"},"modified":"2021-01-26T10:52:47","modified_gmt":"2021-01-26T13:52:47","slug":"subprefeituras","status":"publish","type":"page","link":"https:\/\/www.saopaulo.sp.leg.br\/orcamento2021\/subprefeituras\/","title":{"rendered":"Subprefeituras"},"content":{"rendered":"<h2 class=\"titulo-interno\">Confira o or\u00e7amento aprovado para as Subprefeituras da cidade em 2021<\/h2>\n<p>&nbsp;<\/p>\n<p>A <strong>LOA (Lei Or\u00e7ament\u00e1ria Anual)<\/strong> para o exerc\u00edcio de 2021 foi aprovada na C\u00e2mara Municipal de S\u00e3o Paulo e indica a pe\u00e7a or\u00e7ament\u00e1ria para as 32 Subprefeituras da cidade, que funcionam como representa\u00e7\u00e3o do Poder P\u00fablico municipal em cada regi\u00e3o.<\/p>\n<p>Os recursos s\u00e3o necess\u00e1rios para que as Subprefeituras possam realizar a conserva\u00e7\u00e3o de \u00e1reas p\u00fablicas ajardinadas, como pra\u00e7as e canteiros; servi\u00e7os de limpeza urbana e fiscaliza\u00e7\u00e3o de obras e edifica\u00e7\u00f5es. Tamb\u00e9m \u00e9 de responsabilidade das Subprefeituras acompanhar os servi\u00e7os de zeladoria, como limpeza e manuten\u00e7\u00e3o, e o sistema de drenagem, que envolve as bocas de lobo, galerias, c\u00f3rregos e piscin\u00f5es, por exemplo.<\/p>\n<p>Confira na tabela abaixo todos os valores aprovados para as Subprefeituras de S\u00e3o Paulo:<\/p>\n<table>\n<tbody>\n<tr>\n<td><a href=\"https:\/\/www.saopaulo.sp.leg.br\/blog\/subprefeitura-aricanduva-tem-incremento-de-10-no-orcamento-para-2021\/\" target=\"_blank\" rel=\"noopener noreferrer\"><img loading=\"lazy\" decoding=\"async\" class=\"alignleft wp-image-1222 size-medium\" title=\"Subprefeitura Aricanduva\" src=\"https:\/\/www.saopaulo.sp.leg.br\/orcamento2021\/wp-content\/uploads\/sites\/40\/2021\/01\/aricanduva-300x300.png\" alt=\"\" width=\"300\" height=\"300\" srcset=\"https:\/\/www.saopaulo.sp.leg.br\/orcamento2021\/wp-content\/uploads\/sites\/40\/2021\/01\/aricanduva-300x300.png 300w, https:\/\/www.saopaulo.sp.leg.br\/orcamento2021\/wp-content\/uploads\/sites\/40\/2021\/01\/aricanduva-1024x1024.png 1024w, https:\/\/www.saopaulo.sp.leg.br\/orcamento2021\/wp-content\/uploads\/sites\/40\/2021\/01\/aricanduva-150x150.png 150w, https:\/\/www.saopaulo.sp.leg.br\/orcamento2021\/wp-content\/uploads\/sites\/40\/2021\/01\/aricanduva-768x768.png 768w, https:\/\/www.saopaulo.sp.leg.br\/orcamento2021\/wp-content\/uploads\/sites\/40\/2021\/01\/aricanduva-125x125.png 125w, https:\/\/www.saopaulo.sp.leg.br\/orcamento2021\/wp-content\/uploads\/sites\/40\/2021\/01\/aricanduva.png 1080w\" sizes=\"auto, (max-width: 300px) 100vw, 300px\" \/><\/a><\/td>\n<td><a href=\"https:\/\/www.saopaulo.sp.leg.br\/blog\/subprefeitura-butanta-tem-aumento-de-19-no-orcamento-para-2021\/\" target=\"_blank\" rel=\"noopener noreferrer\"><img loading=\"lazy\" decoding=\"async\" class=\"alignleft wp-image-1223 size-medium\" title=\"Subprefeitura Butant\u00e3\" src=\"https:\/\/www.saopaulo.sp.leg.br\/orcamento2021\/wp-content\/uploads\/sites\/40\/2021\/01\/butanta-300x300.png\" alt=\"\" width=\"300\" height=\"300\" srcset=\"https:\/\/www.saopaulo.sp.leg.br\/orcamento2021\/wp-content\/uploads\/sites\/40\/2021\/01\/butanta-300x300.png 300w, https:\/\/www.saopaulo.sp.leg.br\/orcamento2021\/wp-content\/uploads\/sites\/40\/2021\/01\/butanta-1024x1024.png 1024w, https:\/\/www.saopaulo.sp.leg.br\/orcamento2021\/wp-content\/uploads\/sites\/40\/2021\/01\/butanta-150x150.png 150w, https:\/\/www.saopaulo.sp.leg.br\/orcamento2021\/wp-content\/uploads\/sites\/40\/2021\/01\/butanta-768x768.png 768w, https:\/\/www.saopaulo.sp.leg.br\/orcamento2021\/wp-content\/uploads\/sites\/40\/2021\/01\/butanta-125x125.png 125w, https:\/\/www.saopaulo.sp.leg.br\/orcamento2021\/wp-content\/uploads\/sites\/40\/2021\/01\/butanta.png 1080w\" sizes=\"auto, (max-width: 300px) 100vw, 300px\" \/><\/a><\/td>\n<td><a href=\"https:\/\/www.saopaulo.sp.leg.br\/blog\/orcamento-para-subprefeitura-campo-limpo-sobe-32-apos-discussao-na-camara\/\" target=\"_blank\" rel=\"noopener noreferrer\"><img loading=\"lazy\" decoding=\"async\" class=\"alignleft wp-image-1224 size-medium\" title=\"Subprefeitura Campo Limpo\" src=\"https:\/\/www.saopaulo.sp.leg.br\/orcamento2021\/wp-content\/uploads\/sites\/40\/2021\/01\/campo-limpo-300x300.png\" alt=\"\" width=\"300\" height=\"300\" srcset=\"https:\/\/www.saopaulo.sp.leg.br\/orcamento2021\/wp-content\/uploads\/sites\/40\/2021\/01\/campo-limpo-300x300.png 300w, https:\/\/www.saopaulo.sp.leg.br\/orcamento2021\/wp-content\/uploads\/sites\/40\/2021\/01\/campo-limpo-1024x1024.png 1024w, https:\/\/www.saopaulo.sp.leg.br\/orcamento2021\/wp-content\/uploads\/sites\/40\/2021\/01\/campo-limpo-150x150.png 150w, https:\/\/www.saopaulo.sp.leg.br\/orcamento2021\/wp-content\/uploads\/sites\/40\/2021\/01\/campo-limpo-768x768.png 768w, https:\/\/www.saopaulo.sp.leg.br\/orcamento2021\/wp-content\/uploads\/sites\/40\/2021\/01\/campo-limpo-125x125.png 125w, https:\/\/www.saopaulo.sp.leg.br\/orcamento2021\/wp-content\/uploads\/sites\/40\/2021\/01\/campo-limpo.png 1080w\" sizes=\"auto, (max-width: 300px) 100vw, 300px\" \/><\/a><\/td>\n<td><a href=\"https:\/\/www.saopaulo.sp.leg.br\/blog\/subprefeitura-capela-do-socorro-tera-orcamento-18-maior-que-o-previsto-em-2021\/\" target=\"_blank\" rel=\"noopener noreferrer\"><img loading=\"lazy\" decoding=\"async\" class=\"alignleft wp-image-1225 size-medium\" title=\"Subprefeitura Capela do Socorro\" src=\"https:\/\/www.saopaulo.sp.leg.br\/orcamento2021\/wp-content\/uploads\/sites\/40\/2021\/01\/capela-do-socorro-300x300.png\" alt=\"\" width=\"300\" height=\"300\" srcset=\"https:\/\/www.saopaulo.sp.leg.br\/orcamento2021\/wp-content\/uploads\/sites\/40\/2021\/01\/capela-do-socorro-300x300.png 300w, https:\/\/www.saopaulo.sp.leg.br\/orcamento2021\/wp-content\/uploads\/sites\/40\/2021\/01\/capela-do-socorro-1024x1024.png 1024w, https:\/\/www.saopaulo.sp.leg.br\/orcamento2021\/wp-content\/uploads\/sites\/40\/2021\/01\/capela-do-socorro-150x150.png 150w, https:\/\/www.saopaulo.sp.leg.br\/orcamento2021\/wp-content\/uploads\/sites\/40\/2021\/01\/capela-do-socorro-768x768.png 768w, https:\/\/www.saopaulo.sp.leg.br\/orcamento2021\/wp-content\/uploads\/sites\/40\/2021\/01\/capela-do-socorro-125x125.png 125w, https:\/\/www.saopaulo.sp.leg.br\/orcamento2021\/wp-content\/uploads\/sites\/40\/2021\/01\/capela-do-socorro.png 1080w\" sizes=\"auto, (max-width: 300px) 100vw, 300px\" \/><\/a><\/td>\n<\/tr>\n<tr>\n<td><a href=\"https:\/\/www.saopaulo.sp.leg.br\/blog\/subprefeitura-de-casa-verde-tera-orcamento-de-r-249-milhoes-em-2021\/\" target=\"_blank\" rel=\"noopener noreferrer\"><img loading=\"lazy\" decoding=\"async\" class=\"alignleft wp-image-1226 size-medium\" title=\"Subprefeitura de Casa Verde\" src=\"https:\/\/www.saopaulo.sp.leg.br\/orcamento2021\/wp-content\/uploads\/sites\/40\/2021\/01\/casa-verde-300x300.png\" alt=\"\" width=\"300\" height=\"300\" srcset=\"https:\/\/www.saopaulo.sp.leg.br\/orcamento2021\/wp-content\/uploads\/sites\/40\/2021\/01\/casa-verde-300x300.png 300w, https:\/\/www.saopaulo.sp.leg.br\/orcamento2021\/wp-content\/uploads\/sites\/40\/2021\/01\/casa-verde-1024x1024.png 1024w, https:\/\/www.saopaulo.sp.leg.br\/orcamento2021\/wp-content\/uploads\/sites\/40\/2021\/01\/casa-verde-150x150.png 150w, https:\/\/www.saopaulo.sp.leg.br\/orcamento2021\/wp-content\/uploads\/sites\/40\/2021\/01\/casa-verde-768x768.png 768w, https:\/\/www.saopaulo.sp.leg.br\/orcamento2021\/wp-content\/uploads\/sites\/40\/2021\/01\/casa-verde-125x125.png 125w, https:\/\/www.saopaulo.sp.leg.br\/orcamento2021\/wp-content\/uploads\/sites\/40\/2021\/01\/casa-verde.png 1080w\" sizes=\"auto, (max-width: 300px) 100vw, 300px\" \/><\/a><\/td>\n<td><a href=\"https:\/\/www.saopaulo.sp.leg.br\/blog\/subprefeitura-de-cidade-ademar-tera-orcamento-de-r-405-milhoes-para-2021\/\" target=\"_blank\" rel=\"noopener noreferrer\"><img loading=\"lazy\" decoding=\"async\" class=\"alignleft wp-image-1227 size-medium\" title=\"Subprefeitura Cidade Ademar\" src=\"https:\/\/www.saopaulo.sp.leg.br\/orcamento2021\/wp-content\/uploads\/sites\/40\/2021\/01\/cidade-ademar-300x300.png\" alt=\"\" width=\"300\" height=\"300\" srcset=\"https:\/\/www.saopaulo.sp.leg.br\/orcamento2021\/wp-content\/uploads\/sites\/40\/2021\/01\/cidade-ademar-300x300.png 300w, https:\/\/www.saopaulo.sp.leg.br\/orcamento2021\/wp-content\/uploads\/sites\/40\/2021\/01\/cidade-ademar-1024x1024.png 1024w, https:\/\/www.saopaulo.sp.leg.br\/orcamento2021\/wp-content\/uploads\/sites\/40\/2021\/01\/cidade-ademar-150x150.png 150w, https:\/\/www.saopaulo.sp.leg.br\/orcamento2021\/wp-content\/uploads\/sites\/40\/2021\/01\/cidade-ademar-768x768.png 768w, https:\/\/www.saopaulo.sp.leg.br\/orcamento2021\/wp-content\/uploads\/sites\/40\/2021\/01\/cidade-ademar-125x125.png 125w, https:\/\/www.saopaulo.sp.leg.br\/orcamento2021\/wp-content\/uploads\/sites\/40\/2021\/01\/cidade-ademar.png 1080w\" sizes=\"auto, (max-width: 300px) 100vw, 300px\" \/><\/a><\/td>\n<td><a href=\"https:\/\/www.saopaulo.sp.leg.br\/blog\/subprefeitura-de-cidade-tiradentes-tera-verba-de-r-323-milhoes-em-2021\/\" target=\"_blank\" rel=\"noopener noreferrer\"><img loading=\"lazy\" decoding=\"async\" class=\"alignleft wp-image-1228 size-medium\" title=\"Subprefeitura Cidade Tiradentes\" src=\"https:\/\/www.saopaulo.sp.leg.br\/orcamento2021\/wp-content\/uploads\/sites\/40\/2021\/01\/cidade-tiradentes-300x300.png\" alt=\"\" width=\"300\" height=\"300\" srcset=\"https:\/\/www.saopaulo.sp.leg.br\/orcamento2021\/wp-content\/uploads\/sites\/40\/2021\/01\/cidade-tiradentes-300x300.png 300w, https:\/\/www.saopaulo.sp.leg.br\/orcamento2021\/wp-content\/uploads\/sites\/40\/2021\/01\/cidade-tiradentes-1024x1024.png 1024w, https:\/\/www.saopaulo.sp.leg.br\/orcamento2021\/wp-content\/uploads\/sites\/40\/2021\/01\/cidade-tiradentes-150x150.png 150w, https:\/\/www.saopaulo.sp.leg.br\/orcamento2021\/wp-content\/uploads\/sites\/40\/2021\/01\/cidade-tiradentes-768x768.png 768w, https:\/\/www.saopaulo.sp.leg.br\/orcamento2021\/wp-content\/uploads\/sites\/40\/2021\/01\/cidade-tiradentes-125x125.png 125w, https:\/\/www.saopaulo.sp.leg.br\/orcamento2021\/wp-content\/uploads\/sites\/40\/2021\/01\/cidade-tiradentes.png 1080w\" sizes=\"auto, (max-width: 300px) 100vw, 300px\" \/><\/a><\/td>\n<td><a href=\"https:\/\/www.saopaulo.sp.leg.br\/blog\/orcamento-para-subprefeitura-de-ermelino-matarazzo-sera-de-r-306-milhoes-em-2021\/\" target=\"_blank\" rel=\"noopener noreferrer\"><img loading=\"lazy\" decoding=\"async\" class=\"alignleft wp-image-1229 size-medium\" title=\"Subprefeitura Ermelino Matarazzo\" src=\"https:\/\/www.saopaulo.sp.leg.br\/orcamento2021\/wp-content\/uploads\/sites\/40\/2021\/01\/ermelino-300x300.png\" alt=\"\" width=\"300\" height=\"300\" srcset=\"https:\/\/www.saopaulo.sp.leg.br\/orcamento2021\/wp-content\/uploads\/sites\/40\/2021\/01\/ermelino-300x300.png 300w, https:\/\/www.saopaulo.sp.leg.br\/orcamento2021\/wp-content\/uploads\/sites\/40\/2021\/01\/ermelino-1024x1024.png 1024w, https:\/\/www.saopaulo.sp.leg.br\/orcamento2021\/wp-content\/uploads\/sites\/40\/2021\/01\/ermelino-150x150.png 150w, https:\/\/www.saopaulo.sp.leg.br\/orcamento2021\/wp-content\/uploads\/sites\/40\/2021\/01\/ermelino-768x768.png 768w, https:\/\/www.saopaulo.sp.leg.br\/orcamento2021\/wp-content\/uploads\/sites\/40\/2021\/01\/ermelino-125x125.png 125w, https:\/\/www.saopaulo.sp.leg.br\/orcamento2021\/wp-content\/uploads\/sites\/40\/2021\/01\/ermelino.png 1080w\" sizes=\"auto, (max-width: 300px) 100vw, 300px\" \/><\/a><\/td>\n<\/tr>\n<tr>\n<td><a href=\"https:\/\/www.saopaulo.sp.leg.br\/blog\/orcamento-para-subprefeitura-freguesia-brasilandia-tem-incremento-de-7-em-2021\/\" target=\"_blank\" rel=\"noopener noreferrer\"><img loading=\"lazy\" decoding=\"async\" class=\"alignleft wp-image-1230 size-medium\" title=\"Subprefeitura Freguesia\/Brasil\u00e2ndia\" src=\"https:\/\/www.saopaulo.sp.leg.br\/orcamento2021\/wp-content\/uploads\/sites\/40\/2021\/01\/freguesia-300x300.png\" alt=\"\" width=\"300\" height=\"300\" srcset=\"https:\/\/www.saopaulo.sp.leg.br\/orcamento2021\/wp-content\/uploads\/sites\/40\/2021\/01\/freguesia-300x300.png 300w, https:\/\/www.saopaulo.sp.leg.br\/orcamento2021\/wp-content\/uploads\/sites\/40\/2021\/01\/freguesia-1024x1024.png 1024w, https:\/\/www.saopaulo.sp.leg.br\/orcamento2021\/wp-content\/uploads\/sites\/40\/2021\/01\/freguesia-150x150.png 150w, https:\/\/www.saopaulo.sp.leg.br\/orcamento2021\/wp-content\/uploads\/sites\/40\/2021\/01\/freguesia-768x768.png 768w, https:\/\/www.saopaulo.sp.leg.br\/orcamento2021\/wp-content\/uploads\/sites\/40\/2021\/01\/freguesia-125x125.png 125w, https:\/\/www.saopaulo.sp.leg.br\/orcamento2021\/wp-content\/uploads\/sites\/40\/2021\/01\/freguesia.png 1080w\" sizes=\"auto, (max-width: 300px) 100vw, 300px\" \/><\/a><\/td>\n<td><a href=\"https:\/\/www.saopaulo.sp.leg.br\/blog\/orcamento-2021-para-subprefeitura-guaianases-cresce-10\/\" target=\"_blank\" rel=\"noopener noreferrer\"><img loading=\"lazy\" decoding=\"async\" class=\"alignleft wp-image-1231 size-medium\" title=\"Subprefeitura de Guaianases\" src=\"https:\/\/www.saopaulo.sp.leg.br\/orcamento2021\/wp-content\/uploads\/sites\/40\/2021\/01\/guaianases-300x300.png\" alt=\"\" width=\"300\" height=\"300\" srcset=\"https:\/\/www.saopaulo.sp.leg.br\/orcamento2021\/wp-content\/uploads\/sites\/40\/2021\/01\/guaianases-300x300.png 300w, https:\/\/www.saopaulo.sp.leg.br\/orcamento2021\/wp-content\/uploads\/sites\/40\/2021\/01\/guaianases-1024x1024.png 1024w, https:\/\/www.saopaulo.sp.leg.br\/orcamento2021\/wp-content\/uploads\/sites\/40\/2021\/01\/guaianases-150x150.png 150w, https:\/\/www.saopaulo.sp.leg.br\/orcamento2021\/wp-content\/uploads\/sites\/40\/2021\/01\/guaianases-768x768.png 768w, https:\/\/www.saopaulo.sp.leg.br\/orcamento2021\/wp-content\/uploads\/sites\/40\/2021\/01\/guaianases-125x125.png 125w, https:\/\/www.saopaulo.sp.leg.br\/orcamento2021\/wp-content\/uploads\/sites\/40\/2021\/01\/guaianases.png 1080w\" sizes=\"auto, (max-width: 300px) 100vw, 300px\" \/><\/a><\/td>\n<td><a href=\"https:\/\/www.saopaulo.sp.leg.br\/blog\/subprefeitura-ipiranga-tem-incremento-de-28-nos-recursos-para-este-ano\/\" target=\"_blank\" rel=\"noopener noreferrer\"><img loading=\"lazy\" decoding=\"async\" class=\"alignleft wp-image-1232 size-medium\" title=\"Subprefeitura do Ipiranga\" src=\"https:\/\/www.saopaulo.sp.leg.br\/orcamento2021\/wp-content\/uploads\/sites\/40\/2021\/01\/ipiranga-300x300.png\" alt=\"\" width=\"300\" height=\"300\" srcset=\"https:\/\/www.saopaulo.sp.leg.br\/orcamento2021\/wp-content\/uploads\/sites\/40\/2021\/01\/ipiranga-300x300.png 300w, https:\/\/www.saopaulo.sp.leg.br\/orcamento2021\/wp-content\/uploads\/sites\/40\/2021\/01\/ipiranga-1024x1024.png 1024w, https:\/\/www.saopaulo.sp.leg.br\/orcamento2021\/wp-content\/uploads\/sites\/40\/2021\/01\/ipiranga-150x150.png 150w, https:\/\/www.saopaulo.sp.leg.br\/orcamento2021\/wp-content\/uploads\/sites\/40\/2021\/01\/ipiranga-768x768.png 768w, https:\/\/www.saopaulo.sp.leg.br\/orcamento2021\/wp-content\/uploads\/sites\/40\/2021\/01\/ipiranga-125x125.png 125w, https:\/\/www.saopaulo.sp.leg.br\/orcamento2021\/wp-content\/uploads\/sites\/40\/2021\/01\/ipiranga.png 1080w\" sizes=\"auto, (max-width: 300px) 100vw, 300px\" \/><\/a><\/td>\n<td><a href=\"https:\/\/www.saopaulo.sp.leg.br\/blog\/recursos-para-subprefeitura-itaim-paulista-aumentam-26-em-2021\/\" target=\"_blank\" rel=\"noopener noreferrer\"><img loading=\"lazy\" decoding=\"async\" class=\"alignleft wp-image-1233 size-medium\" title=\"Subprefeitura de Itaim Paulista\" src=\"https:\/\/www.saopaulo.sp.leg.br\/orcamento2021\/wp-content\/uploads\/sites\/40\/2021\/01\/itaim-paulista-300x300.png\" alt=\"\" width=\"300\" height=\"300\" srcset=\"https:\/\/www.saopaulo.sp.leg.br\/orcamento2021\/wp-content\/uploads\/sites\/40\/2021\/01\/itaim-paulista-300x300.png 300w, https:\/\/www.saopaulo.sp.leg.br\/orcamento2021\/wp-content\/uploads\/sites\/40\/2021\/01\/itaim-paulista-1024x1024.png 1024w, https:\/\/www.saopaulo.sp.leg.br\/orcamento2021\/wp-content\/uploads\/sites\/40\/2021\/01\/itaim-paulista-150x150.png 150w, https:\/\/www.saopaulo.sp.leg.br\/orcamento2021\/wp-content\/uploads\/sites\/40\/2021\/01\/itaim-paulista-768x768.png 768w, https:\/\/www.saopaulo.sp.leg.br\/orcamento2021\/wp-content\/uploads\/sites\/40\/2021\/01\/itaim-paulista-125x125.png 125w, https:\/\/www.saopaulo.sp.leg.br\/orcamento2021\/wp-content\/uploads\/sites\/40\/2021\/01\/itaim-paulista.png 1080w\" sizes=\"auto, (max-width: 300px) 100vw, 300px\" \/><\/a><\/td>\n<\/tr>\n<tr>\n<td><a href=\"https:\/\/www.saopaulo.sp.leg.br\/blog\/orcamento-em-2021-para-a-subprefeitura-de-itaquera-sera-de-r-452-milhoes\/\" target=\"_blank\" rel=\"noopener noreferrer\"><img loading=\"lazy\" decoding=\"async\" class=\"alignleft wp-image-1234 size-medium\" title=\"Subprefeitura de Itaquera\" src=\"https:\/\/www.saopaulo.sp.leg.br\/orcamento2021\/wp-content\/uploads\/sites\/40\/2021\/01\/itaquera-300x300.png\" alt=\"\" width=\"300\" height=\"300\" srcset=\"https:\/\/www.saopaulo.sp.leg.br\/orcamento2021\/wp-content\/uploads\/sites\/40\/2021\/01\/itaquera-300x300.png 300w, https:\/\/www.saopaulo.sp.leg.br\/orcamento2021\/wp-content\/uploads\/sites\/40\/2021\/01\/itaquera-1024x1024.png 1024w, https:\/\/www.saopaulo.sp.leg.br\/orcamento2021\/wp-content\/uploads\/sites\/40\/2021\/01\/itaquera-150x150.png 150w, https:\/\/www.saopaulo.sp.leg.br\/orcamento2021\/wp-content\/uploads\/sites\/40\/2021\/01\/itaquera-768x768.png 768w, https:\/\/www.saopaulo.sp.leg.br\/orcamento2021\/wp-content\/uploads\/sites\/40\/2021\/01\/itaquera-125x125.png 125w, https:\/\/www.saopaulo.sp.leg.br\/orcamento2021\/wp-content\/uploads\/sites\/40\/2021\/01\/itaquera.png 1080w\" sizes=\"auto, (max-width: 300px) 100vw, 300px\" \/><\/a><\/td>\n<td><a href=\"https:\/\/www.saopaulo.sp.leg.br\/blog\/subprefeitura-de-jabaquara-recebera-r-326-milhoes-de-orcamento-em-2021\/\" target=\"_blank\" rel=\"noopener noreferrer\"><img loading=\"lazy\" decoding=\"async\" class=\"alignleft wp-image-1235 size-medium\" title=\"Subprefeitura do Jabaquara\" src=\"https:\/\/www.saopaulo.sp.leg.br\/orcamento2021\/wp-content\/uploads\/sites\/40\/2021\/01\/jabaquara-300x300.png\" alt=\"\" width=\"300\" height=\"300\" srcset=\"https:\/\/www.saopaulo.sp.leg.br\/orcamento2021\/wp-content\/uploads\/sites\/40\/2021\/01\/jabaquara-300x300.png 300w, https:\/\/www.saopaulo.sp.leg.br\/orcamento2021\/wp-content\/uploads\/sites\/40\/2021\/01\/jabaquara-1024x1024.png 1024w, https:\/\/www.saopaulo.sp.leg.br\/orcamento2021\/wp-content\/uploads\/sites\/40\/2021\/01\/jabaquara-150x150.png 150w, https:\/\/www.saopaulo.sp.leg.br\/orcamento2021\/wp-content\/uploads\/sites\/40\/2021\/01\/jabaquara-768x768.png 768w, https:\/\/www.saopaulo.sp.leg.br\/orcamento2021\/wp-content\/uploads\/sites\/40\/2021\/01\/jabaquara-125x125.png 125w, https:\/\/www.saopaulo.sp.leg.br\/orcamento2021\/wp-content\/uploads\/sites\/40\/2021\/01\/jabaquara.png 1080w\" sizes=\"auto, (max-width: 300px) 100vw, 300px\" \/><\/a><\/td>\n<td><a href=\"https:\/\/www.saopaulo.sp.leg.br\/blog\/subprefeitura-jacana-tremembe-tera-912-a-mais-no-orcamento-para-2021\/\" target=\"_blank\" rel=\"noopener noreferrer\"><img loading=\"lazy\" decoding=\"async\" class=\"alignleft wp-image-1236 size-medium\" title=\"Subprefeitura de Ja\u00e7an\u00e3\/Trememb\u00e9\" src=\"https:\/\/www.saopaulo.sp.leg.br\/orcamento2021\/wp-content\/uploads\/sites\/40\/2021\/01\/jacana-300x300.png\" alt=\"\" width=\"300\" height=\"300\" srcset=\"https:\/\/www.saopaulo.sp.leg.br\/orcamento2021\/wp-content\/uploads\/sites\/40\/2021\/01\/jacana-300x300.png 300w, https:\/\/www.saopaulo.sp.leg.br\/orcamento2021\/wp-content\/uploads\/sites\/40\/2021\/01\/jacana-1024x1024.png 1024w, https:\/\/www.saopaulo.sp.leg.br\/orcamento2021\/wp-content\/uploads\/sites\/40\/2021\/01\/jacana-150x150.png 150w, https:\/\/www.saopaulo.sp.leg.br\/orcamento2021\/wp-content\/uploads\/sites\/40\/2021\/01\/jacana-768x768.png 768w, https:\/\/www.saopaulo.sp.leg.br\/orcamento2021\/wp-content\/uploads\/sites\/40\/2021\/01\/jacana-125x125.png 125w, https:\/\/www.saopaulo.sp.leg.br\/orcamento2021\/wp-content\/uploads\/sites\/40\/2021\/01\/jacana.png 1080w\" sizes=\"auto, (max-width: 300px) 100vw, 300px\" \/><\/a><\/td>\n<td><a href=\"https:\/\/www.saopaulo.sp.leg.br\/blog\/orcamento-da-subprefeitura-lapa-aumenta-102-para-2021\/\" target=\"_blank\" rel=\"noopener noreferrer\"><img loading=\"lazy\" decoding=\"async\" class=\"alignleft wp-image-1237 size-medium\" title=\"Subprefeitura da Lapa\" src=\"https:\/\/www.saopaulo.sp.leg.br\/orcamento2021\/wp-content\/uploads\/sites\/40\/2021\/01\/lapa-300x300.png\" alt=\"\" width=\"300\" height=\"300\" srcset=\"https:\/\/www.saopaulo.sp.leg.br\/orcamento2021\/wp-content\/uploads\/sites\/40\/2021\/01\/lapa-300x300.png 300w, https:\/\/www.saopaulo.sp.leg.br\/orcamento2021\/wp-content\/uploads\/sites\/40\/2021\/01\/lapa-1024x1024.png 1024w, https:\/\/www.saopaulo.sp.leg.br\/orcamento2021\/wp-content\/uploads\/sites\/40\/2021\/01\/lapa-150x150.png 150w, https:\/\/www.saopaulo.sp.leg.br\/orcamento2021\/wp-content\/uploads\/sites\/40\/2021\/01\/lapa-768x768.png 768w, https:\/\/www.saopaulo.sp.leg.br\/orcamento2021\/wp-content\/uploads\/sites\/40\/2021\/01\/lapa-125x125.png 125w, https:\/\/www.saopaulo.sp.leg.br\/orcamento2021\/wp-content\/uploads\/sites\/40\/2021\/01\/lapa.png 1080w\" sizes=\"auto, (max-width: 300px) 100vw, 300px\" \/><\/a><\/td>\n<\/tr>\n<tr>\n<td><a href=\"https:\/\/www.saopaulo.sp.leg.br\/blog\/subprefeitura-mboi-mirim-tem-688-de-incremento-nos-recursos-para-2021\/\" target=\"_blank\" rel=\"noopener noreferrer\"><img loading=\"lazy\" decoding=\"async\" class=\"alignleft wp-image-1238 size-medium\" title=\"Subprefeitura de M\u2019Boi Mirim\" src=\"https:\/\/www.saopaulo.sp.leg.br\/orcamento2021\/wp-content\/uploads\/sites\/40\/2021\/01\/mboi-300x300.png\" alt=\"\" width=\"300\" height=\"300\" srcset=\"https:\/\/www.saopaulo.sp.leg.br\/orcamento2021\/wp-content\/uploads\/sites\/40\/2021\/01\/mboi-300x300.png 300w, https:\/\/www.saopaulo.sp.leg.br\/orcamento2021\/wp-content\/uploads\/sites\/40\/2021\/01\/mboi-1024x1024.png 1024w, https:\/\/www.saopaulo.sp.leg.br\/orcamento2021\/wp-content\/uploads\/sites\/40\/2021\/01\/mboi-150x150.png 150w, https:\/\/www.saopaulo.sp.leg.br\/orcamento2021\/wp-content\/uploads\/sites\/40\/2021\/01\/mboi-768x768.png 768w, https:\/\/www.saopaulo.sp.leg.br\/orcamento2021\/wp-content\/uploads\/sites\/40\/2021\/01\/mboi-125x125.png 125w, https:\/\/www.saopaulo.sp.leg.br\/orcamento2021\/wp-content\/uploads\/sites\/40\/2021\/01\/mboi.png 1080w\" sizes=\"auto, (max-width: 300px) 100vw, 300px\" \/><\/a><\/td>\n<td><a href=\"https:\/\/www.saopaulo.sp.leg.br\/blog\/orcamento-para-subprefeitura-mooca-aumenta-15-este-ano\/\" target=\"_blank\" rel=\"noopener noreferrer\"><img loading=\"lazy\" decoding=\"async\" class=\"alignleft wp-image-1239 size-medium\" title=\"Subprefeitura da Mooca\" src=\"https:\/\/www.saopaulo.sp.leg.br\/orcamento2021\/wp-content\/uploads\/sites\/40\/2021\/01\/mooca-300x300.png\" alt=\"\" width=\"300\" height=\"300\" srcset=\"https:\/\/www.saopaulo.sp.leg.br\/orcamento2021\/wp-content\/uploads\/sites\/40\/2021\/01\/mooca-300x300.png 300w, https:\/\/www.saopaulo.sp.leg.br\/orcamento2021\/wp-content\/uploads\/sites\/40\/2021\/01\/mooca-1024x1024.png 1024w, https:\/\/www.saopaulo.sp.leg.br\/orcamento2021\/wp-content\/uploads\/sites\/40\/2021\/01\/mooca-150x150.png 150w, https:\/\/www.saopaulo.sp.leg.br\/orcamento2021\/wp-content\/uploads\/sites\/40\/2021\/01\/mooca-768x768.png 768w, https:\/\/www.saopaulo.sp.leg.br\/orcamento2021\/wp-content\/uploads\/sites\/40\/2021\/01\/mooca-125x125.png 125w, https:\/\/www.saopaulo.sp.leg.br\/orcamento2021\/wp-content\/uploads\/sites\/40\/2021\/01\/mooca.png 1080w\" sizes=\"auto, (max-width: 300px) 100vw, 300px\" \/><\/a><\/td>\n<td><a href=\"https:\/\/www.saopaulo.sp.leg.br\/blog\/subprefeitura-de-parelheiros-tera-r-642-milhoes-de-orcamento-neste-ano\/\" target=\"_blank\" rel=\"noopener noreferrer\"><img loading=\"lazy\" decoding=\"async\" class=\"alignleft wp-image-1240 size-medium\" title=\"Subprefeitura de Parelheiros\" src=\"https:\/\/www.saopaulo.sp.leg.br\/orcamento2021\/wp-content\/uploads\/sites\/40\/2021\/01\/parelheiros-300x300.png\" alt=\"\" width=\"300\" height=\"300\" srcset=\"https:\/\/www.saopaulo.sp.leg.br\/orcamento2021\/wp-content\/uploads\/sites\/40\/2021\/01\/parelheiros-300x300.png 300w, https:\/\/www.saopaulo.sp.leg.br\/orcamento2021\/wp-content\/uploads\/sites\/40\/2021\/01\/parelheiros-1024x1024.png 1024w, https:\/\/www.saopaulo.sp.leg.br\/orcamento2021\/wp-content\/uploads\/sites\/40\/2021\/01\/parelheiros-150x150.png 150w, https:\/\/www.saopaulo.sp.leg.br\/orcamento2021\/wp-content\/uploads\/sites\/40\/2021\/01\/parelheiros-768x768.png 768w, https:\/\/www.saopaulo.sp.leg.br\/orcamento2021\/wp-content\/uploads\/sites\/40\/2021\/01\/parelheiros-125x125.png 125w, https:\/\/www.saopaulo.sp.leg.br\/orcamento2021\/wp-content\/uploads\/sites\/40\/2021\/01\/parelheiros.png 1080w\" sizes=\"auto, (max-width: 300px) 100vw, 300px\" \/><\/a><\/td>\n<td><a href=\"https:\/\/www.saopaulo.sp.leg.br\/blog\/subprefeitura-da-penha-tera-orcamento-de-r-436-milhoes-em-2021\/\" target=\"_blank\" rel=\"noopener noreferrer\"><img loading=\"lazy\" decoding=\"async\" class=\"alignleft wp-image-1241 size-medium\" title=\"Subprefeitura da Penha\" src=\"https:\/\/www.saopaulo.sp.leg.br\/orcamento2021\/wp-content\/uploads\/sites\/40\/2021\/01\/penha-300x300.png\" alt=\"\" width=\"300\" height=\"300\" srcset=\"https:\/\/www.saopaulo.sp.leg.br\/orcamento2021\/wp-content\/uploads\/sites\/40\/2021\/01\/penha-300x300.png 300w, https:\/\/www.saopaulo.sp.leg.br\/orcamento2021\/wp-content\/uploads\/sites\/40\/2021\/01\/penha-1024x1024.png 1024w, https:\/\/www.saopaulo.sp.leg.br\/orcamento2021\/wp-content\/uploads\/sites\/40\/2021\/01\/penha-150x150.png 150w, https:\/\/www.saopaulo.sp.leg.br\/orcamento2021\/wp-content\/uploads\/sites\/40\/2021\/01\/penha-768x768.png 768w, https:\/\/www.saopaulo.sp.leg.br\/orcamento2021\/wp-content\/uploads\/sites\/40\/2021\/01\/penha-125x125.png 125w, https:\/\/www.saopaulo.sp.leg.br\/orcamento2021\/wp-content\/uploads\/sites\/40\/2021\/01\/penha.png 1080w\" sizes=\"auto, (max-width: 300px) 100vw, 300px\" \/><\/a><\/td>\n<\/tr>\n<tr>\n<td><a href=\"https:\/\/www.saopaulo.sp.leg.br\/blog\/subprefeitura-perus-anhanguera-tera-orcamento-de-r-283-milhoes-em-2021\/\" target=\"_blank\" rel=\"noopener noreferrer\"><img loading=\"lazy\" decoding=\"async\" class=\"alignleft wp-image-1242 size-medium\" title=\"Subprefeitura de Perus\/Anhanguera\" src=\"https:\/\/www.saopaulo.sp.leg.br\/orcamento2021\/wp-content\/uploads\/sites\/40\/2021\/01\/perus-300x300.png\" alt=\"\" width=\"300\" height=\"300\" srcset=\"https:\/\/www.saopaulo.sp.leg.br\/orcamento2021\/wp-content\/uploads\/sites\/40\/2021\/01\/perus-300x300.png 300w, https:\/\/www.saopaulo.sp.leg.br\/orcamento2021\/wp-content\/uploads\/sites\/40\/2021\/01\/perus-1024x1024.png 1024w, https:\/\/www.saopaulo.sp.leg.br\/orcamento2021\/wp-content\/uploads\/sites\/40\/2021\/01\/perus-150x150.png 150w, https:\/\/www.saopaulo.sp.leg.br\/orcamento2021\/wp-content\/uploads\/sites\/40\/2021\/01\/perus-768x768.png 768w, https:\/\/www.saopaulo.sp.leg.br\/orcamento2021\/wp-content\/uploads\/sites\/40\/2021\/01\/perus-125x125.png 125w, https:\/\/www.saopaulo.sp.leg.br\/orcamento2021\/wp-content\/uploads\/sites\/40\/2021\/01\/perus.png 1080w\" sizes=\"auto, (max-width: 300px) 100vw, 300px\" \/><\/a><\/td>\n<td><a href=\"https:\/\/www.saopaulo.sp.leg.br\/blog\/subprefeitura-pinheiros-tera-acrescimo-de-16-no-orcamento-deste-ano\/\" target=\"_blank\" rel=\"noopener noreferrer\"><img loading=\"lazy\" decoding=\"async\" class=\"alignleft wp-image-1243 size-medium\" title=\"Subprefeitura de Pinheiros\" src=\"https:\/\/www.saopaulo.sp.leg.br\/orcamento2021\/wp-content\/uploads\/sites\/40\/2021\/01\/pinheiros-300x300.png\" alt=\"\" width=\"300\" height=\"300\" srcset=\"https:\/\/www.saopaulo.sp.leg.br\/orcamento2021\/wp-content\/uploads\/sites\/40\/2021\/01\/pinheiros-300x300.png 300w, https:\/\/www.saopaulo.sp.leg.br\/orcamento2021\/wp-content\/uploads\/sites\/40\/2021\/01\/pinheiros-1024x1024.png 1024w, https:\/\/www.saopaulo.sp.leg.br\/orcamento2021\/wp-content\/uploads\/sites\/40\/2021\/01\/pinheiros-150x150.png 150w, https:\/\/www.saopaulo.sp.leg.br\/orcamento2021\/wp-content\/uploads\/sites\/40\/2021\/01\/pinheiros-768x768.png 768w, https:\/\/www.saopaulo.sp.leg.br\/orcamento2021\/wp-content\/uploads\/sites\/40\/2021\/01\/pinheiros-125x125.png 125w, https:\/\/www.saopaulo.sp.leg.br\/orcamento2021\/wp-content\/uploads\/sites\/40\/2021\/01\/pinheiros.png 1080w\" sizes=\"auto, (max-width: 300px) 100vw, 300px\" \/><\/a><\/td>\n<td><a href=\"https:\/\/www.saopaulo.sp.leg.br\/blog\/subprefeitura-pirituba-jaragua-tera-aumento-superior-a-33-nos-recursos-para-2021\/\" target=\"_blank\" rel=\"noopener noreferrer\"><img loading=\"lazy\" decoding=\"async\" class=\"alignleft wp-image-1244 size-medium\" title=\"Subprefeitura de Pirituba\/Jaragu\u00e1\" src=\"https:\/\/www.saopaulo.sp.leg.br\/orcamento2021\/wp-content\/uploads\/sites\/40\/2021\/01\/pirituba-300x300.png\" alt=\"\" width=\"300\" height=\"300\" srcset=\"https:\/\/www.saopaulo.sp.leg.br\/orcamento2021\/wp-content\/uploads\/sites\/40\/2021\/01\/pirituba-300x300.png 300w, https:\/\/www.saopaulo.sp.leg.br\/orcamento2021\/wp-content\/uploads\/sites\/40\/2021\/01\/pirituba-1024x1024.png 1024w, https:\/\/www.saopaulo.sp.leg.br\/orcamento2021\/wp-content\/uploads\/sites\/40\/2021\/01\/pirituba-150x150.png 150w, https:\/\/www.saopaulo.sp.leg.br\/orcamento2021\/wp-content\/uploads\/sites\/40\/2021\/01\/pirituba-768x768.png 768w, https:\/\/www.saopaulo.sp.leg.br\/orcamento2021\/wp-content\/uploads\/sites\/40\/2021\/01\/pirituba-125x125.png 125w, https:\/\/www.saopaulo.sp.leg.br\/orcamento2021\/wp-content\/uploads\/sites\/40\/2021\/01\/pirituba.png 1080w\" sizes=\"auto, (max-width: 300px) 100vw, 300px\" \/><\/a><\/td>\n<td><a href=\"https:\/\/www.saopaulo.sp.leg.br\/blog\/orcamento-2021-para-subprefeitura-santana-tucuruvi-cresce-18\/\" target=\"_blank\" rel=\"noopener noreferrer\"><img loading=\"lazy\" decoding=\"async\" class=\"alignleft wp-image-1245 size-medium\" title=\"Subprefeitura de Santana\/Tucuruvi\" src=\"https:\/\/www.saopaulo.sp.leg.br\/orcamento2021\/wp-content\/uploads\/sites\/40\/2021\/01\/santana-300x300.png\" alt=\"\" width=\"300\" height=\"300\" srcset=\"https:\/\/www.saopaulo.sp.leg.br\/orcamento2021\/wp-content\/uploads\/sites\/40\/2021\/01\/santana-300x300.png 300w, https:\/\/www.saopaulo.sp.leg.br\/orcamento2021\/wp-content\/uploads\/sites\/40\/2021\/01\/santana-1024x1024.png 1024w, https:\/\/www.saopaulo.sp.leg.br\/orcamento2021\/wp-content\/uploads\/sites\/40\/2021\/01\/santana-150x150.png 150w, https:\/\/www.saopaulo.sp.leg.br\/orcamento2021\/wp-content\/uploads\/sites\/40\/2021\/01\/santana-768x768.png 768w, https:\/\/www.saopaulo.sp.leg.br\/orcamento2021\/wp-content\/uploads\/sites\/40\/2021\/01\/santana-125x125.png 125w, https:\/\/www.saopaulo.sp.leg.br\/orcamento2021\/wp-content\/uploads\/sites\/40\/2021\/01\/santana.png 1080w\" sizes=\"auto, (max-width: 300px) 100vw, 300px\" \/><\/a><\/td>\n<\/tr>\n<tr>\n<td><a href=\"https:\/\/www.saopaulo.sp.leg.br\/blog\/subprefeitura-de-santo-amaro-tera-r-415-milhoes-no-orcamento-em-2021\/\" target=\"_blank\" rel=\"noopener noreferrer\"><img loading=\"lazy\" decoding=\"async\" class=\"alignleft wp-image-1246 size-medium\" title=\"Subprefeitura de Santo Amaro\" src=\"https:\/\/www.saopaulo.sp.leg.br\/orcamento2021\/wp-content\/uploads\/sites\/40\/2021\/01\/santo-amaro-300x300.png\" alt=\"\" width=\"300\" height=\"300\" srcset=\"https:\/\/www.saopaulo.sp.leg.br\/orcamento2021\/wp-content\/uploads\/sites\/40\/2021\/01\/santo-amaro-300x300.png 300w, https:\/\/www.saopaulo.sp.leg.br\/orcamento2021\/wp-content\/uploads\/sites\/40\/2021\/01\/santo-amaro-1024x1024.png 1024w, https:\/\/www.saopaulo.sp.leg.br\/orcamento2021\/wp-content\/uploads\/sites\/40\/2021\/01\/santo-amaro-150x150.png 150w, https:\/\/www.saopaulo.sp.leg.br\/orcamento2021\/wp-content\/uploads\/sites\/40\/2021\/01\/santo-amaro-768x768.png 768w, https:\/\/www.saopaulo.sp.leg.br\/orcamento2021\/wp-content\/uploads\/sites\/40\/2021\/01\/santo-amaro-125x125.png 125w, https:\/\/www.saopaulo.sp.leg.br\/orcamento2021\/wp-content\/uploads\/sites\/40\/2021\/01\/santo-amaro.png 1080w\" sizes=\"auto, (max-width: 300px) 100vw, 300px\" \/><\/a><\/td>\n<td><a href=\"https:\/\/www.saopaulo.sp.leg.br\/blog\/subprefeitura-de-sao-mateus-vai-contar-com-orcamento-de-r-514-milhoes-em-2021\/\" target=\"_blank\" rel=\"noopener noreferrer\"><img loading=\"lazy\" decoding=\"async\" class=\"alignleft wp-image-1247 size-medium\" title=\"Subprefeitura de S\u00e3o Mateus\" src=\"https:\/\/www.saopaulo.sp.leg.br\/orcamento2021\/wp-content\/uploads\/sites\/40\/2021\/01\/sao-mateus-300x300.png\" alt=\"\" width=\"300\" height=\"300\" srcset=\"https:\/\/www.saopaulo.sp.leg.br\/orcamento2021\/wp-content\/uploads\/sites\/40\/2021\/01\/sao-mateus-300x300.png 300w, https:\/\/www.saopaulo.sp.leg.br\/orcamento2021\/wp-content\/uploads\/sites\/40\/2021\/01\/sao-mateus-1024x1024.png 1024w, https:\/\/www.saopaulo.sp.leg.br\/orcamento2021\/wp-content\/uploads\/sites\/40\/2021\/01\/sao-mateus-150x150.png 150w, https:\/\/www.saopaulo.sp.leg.br\/orcamento2021\/wp-content\/uploads\/sites\/40\/2021\/01\/sao-mateus-768x768.png 768w, https:\/\/www.saopaulo.sp.leg.br\/orcamento2021\/wp-content\/uploads\/sites\/40\/2021\/01\/sao-mateus-125x125.png 125w, https:\/\/www.saopaulo.sp.leg.br\/orcamento2021\/wp-content\/uploads\/sites\/40\/2021\/01\/sao-mateus.png 1080w\" sizes=\"auto, (max-width: 300px) 100vw, 300px\" \/><\/a><\/td>\n<td><a href=\"https:\/\/www.saopaulo.sp.leg.br\/blog\/subprefeitura-sao-miguel-paulista-tem-incremento-de-22-no-orcamento-deste-ano\/\" target=\"_blank\" rel=\"noopener noreferrer\"><img loading=\"lazy\" decoding=\"async\" class=\"alignleft wp-image-1248 size-medium\" title=\"Subprefeitura de S\u00e3o Miguel Paulista\" src=\"https:\/\/www.saopaulo.sp.leg.br\/orcamento2021\/wp-content\/uploads\/sites\/40\/2021\/01\/sao-miguel-300x300.png\" alt=\"\" width=\"300\" height=\"300\" srcset=\"https:\/\/www.saopaulo.sp.leg.br\/orcamento2021\/wp-content\/uploads\/sites\/40\/2021\/01\/sao-miguel-300x300.png 300w, https:\/\/www.saopaulo.sp.leg.br\/orcamento2021\/wp-content\/uploads\/sites\/40\/2021\/01\/sao-miguel-1024x1024.png 1024w, https:\/\/www.saopaulo.sp.leg.br\/orcamento2021\/wp-content\/uploads\/sites\/40\/2021\/01\/sao-miguel-150x150.png 150w, https:\/\/www.saopaulo.sp.leg.br\/orcamento2021\/wp-content\/uploads\/sites\/40\/2021\/01\/sao-miguel-768x768.png 768w, https:\/\/www.saopaulo.sp.leg.br\/orcamento2021\/wp-content\/uploads\/sites\/40\/2021\/01\/sao-miguel-125x125.png 125w, https:\/\/www.saopaulo.sp.leg.br\/orcamento2021\/wp-content\/uploads\/sites\/40\/2021\/01\/sao-miguel.png 1080w\" sizes=\"auto, (max-width: 300px) 100vw, 300px\" \/><\/a><\/td>\n<td><a href=\"https:\/\/www.saopaulo.sp.leg.br\/blog\/orcamento-para-subprefeitura-sapopemba-cresce-20-para-este-ano\/\" target=\"_blank\" rel=\"noopener noreferrer\"><img loading=\"lazy\" decoding=\"async\" class=\"alignleft wp-image-1249 size-medium\" title=\"Subprefeitura de Sapopemba\" src=\"https:\/\/www.saopaulo.sp.leg.br\/orcamento2021\/wp-content\/uploads\/sites\/40\/2021\/01\/sapopemba-300x300.png\" alt=\"\" width=\"300\" height=\"300\" srcset=\"https:\/\/www.saopaulo.sp.leg.br\/orcamento2021\/wp-content\/uploads\/sites\/40\/2021\/01\/sapopemba-300x300.png 300w, https:\/\/www.saopaulo.sp.leg.br\/orcamento2021\/wp-content\/uploads\/sites\/40\/2021\/01\/sapopemba-1024x1024.png 1024w, https:\/\/www.saopaulo.sp.leg.br\/orcamento2021\/wp-content\/uploads\/sites\/40\/2021\/01\/sapopemba-150x150.png 150w, https:\/\/www.saopaulo.sp.leg.br\/orcamento2021\/wp-content\/uploads\/sites\/40\/2021\/01\/sapopemba-768x768.png 768w, https:\/\/www.saopaulo.sp.leg.br\/orcamento2021\/wp-content\/uploads\/sites\/40\/2021\/01\/sapopemba-125x125.png 125w, https:\/\/www.saopaulo.sp.leg.br\/orcamento2021\/wp-content\/uploads\/sites\/40\/2021\/01\/sapopemba.png 1080w\" sizes=\"auto, (max-width: 300px) 100vw, 300px\" \/><\/a><\/td>\n<\/tr>\n<tr>\n<td><a href=\"https:\/\/www.saopaulo.sp.leg.br\/blog\/subprefeitura-se-tem-orcamento-de-r-831-milhoes-para-este-ano\/\" target=\"_blank\" rel=\"noopener noreferrer\"><img loading=\"lazy\" decoding=\"async\" class=\"alignleft wp-image-1250 size-medium\" title=\"Subprefeitura da S\u00e9\" src=\"https:\/\/www.saopaulo.sp.leg.br\/orcamento2021\/wp-content\/uploads\/sites\/40\/2021\/01\/se-300x300.png\" alt=\"\" width=\"300\" height=\"300\" srcset=\"https:\/\/www.saopaulo.sp.leg.br\/orcamento2021\/wp-content\/uploads\/sites\/40\/2021\/01\/se-300x300.png 300w, https:\/\/www.saopaulo.sp.leg.br\/orcamento2021\/wp-content\/uploads\/sites\/40\/2021\/01\/se-1024x1024.png 1024w, https:\/\/www.saopaulo.sp.leg.br\/orcamento2021\/wp-content\/uploads\/sites\/40\/2021\/01\/se-150x150.png 150w, https:\/\/www.saopaulo.sp.leg.br\/orcamento2021\/wp-content\/uploads\/sites\/40\/2021\/01\/se-768x768.png 768w, https:\/\/www.saopaulo.sp.leg.br\/orcamento2021\/wp-content\/uploads\/sites\/40\/2021\/01\/se-125x125.png 125w, https:\/\/www.saopaulo.sp.leg.br\/orcamento2021\/wp-content\/uploads\/sites\/40\/2021\/01\/se.png 1080w\" sizes=\"auto, (max-width: 300px) 100vw, 300px\" \/><\/a><\/td>\n<td><a href=\"https:\/\/www.saopaulo.sp.leg.br\/blog\/verba-de-r-289-milhoes-sera-destinada-a-subprefeitura-de-vila-maria-em-2021\/\" target=\"_blank\" rel=\"noopener noreferrer\"><img loading=\"lazy\" decoding=\"async\" class=\"alignleft wp-image-1251 size-medium\" title=\"Subprefeitura da Vila Maria\/Vila Guilherme \" src=\"https:\/\/www.saopaulo.sp.leg.br\/orcamento2021\/wp-content\/uploads\/sites\/40\/2021\/01\/vila-maria-300x300.png\" alt=\"\" width=\"300\" height=\"300\" srcset=\"https:\/\/www.saopaulo.sp.leg.br\/orcamento2021\/wp-content\/uploads\/sites\/40\/2021\/01\/vila-maria-300x300.png 300w, https:\/\/www.saopaulo.sp.leg.br\/orcamento2021\/wp-content\/uploads\/sites\/40\/2021\/01\/vila-maria-1024x1024.png 1024w, https:\/\/www.saopaulo.sp.leg.br\/orcamento2021\/wp-content\/uploads\/sites\/40\/2021\/01\/vila-maria-150x150.png 150w, https:\/\/www.saopaulo.sp.leg.br\/orcamento2021\/wp-content\/uploads\/sites\/40\/2021\/01\/vila-maria-768x768.png 768w, https:\/\/www.saopaulo.sp.leg.br\/orcamento2021\/wp-content\/uploads\/sites\/40\/2021\/01\/vila-maria-125x125.png 125w, https:\/\/www.saopaulo.sp.leg.br\/orcamento2021\/wp-content\/uploads\/sites\/40\/2021\/01\/vila-maria.png 1080w\" sizes=\"auto, (max-width: 300px) 100vw, 300px\" \/><\/a><\/td>\n<td><a href=\"https:\/\/www.saopaulo.sp.leg.br\/blog\/orcamento-para-2021-da-subprefeitura-de-vila-mariana-sera-de-r-403-milhoes\/\" target=\"_blank\" rel=\"noopener noreferrer\"><img loading=\"lazy\" decoding=\"async\" class=\"alignleft wp-image-1252 size-medium\" title=\"Subprefeitura da Vila Mariana\" src=\"https:\/\/www.saopaulo.sp.leg.br\/orcamento2021\/wp-content\/uploads\/sites\/40\/2021\/01\/vila-mariana-300x300.png\" alt=\"\" width=\"300\" height=\"300\" srcset=\"https:\/\/www.saopaulo.sp.leg.br\/orcamento2021\/wp-content\/uploads\/sites\/40\/2021\/01\/vila-mariana-300x300.png 300w, https:\/\/www.saopaulo.sp.leg.br\/orcamento2021\/wp-content\/uploads\/sites\/40\/2021\/01\/vila-mariana-1024x1024.png 1024w, https:\/\/www.saopaulo.sp.leg.br\/orcamento2021\/wp-content\/uploads\/sites\/40\/2021\/01\/vila-mariana-150x150.png 150w, https:\/\/www.saopaulo.sp.leg.br\/orcamento2021\/wp-content\/uploads\/sites\/40\/2021\/01\/vila-mariana-768x768.png 768w, https:\/\/www.saopaulo.sp.leg.br\/orcamento2021\/wp-content\/uploads\/sites\/40\/2021\/01\/vila-mariana-125x125.png 125w, https:\/\/www.saopaulo.sp.leg.br\/orcamento2021\/wp-content\/uploads\/sites\/40\/2021\/01\/vila-mariana.png 1080w\" sizes=\"auto, (max-width: 300px) 100vw, 300px\" \/><\/a><\/td>\n<td><a href=\"https:\/\/www.saopaulo.sp.leg.br\/blog\/orcamento-da-subprefeitura-da-vila-prudente-sobe-3542-em-2021\/\" target=\"_blank\" rel=\"noopener noreferrer\"><img loading=\"lazy\" decoding=\"async\" class=\"alignleft wp-image-1253 size-medium\" title=\"Subprefeitura de Vila Prudente\" src=\"https:\/\/www.saopaulo.sp.leg.br\/orcamento2021\/wp-content\/uploads\/sites\/40\/2021\/01\/vila-prudente-300x300.png\" alt=\"\" width=\"300\" height=\"300\" srcset=\"https:\/\/www.saopaulo.sp.leg.br\/orcamento2021\/wp-content\/uploads\/sites\/40\/2021\/01\/vila-prudente-300x300.png 300w, https:\/\/www.saopaulo.sp.leg.br\/orcamento2021\/wp-content\/uploads\/sites\/40\/2021\/01\/vila-prudente-1024x1024.png 1024w, https:\/\/www.saopaulo.sp.leg.br\/orcamento2021\/wp-content\/uploads\/sites\/40\/2021\/01\/vila-prudente-150x150.png 150w, https:\/\/www.saopaulo.sp.leg.br\/orcamento2021\/wp-content\/uploads\/sites\/40\/2021\/01\/vila-prudente-768x768.png 768w, https:\/\/www.saopaulo.sp.leg.br\/orcamento2021\/wp-content\/uploads\/sites\/40\/2021\/01\/vila-prudente-125x125.png 125w, https:\/\/www.saopaulo.sp.leg.br\/orcamento2021\/wp-content\/uploads\/sites\/40\/2021\/01\/vila-prudente.png 1080w\" sizes=\"auto, (max-width: 300px) 100vw, 300px\" \/><\/a><\/td>\n<\/tr>\n<\/tbody>\n<\/table>\n","protected":false},"excerpt":{"rendered":"<p>Confira o or\u00e7amento aprovado para as Subprefeituras da cidade em 2021 &nbsp; A LOA (Lei Or\u00e7ament\u00e1ria Anual) para o exerc\u00edcio de 2021 foi aprovada na C\u00e2mara Municipal de S\u00e3o Paulo e indica a pe\u00e7a or\u00e7ament\u00e1ria para as 32 Subprefeituras da cidade, que funcionam como representa\u00e7\u00e3o do Poder P\u00fablico municipal em cada regi\u00e3o. Os recursos s\u00e3o&#8230;  <a class=\"excerpt-read-more\" href=\"https:\/\/www.saopaulo.sp.leg.br\/orcamento2021\/subprefeituras\/\" title=\"Read Subprefeituras\">Ler mais &raquo;<\/a><\/p>\n","protected":false},"author":544,"featured_media":0,"parent":0,"menu_order":0,"comment_status":"closed","ping_status":"closed","template":"","meta":{"_acf_changed":false,"footnotes":""},"class_list":["post-269","page","type-page","status-publish","hentry"],"acf":[],"_links":{"self":[{"href":"https:\/\/www.saopaulo.sp.leg.br\/orcamento2021\/wp-json\/wp\/v2\/pages\/269","targetHints":{"allow":["GET"]}}],"collection":[{"href":"https:\/\/www.saopaulo.sp.leg.br\/orcamento2021\/wp-json\/wp\/v2\/pages"}],"about":[{"href":"https:\/\/www.saopaulo.sp.leg.br\/orcamento2021\/wp-json\/wp\/v2\/types\/page"}],"author":[{"embeddable":true,"href":"https:\/\/www.saopaulo.sp.leg.br\/orcamento2021\/wp-json\/wp\/v2\/users\/544"}],"replies":[{"embeddable":true,"href":"https:\/\/www.saopaulo.sp.leg.br\/orcamento2021\/wp-json\/wp\/v2\/comments?post=269"}],"version-history":[{"count":0,"href":"https:\/\/www.saopaulo.sp.leg.br\/orcamento2021\/wp-json\/wp\/v2\/pages\/269\/revisions"}],"wp:attachment":[{"href":"https:\/\/www.saopaulo.sp.leg.br\/orcamento2021\/wp-json\/wp\/v2\/media?parent=269"}],"curies":[{"name":"wp","href":"https:\/\/api.w.org\/{rel}","templated":true}]}}