{"id":8617,"date":"2018-03-07T12:33:34","date_gmt":"2018-03-07T15:33:34","guid":{"rendered":"http:\/\/www.saopaulo.sp.leg.br\/escoladoparlamento\/?page_id=8617"},"modified":"2018-03-07T12:35:09","modified_gmt":"2018-03-07T15:35:09","slug":"capacitacao-em-gestao-publica-aplicada-ao-legislativo-cgpal-2","status":"publish","type":"page","link":"https:\/\/www.saopaulo.sp.leg.br\/escoladoparlamento\/cursos\/cursos-anteriores\/cursos-realizados-em-2012\/capacitacao-em-gestao-publica-aplicada-ao-legislativo-cgpal-2\/","title":{"rendered":"Capacita\u00e7\u00e3o em Gest\u00e3o P\u00fablica Aplicada ao Legislativo (CGPAL)"},"content":{"rendered":"<p><strong>Objetivos:<\/strong> O <strong>CGPAL<\/strong> \u00e9 um programa\/ciclo de capacita\u00e7\u00e3o em Gest\u00e3o P\u00fablica Aplicada ao Legislativo, com 40 horas-aula, destinado \u00e0 funcion\u00e1rios de Casas Legislativas que exer\u00e7am atividades administrativas de n\u00edvel gerencial e que desejam aperfei\u00e7oar e\/ou atualizar seus conhecimentos em gest\u00e3o p\u00fablica.\u00a0Entre os <strong>benef\u00edcios<\/strong> do programa est\u00e1 a obten\u00e7\u00e3o de uma vis\u00e3o sist\u00eamica e instrumentalizada das v\u00e1rias \u00e1reas funcionais que comp\u00f5em a gest\u00e3o de organiza\u00e7\u00f5es p\u00fablicas e a discuss\u00e3o de suas especificidades na estrutura administrativa do poder legislativo municipal.\u00a0A <strong>metodologia <\/strong>do programa \u00e9 expositiva e vivencial, centrada em prele\u00e7\u00f5es dialogadas, discuss\u00f5es de casos e\/ou din\u00e2micas de grupo, contando com a participa\u00e7\u00e3o de quase uma dezena de professores, comumente mestres e doutores pela Universidade de S\u00e3o Paulo (USP) ou Funda\u00e7\u00e3o Getulio Vargas (FGV).<\/p>\n<p><strong>P\u00fablico Alvo:<\/strong> Servidores p\u00fablicos da C\u00e2mara Municipal de S\u00e3o Paulo (CMSP), com n\u00edvel superior, alocados em cargos\/fun\u00e7\u00f5es administrativas. Servidores p\u00fablicos de mesmo perfil, oriundos das Casas Legislativas dos munic\u00edpios da Regi\u00e3o Metropolitana de S\u00e3o Paulo.<\/p>\n<p><strong>Coordena\u00e7\u00e3o:\u00a0 <\/strong>Prof. Dr. Antonio Roberto Bono Olenscki e\u00a0Prof. Dr. Fernando de Souza Coelho<\/p>\n<p><strong>Local:<\/strong> Audit\u00f3rio do Sindilex- Rua Japur\u00e1 43 (em frente a CMSP)<\/p>\n<p><strong>Vagas:<\/strong> 40<\/p>\n<p><strong>Programa\u00e7\u00e3o:<\/strong><\/p>\n<table>\n<tbody>\n<tr>\n<td><strong>Datas<\/strong><\/td>\n<td><strong>Tema<\/strong><\/td>\n<td><strong>Palestrante<\/strong><\/td>\n<\/tr>\n<tr>\n<td><strong>3\/mai<\/strong><\/p>\n<p>14h-18h<\/td>\n<td>\u00a0 1. Introdu\u00e7\u00e3o \u00e0 Gest\u00e3o P\u00fablica<\/td>\n<td>\u00a0Prof. Dr. Antonio Olenscki<\/td>\n<\/tr>\n<tr>\n<td><strong>8\/mai<\/strong><\/p>\n<p>14h-18h<\/td>\n<td>\u00a0 2. Planejamento &amp; Estrat\u00e9gia no Setor P\u00fablico<\/td>\n<td>\u00a0Prof. Dr. Fernando Coelho<\/td>\n<\/tr>\n<tr>\n<td><strong>10\/mai<\/strong><\/p>\n<p>14h-18h<\/td>\n<td>\u00a0 3. Administra\u00e7\u00e3o Financeira de Organiz. P\u00fablicas<\/td>\n<td>\u00a0Prof. Dr. Flavio Calife<\/td>\n<\/tr>\n<tr>\n<td><strong>15\/mai<\/strong><\/p>\n<p>14h-18h<\/td>\n<td>\u00a0 4. Recursos Humanos em Organiz. do S. P\u00fablico<\/td>\n<td>\u00a0Prof. Ms. Murilo Lemos<\/td>\n<\/tr>\n<tr>\n<td><strong>17\/mai<\/strong><\/p>\n<p>14h-18h<\/td>\n<td>\u00a0 5. Log\u00edstica\/Compras em Organiza\u00e7\u00f5es P\u00fablicas<\/td>\n<td>\u00a0Prof. Dr. Alexandre Motta<\/td>\n<\/tr>\n<tr>\n<td><strong>22\/mai<\/strong><\/p>\n<p>14h-18h<\/td>\n<td>\u00a0 6. Gest\u00e3o de Processos em Organiza\u00e7\u00f5es P\u00fablicas<\/td>\n<td>\u00a0Prof. Ms. Rafael Prado Celso<\/td>\n<\/tr>\n<tr>\n<td><strong>24\/mai<\/strong><\/p>\n<p>14h-18h<\/td>\n<td>\u00a0 7. Sistemas de Informa\u00e7\u00e3o &amp; E-Gov<\/td>\n<td>\u00a0Prof. Dr. Ot\u00e1vio Prado<\/td>\n<\/tr>\n<tr>\n<td><strong>29\/mai<\/strong><\/p>\n<p>14h-18h<\/td>\n<td>\u00a0 8. Gest\u00e3o de Projetos no Setor P\u00fablico<\/td>\n<td>\u00a0Prof. Dra. Ursula Peres<\/td>\n<\/tr>\n<tr>\n<td><strong>31\/mai<\/strong><\/p>\n<p>14h-18h<\/td>\n<td>\u00a0 9. Marketing Aplicado \u00e0s Org. P\u00fablicas<\/td>\n<td>\u00a0Prof. Dr. Antonio Olenscki e Prof. Dr. Fernando Coelho<\/td>\n<\/tr>\n<tr>\n<td><strong>5\/jun<\/strong><\/p>\n<p>14h-18h<\/td>\n<td>\u00a0 10. Palestra e Debate de Encerramento<\/td>\n<td>Roberto Eduardo Lamari<br \/>\nDebatedores:Prof Dr. Fernando CoelhoProf Dr. Antonio Olenscki<\/p>\n<p>Diretor Administrativo da C\u00e2mara de S\u00e3o Paulo Raimundo Batista<\/p>\n<p>Diretor Administrativo da Assembleia Legislativa de SP\u00a0 Celso Pinhata<\/td>\n<\/tr>\n<\/tbody>\n<\/table>\n","protected":false},"excerpt":{"rendered":"<p>Objetivos: O CGPAL \u00e9 um programa\/ciclo de capacita\u00e7\u00e3o em Gest\u00e3o P\u00fablica Aplicada ao Legislativo, com 40 horas-aula, destinado \u00e0 funcion\u00e1rios de Casas Legislativas que exer\u00e7am atividades administrativas de n\u00edvel gerencial e que desejam aperfei\u00e7oar e\/ou atualizar seus conhecimentos em gest\u00e3o p\u00fablica.\u00a0Entre os benef\u00edcios do programa est\u00e1 a obten\u00e7\u00e3o de uma vis\u00e3o sist\u00eamica e instrumentalizada das [&hellip;]<\/p>\n","protected":false},"author":127,"featured_media":0,"parent":1339,"menu_order":418,"comment_status":"closed","ping_status":"closed","template":"","meta":{"_acf_changed":false,"footnotes":""},"class_list":["post-8617","page","type-page","status-publish","hentry"],"acf":[],"_links":{"self":[{"href":"https:\/\/www.saopaulo.sp.leg.br\/escoladoparlamento\/wp-json\/wp\/v2\/pages\/8617","targetHints":{"allow":["GET"]}}],"collection":[{"href":"https:\/\/www.saopaulo.sp.leg.br\/escoladoparlamento\/wp-json\/wp\/v2\/pages"}],"about":[{"href":"https:\/\/www.saopaulo.sp.leg.br\/escoladoparlamento\/wp-json\/wp\/v2\/types\/page"}],"author":[{"embeddable":true,"href":"https:\/\/www.saopaulo.sp.leg.br\/escoladoparlamento\/wp-json\/wp\/v2\/users\/127"}],"replies":[{"embeddable":true,"href":"https:\/\/www.saopaulo.sp.leg.br\/escoladoparlamento\/wp-json\/wp\/v2\/comments?post=8617"}],"version-history":[{"count":0,"href":"https:\/\/www.saopaulo.sp.leg.br\/escoladoparlamento\/wp-json\/wp\/v2\/pages\/8617\/revisions"}],"up":[{"embeddable":true,"href":"https:\/\/www.saopaulo.sp.leg.br\/escoladoparlamento\/wp-json\/wp\/v2\/pages\/1339"}],"wp:attachment":[{"href":"https:\/\/www.saopaulo.sp.leg.br\/escoladoparlamento\/wp-json\/wp\/v2\/media?parent=8617"}],"curies":[{"name":"wp","href":"https:\/\/api.w.org\/{rel}","templated":true}]}}