{"id":6815,"date":"2017-05-04T19:53:06","date_gmt":"2017-05-04T22:53:06","guid":{"rendered":"http:\/\/www.saopaulo.sp.leg.br\/escoladoparlamento\/?page_id=6815"},"modified":"2018-10-29T17:59:37","modified_gmt":"2018-10-29T20:59:37","slug":"dados-abertos-e-transparencia","status":"publish","type":"page","link":"https:\/\/www.saopaulo.sp.leg.br\/escoladoparlamento\/cursos\/cursos-anteriores\/cursos-realizados-em-2017\/dados-abertos-e-transparencia\/","title":{"rendered":"Dados Abertos e Transpar\u00eancia na Cidade de S\u00e3o Paulo"},"content":{"rendered":"<p><iframe loading=\"lazy\" title=\"Dados Abertos e Transpar\u00eancia\" width=\"640\" height=\"360\" src=\"https:\/\/www.youtube.com\/embed\/videoseries?list=PL7WmlcfNQHf65xLFpMPOUJAW0oU7t-6_T\" frameborder=\"0\" allow=\"accelerometer; autoplay; clipboard-write; encrypted-media; gyroscope; picture-in-picture; web-share\" referrerpolicy=\"strict-origin-when-cross-origin\" allowfullscreen><\/iframe><\/p>\n<figure id=\"attachment_6816\" aria-describedby=\"caption-attachment-6816\" style=\"width: 235px\" class=\"wp-caption alignright\"><a href=\"https:\/\/centrodepesquisaeformacao.sescsp.org.br\/\"><img loading=\"lazy\" decoding=\"async\" class=\"wp-image-6816 size-full\" src=\"http:\/\/www.saopaulo.sp.leg.br\/escoladoparlamento\/wp-content\/uploads\/sites\/5\/2017\/05\/CPF-SESC-SP.png\" alt=\"CPF SESC-SP\" width=\"235\" height=\"116\" \/><\/a><figcaption id=\"caption-attachment-6816\" class=\"wp-caption-text\">Este curso \u00e9 parte dos Di\u00e1logos CPF\/SESC-SP e Escola do Parlamento<\/figcaption><\/figure>\n<hr \/>\n<p><strong>Objetivos: <\/strong>Apresentar as principais iniciativas de transpar\u00eancia no poder p\u00fablico municipal,\u00a0sua utiliza\u00e7\u00e3o\u00a0pela sociedade civil, tanto no aspecto de fiscaliza\u00e7\u00e3o e controle social como em pesquisa acad\u00eamica, e o impacto\u00a0que essa nova cultura de transpar\u00eancia e acesso a dados promove na sociedade e na cultura.<\/p>\n<p><strong>Diretor Respons\u00e1vel:<\/strong> Ilza Jorge<\/p>\n<p><strong>Coordena\u00e7\u00e3o:<\/strong> Daniela Ribas<\/p>\n<p><strong>Vagas:<\/strong> 100<\/p>\n<p><strong>Carga Hor\u00e1ria:<\/strong> 10h<\/p>\n<p><strong>P\u00fablico Alvo:<\/strong> Servidores p\u00fablicos,\u00a0membros da sociedade civil organizada, estudantes e mun\u00edcipes em geral interessados no tema.<\/p>\n<p><strong>Programa\u00e7\u00e3o:<\/strong><\/p>\n<table>\n<tbody>\n<tr>\n<td><strong>Data\/Hora<\/strong><\/td>\n<td><strong>Sala<\/strong><\/td>\n<td><strong>Palestrante<\/strong><\/td>\n<td><strong>Tema<\/strong><\/td>\n<\/tr>\n<tr>\n<td><strong>17\/05<\/strong><\/p>\n<p>19h30-21h30<\/td>\n<td>Audit\u00f3rio Prestes Maia (Plenarinho)<\/p>\n<p><strong><a href=\"https:\/\/www.youtube.com\/watch?v=d2Y32z0cfbY\">[V\u00eddeo 1 &#8211; YouTube]<\/a><\/strong><\/p>\n<p><a href=\"https:\/\/www.youtube.com\/watch?v=PiB_zxem6MM\"><strong>[V\u00eddeo 2 &#8211; YouTube]<\/strong><\/a><\/td>\n<td>Manoel Galdino (<a href=\"https:\/\/www.transparencia.org.br\/\">Transpar\u00eancia Brasil<\/a>)<\/p>\n<p>Thomaz Barbosa (<a href=\"http:\/\/www.prefeitura.sp.gov.br\/cidade\/secretarias\/controladoria_geral\/\">Controladoria Geral do Munic\u00edpio<\/a>)<\/td>\n<td><em>Lei de Acesso \u00e0 Informa\u00e7\u00e3o e Transpar\u00eancia<\/em><\/td>\n<\/tr>\n<tr>\n<td width=\"85\"><strong>22\/05<\/strong><\/p>\n<p>19h30-21h30<\/td>\n<td width=\"181\">Audit\u00f3rio Prestes Maia (Plenarinho)<\/p>\n<p><a href=\"https:\/\/www.youtube.com\/watch?v=yplWsg-yGl8\">[<strong>V\u00eddeo &#8211; YouTube]<\/strong><\/a><\/td>\n<td width=\"181\">Ariel Kogan\u00a0 (<a href=\"https:\/\/br.okfn.org\/\">Open Knowledge Brasil<\/a>)<\/p>\n<p>Marcos Silveira ou Patr\u00edcia Tavares (<a href=\"http:\/\/www.datapedia.info\/public\/\">Datapedia<\/a>)<\/td>\n<td><em>Desafios de se trabalhar com dados p\u00fablicos municipais <\/em><\/td>\n<\/tr>\n<tr>\n<td><strong>24\/05<\/strong><\/p>\n<p>19h30-21h30<\/td>\n<td>Audit\u00f3rio Prestes Maia (Plenarinho)<\/p>\n<p><strong><a href=\"https:\/\/www.youtube.com\/watch?v=fJ0yZGiW4bk\">[V\u00eddeo &#8211; YouTube]<\/a><\/strong><\/td>\n<td>Fl\u00e1vio Munhoz (<a href=\"http:\/\/www.saopaulo.sp.leg.br\/\">Portal CMSP<\/a>)<\/p>\n<p>Tomas Wissenbach (<a href=\"http:\/\/geosampa.prefeitura.sp.gov.br\/PaginasPublicas\/_SBC.aspx\">GEOSAMPA<\/a>)<\/td>\n<td><em>Transpar\u00eancia nos dados abertos na cidade de S\u00e3o Paulo<\/em><\/td>\n<\/tr>\n<tr>\n<td><strong>29\/05<\/strong><\/p>\n<p>19h30-21h30<\/td>\n<td>Audit\u00f3rio Prestes Maia (Plenarinho)<\/p>\n<p><strong><a href=\"https:\/\/www.youtube.com\/watch?v=3GtbivrV0m8\">[V\u00eddeo &#8211; YouTube]<\/a><\/strong><\/td>\n<td>S\u00e9rgio Martins (Compactus Consultoria)<\/td>\n<td><em>Dados Abertos na Cultura<\/em><\/td>\n<\/tr>\n<tr>\n<td><strong>31\/05<\/strong><\/p>\n<p>19h30-21h30<\/td>\n<td>Audit\u00f3rio Prestes Maia (Plenarinho)<\/p>\n<p><strong><a href=\"https:\/\/www.youtube.com\/watch?v=Rr6m0KL08Dw\">[V\u00eddeo &#8211; YouTube]<\/a><\/strong><\/td>\n<td>Luciana Piazzon B. Lima (<a href=\"http:\/\/cetic.br\/\">Cetic.br<\/a>)<\/td>\n<td><em>As tecnologias da informa\u00e7\u00e3o e as pr\u00e1ticas culturais<\/em><\/td>\n<\/tr>\n<\/tbody>\n<\/table>\n<p><strong>Bibliografia:<\/strong><\/p>\n<p>Ang\u00e9lico, Fabiano <em>Lei de acesso \u00e0 informa\u00e7\u00e3o p\u00fablica e seus poss\u00edveis desdobramentos para a accountability democr\u00e1tica no Brasil<\/em>, disserta\u00e7\u00e3o de mestrado FGV\/SP, 2012.<\/p>\n<p>Lei de Acesso \u00e0 Informa\u00e7\u00e3o P\u00fablica, in <a href=\"http:\/\/www.planalto.gov.br\/ccivil_03\/_ato2011-2014\/2011\/lei\/l12527.htm\">http:\/\/www.planalto.gov.br\/ccivil_03\/_ato2011-2014\/2011\/lei\/l12527.htm<\/a><\/p>\n<p>Pesquisa Tecnologia da Informa\u00e7\u00e3o e Comunica\u00e7\u00e3o &#8211; Cultura &#8211; <a href=\"http:\/\/cetic.br\/pesquisa\/cultura\">http:\/\/cetic.br\/pesquisa\/cultura<\/a><\/p>\n","protected":false},"excerpt":{"rendered":"<p>Objetivos: Apresentar as principais iniciativas de transpar\u00eancia no poder p\u00fablico municipal,\u00a0sua utiliza\u00e7\u00e3o\u00a0pela sociedade civil, tanto no aspecto de fiscaliza\u00e7\u00e3o e controle social como em pesquisa acad\u00eamica, e o impacto\u00a0que essa nova cultura de transpar\u00eancia e acesso a dados promove na sociedade e na cultura. Diretor Respons\u00e1vel: Ilza Jorge Coordena\u00e7\u00e3o: Daniela Ribas Vagas: 100 Carga Hor\u00e1ria: [&hellip;]<\/p>\n","protected":false},"author":127,"featured_media":0,"parent":6500,"menu_order":508,"comment_status":"closed","ping_status":"closed","template":"","meta":{"_acf_changed":false,"footnotes":""},"class_list":["post-6815","page","type-page","status-publish","hentry"],"acf":[],"_links":{"self":[{"href":"https:\/\/www.saopaulo.sp.leg.br\/escoladoparlamento\/wp-json\/wp\/v2\/pages\/6815","targetHints":{"allow":["GET"]}}],"collection":[{"href":"https:\/\/www.saopaulo.sp.leg.br\/escoladoparlamento\/wp-json\/wp\/v2\/pages"}],"about":[{"href":"https:\/\/www.saopaulo.sp.leg.br\/escoladoparlamento\/wp-json\/wp\/v2\/types\/page"}],"author":[{"embeddable":true,"href":"https:\/\/www.saopaulo.sp.leg.br\/escoladoparlamento\/wp-json\/wp\/v2\/users\/127"}],"replies":[{"embeddable":true,"href":"https:\/\/www.saopaulo.sp.leg.br\/escoladoparlamento\/wp-json\/wp\/v2\/comments?post=6815"}],"version-history":[{"count":0,"href":"https:\/\/www.saopaulo.sp.leg.br\/escoladoparlamento\/wp-json\/wp\/v2\/pages\/6815\/revisions"}],"up":[{"embeddable":true,"href":"https:\/\/www.saopaulo.sp.leg.br\/escoladoparlamento\/wp-json\/wp\/v2\/pages\/6500"}],"wp:attachment":[{"href":"https:\/\/www.saopaulo.sp.leg.br\/escoladoparlamento\/wp-json\/wp\/v2\/media?parent=6815"}],"curies":[{"name":"wp","href":"https:\/\/api.w.org\/{rel}","templated":true}]}}