{"id":5435,"date":"2016-09-20T16:23:37","date_gmt":"2016-09-20T19:23:37","guid":{"rendered":"http:\/\/www.saopaulo.sp.leg.br\/escoladoparlamento\/?page_id=5435"},"modified":"2016-10-10T18:11:55","modified_gmt":"2016-10-10T21:11:55","slug":"planejamento-de-eventos-corporativos-cerimonial-e-protocolo-nacional-e-internacional","status":"publish","type":"page","link":"https:\/\/www.saopaulo.sp.leg.br\/escoladoparlamento\/cursos\/cursos-anteriores\/cursos-realizados-em-2016\/planejamento-de-eventos-corporativos-cerimonial-e-protocolo-nacional-e-internacional\/","title":{"rendered":"Planejamento de eventos corporativos, cerimonial e protocolo nacional e internacional"},"content":{"rendered":"<figure id=\"attachment_4812\" aria-describedby=\"caption-attachment-4812\" style=\"width: 150px\" class=\"wp-caption alignright\"><a href=\"http:\/\/www.saopaulo.sp.leg.br\/escoladoparlamento\/wp-content\/uploads\/sites\/5\/2016\/07\/logoEscoladeContas-TCM.png\"><img loading=\"lazy\" decoding=\"async\" class=\"wp-image-4812 size-full\" src=\"http:\/\/www.saopaulo.sp.leg.br\/escoladoparlamento\/wp-content\/uploads\/sites\/5\/2016\/07\/logoEscoladeContas-TCM.png\" alt=\"logoEscoladeContas TCM\" width=\"150\" height=\"75\" \/><\/a><figcaption id=\"caption-attachment-4812\" class=\"wp-caption-text\">Este curso \u00e9 uma parceria com a Escola de Contas do TCM-SP<\/figcaption><\/figure>\n<p><strong>Objetivos:<\/strong> Preparar os participantes com t\u00e9cnicas pr\u00e1ticas de planejamento, organiza\u00e7\u00e3o e execu\u00e7\u00e3o de eventos nacionais e internacionais, com aplica\u00e7\u00e3o das normas de protocolo.<\/p>\n<p><strong>Carga hor\u00e1ria:<\/strong> 16 horas<\/p>\n<p><strong>P\u00fablico Alvo:<\/strong> Servidores que atuam nas \u00e1reas de cerimonial, comunica\u00e7\u00e3o, recursos humanos, eventos e marketing. <span style=\"font-size: medium\">Este curso n\u00e3o se destina a acad\u00eamicos e interessados sem conhecimento na \u00e1rea.<\/span><\/p>\n<p><strong>Inscri\u00e7\u00f5es:<\/strong> Encerradas.<\/p>\n<p><b>Participa\u00e7\u00e3o: <\/b>Confirmada no ato da inscri\u00e7\u00e3o.<\/p>\n<p><strong>Programa\u00e7\u00e3o:<\/strong><\/p>\n<table>\n<tbody>\n<tr>\n<td><strong>Data<\/strong><\/td>\n<td><strong>Hora<\/strong><\/td>\n<td><strong>Local<\/strong><\/td>\n<td><strong>Palestrante<\/strong><\/td>\n<\/tr>\n<tr>\n<td>5 e 6\/10<\/td>\n<td>9h-18h<\/td>\n<td><a href=\"http:\/\/www.tcm.sp.gov.br\/\">TCM<\/a><\/td>\n<td>Prof. Reinaldo Rocha Duarte<\/td>\n<\/tr>\n<\/tbody>\n<\/table>\n<p><b>Demais Informa\u00e7\u00f5es<\/b>: (11) 5080-1387 ou pelo e-mail escoladecontas@tcm.sp.gov.br<\/p>\n<p>&nbsp;<\/p>\n<h3><strong>Conte\u00fado Program\u00e1tico:<\/strong><\/h3>\n<h4>Planejamento dos Eventos<\/h4>\n<p>Aplica\u00e7\u00e3o da Verba: Fazendo mais com Menos \u2013 Usando a Criatividade<\/p>\n<ul>\n<li>Briefing e identifica\u00e7\u00e3o dos eventos<\/li>\n<li>As responsabilidades dos promotores, patrocinadores e organizadores<\/li>\n<li>Dimensionamento do evento<\/li>\n<li>Recursos: f\u00edsicos, humanos, materiais e financeiros<\/li>\n<li>Estrat\u00e9gia de comunica\u00e7\u00e3o \u2013 Divulga\u00e7\u00e3o<\/li>\n<li>P\u00fablicos-alvo<\/li>\n<li>O cronograma<\/li>\n<li>Elabora\u00e7\u00e3o dos projetos de patroc\u00ednios e do evento<\/li>\n<\/ul>\n<p>Recursos F\u00edsicos<\/p>\n<ul>\n<li>Crit\u00e9rios para escolha de locais<\/li>\n<li>Espa\u00e7os de apoio<\/li>\n<li>Estacionamento<\/li>\n<li>Coquetel, almo\u00e7o e jantar<\/li>\n<li>Pronto-Socorro<\/li>\n<li>Heliporto<\/li>\n<li>Informa\u00e7\u00f5es<\/li>\n<\/ul>\n<p>Recursos Humanos<\/p>\n<ul>\n<li>Dimensionamento da equipe auxiliar para conter custos<\/li>\n<li>Receptivo<\/li>\n<li>Seguran\u00e7a, manobrista, gar\u00e7ons, int\u00e9rpretes<\/li>\n<li>Mestre de cerim\u00f4nias<\/li>\n<li>Grava\u00e7\u00f5es<\/li>\n<li>Cerimonial<\/li>\n<\/ul>\n<p>Recursos Materiais<\/p>\n<ul>\n<li>Convites<\/li>\n<li>Equipamentos de proje\u00e7\u00e3o e sonoriza\u00e7\u00e3o<\/li>\n<li>Uniformes<\/li>\n<li>Pratic\u00e1vel, palanque, passarela, podium, cobertura<\/li>\n<li>Gerador, ambul\u00e2ncia<\/li>\n<\/ul>\n<p>Recursos Financeiros<\/p>\n<ul>\n<li>Aplica\u00e7\u00e3o da verba<\/li>\n<li>Planilha de custos<\/li>\n<li>Patroc\u00ednios, permutas, contribui\u00e7\u00f5es, inscri\u00e7\u00f5es, recursos pr\u00f3prios<\/li>\n<li>Eventos paralelos<\/li>\n<\/ul>\n<h4>Organizando o evento e procedendo de acordo com as normas protocolares: nacionais e internacionais<\/h4>\n<p>Introdu\u00e7\u00e3o<\/p>\n<ul>\n<li>\uf0b7 Defini\u00e7\u00e3o de Cerimonial, Protocolo e Etiqueta<\/li>\n<\/ul>\n<p>Normas Protocolares<\/p>\n<ul>\n<li>Protocolo: Executivo Federal, Estadual e Municipal, Legislativo, Judici\u00e1rio, Castrense, Itamarati, das Universidades e dos Tribunais.<\/li>\n<li>Preced\u00eancias: Presidentes, Vices, Governadores, Ministros, Embaixadores, C\u00f4nsules, Prefeitos, Reitores, Eclesi\u00e1sticos, Secret\u00e1rios, Deputados, Senadores, Vereadores, Conselheiros e C\u00f4njuges.<\/li>\n<li>Preced\u00eancias: Hino Nacional brasileiro e Hinos internacionais, Filas de cumprimentos, Pronunciamentos, Apresenta\u00e7\u00f5es.<\/li>\n<\/ul>\n<p>Convites<\/p>\n<ul>\n<li>Lista de convidados<\/li>\n<li>Produ\u00e7\u00e3o de textos e formas de tratamentos<\/li>\n<li>Prazos de encaminhamento<\/li>\n<\/ul>\n<p>S\u00edmbolos Nacionais<\/p>\n<ul>\n<li>Disposi\u00e7\u00f5es e normas de hasteamento das bandeiras: Brasil, Estados, Munic\u00edpios, Institui\u00e7\u00f5es Privadas e Internacionais<\/li>\n<li>Hino Nacional Brasileiro e Hinos Internacionais<\/li>\n<\/ul>\n<p>Mesas<\/p>\n<ul>\n<li>Composi\u00e7\u00e3o, modelos e dimensionamento<\/li>\n<li>Disposi\u00e7\u00e3o dos convidados<\/li>\n<li>Almo\u00e7os e jantares<\/li>\n<li>Planos de mesa<\/li>\n<\/ul>\n<p>Marco Comemorativo<\/p>\n<ul>\n<li>Entroniza\u00e7\u00e3o de bustos e quadros<\/li>\n<li>Encerramento de pedra fundamental<\/li>\n<li>Descerramento de placas<\/li>\n<li>Corte de fita e desatamento<\/li>\n<\/ul>\n<p>Complementos<\/p>\n<ul>\n<li>Mestre de cerim\u00f4nias<\/li>\n<li>Trajes<\/li>\n<li>Programa e roteiro oficial<\/li>\n<li>Equipe precursora: Cerimonial, Imprensa e Assessoria Militar<\/li>\n<li>Programa oficial do evento<\/li>\n<\/ul>\n","protected":false},"excerpt":{"rendered":"<p>Objetivos: Preparar os participantes com t\u00e9cnicas pr\u00e1ticas de planejamento, organiza\u00e7\u00e3o e execu\u00e7\u00e3o de eventos nacionais e internacionais, com aplica\u00e7\u00e3o das normas de protocolo. Carga hor\u00e1ria: 16 horas P\u00fablico Alvo: Servidores que atuam nas \u00e1reas de cerimonial, comunica\u00e7\u00e3o, recursos humanos, eventos e marketing. Este curso n\u00e3o se destina a acad\u00eamicos e interessados sem conhecimento na \u00e1rea. [&hellip;]<\/p>\n","protected":false},"author":127,"featured_media":0,"parent":3097,"menu_order":537,"comment_status":"closed","ping_status":"closed","template":"","meta":{"_acf_changed":false,"footnotes":""},"class_list":["post-5435","page","type-page","status-publish","hentry"],"acf":[],"_links":{"self":[{"href":"https:\/\/www.saopaulo.sp.leg.br\/escoladoparlamento\/wp-json\/wp\/v2\/pages\/5435","targetHints":{"allow":["GET"]}}],"collection":[{"href":"https:\/\/www.saopaulo.sp.leg.br\/escoladoparlamento\/wp-json\/wp\/v2\/pages"}],"about":[{"href":"https:\/\/www.saopaulo.sp.leg.br\/escoladoparlamento\/wp-json\/wp\/v2\/types\/page"}],"author":[{"embeddable":true,"href":"https:\/\/www.saopaulo.sp.leg.br\/escoladoparlamento\/wp-json\/wp\/v2\/users\/127"}],"replies":[{"embeddable":true,"href":"https:\/\/www.saopaulo.sp.leg.br\/escoladoparlamento\/wp-json\/wp\/v2\/comments?post=5435"}],"version-history":[{"count":0,"href":"https:\/\/www.saopaulo.sp.leg.br\/escoladoparlamento\/wp-json\/wp\/v2\/pages\/5435\/revisions"}],"up":[{"embeddable":true,"href":"https:\/\/www.saopaulo.sp.leg.br\/escoladoparlamento\/wp-json\/wp\/v2\/pages\/3097"}],"wp:attachment":[{"href":"https:\/\/www.saopaulo.sp.leg.br\/escoladoparlamento\/wp-json\/wp\/v2\/media?parent=5435"}],"curies":[{"name":"wp","href":"https:\/\/api.w.org\/{rel}","templated":true}]}}