{"id":3792,"date":"2016-04-15T16:48:06","date_gmt":"2016-04-15T19:48:06","guid":{"rendered":"http:\/\/www.saopaulo.sp.leg.br\/escoladoparlamento\/?page_id=3792"},"modified":"2018-03-05T18:53:26","modified_gmt":"2018-03-05T21:53:26","slug":"abrindo-a-camara","status":"publish","type":"page","link":"https:\/\/www.saopaulo.sp.leg.br\/escoladoparlamento\/cursos\/cursos-anteriores\/cursos-realizados-em-2016\/abrindo-a-camara\/","title":{"rendered":"Abrindo a C\u00e2mara"},"content":{"rendered":"<p><strong>Objetivos:<\/strong> A Escola do Parlamento da C\u00e2mara Municipal de S\u00e3o Paulo promove, em parceria com a Open Knowledge e com o Update, a palestra &#8220;Abrindo a C\u00e2mara&#8221;, cuja finalidade \u00e9 ampliar o conhecimento dos cidad\u00e3os sobre o funcionamento da C\u00e2mara Municipal, apontar as experi\u00eancias de abertura da Casa j\u00e1 adotadas e apresentar novas possibilidades de pr\u00e1ticas inovadoras para o Legislativo municipal.<\/p>\n<p><strong>Diretor Respons\u00e1vel:<\/strong> Christy Ganzert Pato<\/p>\n<p><strong>Coordena\u00e7\u00e3o: <\/strong>Rafael Po\u00e7o<\/p>\n<p><strong>P\u00fablico Alvo:<\/strong> Servidores P\u00fablicos, Conselheiros, membros da sociedade civil organizada, estudantes e mun\u00edcipes em geral interessados no tema.<\/p>\n<p><strong>Vagas:<\/strong> 90<\/p>\n<p><strong>Carga Hor\u00e1ria:<\/strong>\u00a03h<\/p>\n<h3><strong>Inscri\u00e7\u00f5es<\/strong>: Encerradas<\/h3>\n<p><strong>Programa\u00e7\u00e3o:<\/strong><\/p>\n<table>\n<tbody>\n<tr>\n<td><strong>Data<\/strong><\/td>\n<td><strong>Hora<\/strong><\/td>\n<td><strong>Local<\/strong><\/td>\n<td><strong>Tema da palestra\/aula<\/strong><\/td>\n<td><strong>Palestrante<\/strong><\/td>\n<\/tr>\n<tr>\n<td><strong>28\/04<\/strong><\/td>\n<td>19h \u2013 22h<\/td>\n<td><a title=\"Sala S\u00e9rgio Vieira de Mello \u2013 (\u201cSala A\u201d)\" href=\"http:\/\/www.saopaulo.sp.leg.br\/transparencia\/auditorios-online\/sala-sergio-vieira-de-mello-sala\/\">Sala S\u00e9rgio Vieira de Mello<\/a><\/td>\n<td><em>Abrindo a C\u00e2mara I \u2013 Introdu\u00e7\u00e3o ao funcionamento da C\u00e2mara<\/em><\/td>\n<td>Karen Lima Vieira (CMSP),\u00a0Rafael Carvalho (Adote um Vereador\/Gabinete Ricardo Young),\u00a0Pedro Markun (Transpar\u00eancia hacker) e\u00a0\u00a0Tiago Barbosa (CBN)<\/td>\n<\/tr>\n<\/tbody>\n<\/table>\n<p>&nbsp;<\/p>\n","protected":false},"excerpt":{"rendered":"<p>Objetivos: A Escola do Parlamento da C\u00e2mara Municipal de S\u00e3o Paulo promove, em parceria com a Open Knowledge e com o Update, a palestra &#8220;Abrindo a C\u00e2mara&#8221;, cuja finalidade \u00e9 ampliar o conhecimento dos cidad\u00e3os sobre o funcionamento da C\u00e2mara Municipal, apontar as experi\u00eancias de abertura da Casa j\u00e1 adotadas e apresentar novas possibilidades de [&hellip;]<\/p>\n","protected":false},"author":127,"featured_media":0,"parent":3097,"menu_order":567,"comment_status":"closed","ping_status":"closed","template":"","meta":{"_acf_changed":false,"footnotes":""},"class_list":["post-3792","page","type-page","status-publish","hentry"],"acf":[],"_links":{"self":[{"href":"https:\/\/www.saopaulo.sp.leg.br\/escoladoparlamento\/wp-json\/wp\/v2\/pages\/3792","targetHints":{"allow":["GET"]}}],"collection":[{"href":"https:\/\/www.saopaulo.sp.leg.br\/escoladoparlamento\/wp-json\/wp\/v2\/pages"}],"about":[{"href":"https:\/\/www.saopaulo.sp.leg.br\/escoladoparlamento\/wp-json\/wp\/v2\/types\/page"}],"author":[{"embeddable":true,"href":"https:\/\/www.saopaulo.sp.leg.br\/escoladoparlamento\/wp-json\/wp\/v2\/users\/127"}],"replies":[{"embeddable":true,"href":"https:\/\/www.saopaulo.sp.leg.br\/escoladoparlamento\/wp-json\/wp\/v2\/comments?post=3792"}],"version-history":[{"count":0,"href":"https:\/\/www.saopaulo.sp.leg.br\/escoladoparlamento\/wp-json\/wp\/v2\/pages\/3792\/revisions"}],"up":[{"embeddable":true,"href":"https:\/\/www.saopaulo.sp.leg.br\/escoladoparlamento\/wp-json\/wp\/v2\/pages\/3097"}],"wp:attachment":[{"href":"https:\/\/www.saopaulo.sp.leg.br\/escoladoparlamento\/wp-json\/wp\/v2\/media?parent=3792"}],"curies":[{"name":"wp","href":"https:\/\/api.w.org\/{rel}","templated":true}]}}