{"id":3462,"date":"2016-03-16T11:12:23","date_gmt":"2016-03-16T14:12:23","guid":{"rendered":"http:\/\/www.saopaulo.sp.leg.br\/escoladoparlamento\/?page_id=3462"},"modified":"2017-03-14T18:00:59","modified_gmt":"2017-03-14T21:00:59","slug":"trabalho-decente-conceito-juridico-e-relevancia-politica","status":"publish","type":"page","link":"https:\/\/www.saopaulo.sp.leg.br\/escoladoparlamento\/cursos\/cursos-anteriores\/cursos-realizados-em-2011\/trabalho-decente-conceito-juridico-e-relevancia-politica\/","title":{"rendered":"Trabalho Decente: Conceito jur\u00eddico e relev\u00e2ncia pol\u00edtica"},"content":{"rendered":"<h3><strong>Semin\u00e1rio<\/strong> &#8211; Trabalho Decente: Conceito jur\u00eddico e relev\u00e2ncia pol\u00edtica. A iniciativa do Ato da Mesa n\u00ba. 1140\/2011 e as inova\u00e7\u00f5es da Lei Federal n\u00ba. 12.440, de 08\/07\/2011.<\/h3>\n<p><strong>Data e Local:<\/strong> 30 de agosto de 2011, das 19h \u00e0s 22h, audit\u00f3rio Prestes Maia (Plenarinho), 1\u00ba andar.<\/p>\n<p><strong>Inscri\u00e7\u00f5es:<\/strong> de 24 a 29 de agosto<\/p>\n<p><strong>Objetivos:<\/strong> Desenvolver os seguintes temas: Programas de Trabalho Decente e Empregos Verdes do Escrit\u00f3rio da OIT no Brasil; O Processo da 1\u00aa Confer\u00eancia Nacional de Emprego e Trabalho Decente; Trabalho Decente com \u00eanfase na Lei de Cotas; Prote\u00e7\u00e3o ao meio ambiente laboral e a supera\u00e7\u00e3o do trabalho degradante.<\/p>\n<p><strong>Programa\u00e7\u00e3o:<\/strong><\/p>\n<ul>\n<li><strong>19h \u00e0s 19h20<\/strong> \u2013 Abertura<\/li>\n<\/ul>\n<p><em>Antonio Rodrigues de Freitas Junior<\/em> \u2013 Livre-docente pela USP, professor associado da Faculdade de Direito da USP, procurador da CMSP e diretor da Escola do Parlamento.<\/p>\n<ul>\n<li><strong>19h20 \u00e0s 20h<\/strong> \u2013 As m\u00faltiplas Dimens\u00f5es do Trabalho Decente<\/li>\n<\/ul>\n<p><em>Paulo S\u00e9rgio de Castilho Mu\u00e7ou\u00e7ah<\/em> \u2013 Coordenador dos Programas de Trabalho Decente e Empregos Verdes do Escrit\u00f3rio da OIT no Brasil. Formado em Sociologia pela USP. Ocupou os cargos de Diretor dos Departamentos de Gest\u00e3o Ambiental Territorial e de Coordena\u00e7\u00e3o do SISNAMA do Minist\u00e9rio do Meio Ambiente, Secret\u00e1rio Adjunto de Rela\u00e7\u00f5es do Trabalho e Chefe da Assessoria Internacional do Minist\u00e9rio do Trabalho e Emprego e Assessor Especial do Ministro Chefe da Secretaria Geral da Presid\u00eancia da Rep\u00fablica. Foi ainda Coordenador Adjunto da bancada governamental no F\u00f3rum Nacional do Trabalho e da delega\u00e7\u00e3o brasileira nos \u00f3rg\u00e3o s\u00f3cio-laborais do MERCOSUL.<\/p>\n<ul>\n<li><strong>20h \u00e0s 20h40 \u2013 <\/strong>O processo da 1\u00aa. Confer\u00eancia Nacional de Emprego e Trabalho Decente<\/li>\n<\/ul>\n<p><em>M\u00e1rio dos Santos Barbosa<\/em> \u2013 Assessor Especial para Assuntos Internacionais do Minist\u00e9rio do Trabalho e Emprego, onde tamb\u00e9m foi Secret\u00e1rio de Rela\u00e7\u00f5es do Trabalho de fevereiro de 2006 a mar\u00e7o de 2007. Formado em Engenharia El\u00e9trica pela Universidade Santa Cec\u00edlia de Santos (1981), fez curso de especializa\u00e7\u00e3o em Economia Social e do Trabalho (2003), ambos pelo Instituto de Economia da Unicamp.<\/p>\n<ul>\n<li><strong>20h40 \u00e0s 21h<\/strong> \u2013 Coffee Break<\/li>\n<li><strong>21h \u00e0s 21h30<\/strong> \u2013 Trabalho Decente com \u00eanfase na Lei de Cotas<\/li>\n<\/ul>\n<p><em>Daniela dos Santos<\/em> \u2013 Advogada do SINTHORESP, bacharelada pela Universidade Presbiteriana Mackenzie.<\/p>\n<ul>\n<li><strong>21h30 \u00e0s 22h<\/strong> \u2013 Prote\u00e7\u00e3o ao meio ambiente laboral e supera\u00e7\u00e3o do trabalho degradante<\/li>\n<\/ul>\n<p><em>Maria Isabel Cueva Moraes<\/em> \u2013 Desembargadora Federal do Trabalho do Tribunal Regional do Trabalho da Segunda Regi\u00e3o, ex-Procuradora Regional do Trabalho, ex-Ju\u00edza do Trabalho. Doutoranda em Direito do Trabalho pela Faculdade de Direito da USP. Especializa\u00e7\u00f5es: Negocia\u00e7\u00e3o Coletiva pela Organiza\u00e7\u00e3o Internacional do Trabalho; Direitos Difusos e Coletivos pelo Centro de Estudos e Aperfei\u00e7oamento Funcional da Escola Superior do Minist\u00e9rio P\u00fablico Estadual-SP.<\/p>\n","protected":false},"excerpt":{"rendered":"<p>Semin\u00e1rio &#8211; Trabalho Decente: Conceito jur\u00eddico e relev\u00e2ncia pol\u00edtica. A iniciativa do Ato da Mesa n\u00ba. 1140\/2011 e as inova\u00e7\u00f5es da Lei Federal n\u00ba. 12.440, de 08\/07\/2011. Data e Local: 30 de agosto de 2011, das 19h \u00e0s 22h, audit\u00f3rio Prestes Maia (Plenarinho), 1\u00ba andar. Inscri\u00e7\u00f5es: de 24 a 29 de agosto Objetivos: Desenvolver os [&hellip;]<\/p>\n","protected":false},"author":127,"featured_media":0,"parent":2592,"menu_order":585,"comment_status":"closed","ping_status":"closed","template":"","meta":{"_acf_changed":false,"footnotes":""},"class_list":["post-3462","page","type-page","status-publish","hentry"],"acf":[],"_links":{"self":[{"href":"https:\/\/www.saopaulo.sp.leg.br\/escoladoparlamento\/wp-json\/wp\/v2\/pages\/3462","targetHints":{"allow":["GET"]}}],"collection":[{"href":"https:\/\/www.saopaulo.sp.leg.br\/escoladoparlamento\/wp-json\/wp\/v2\/pages"}],"about":[{"href":"https:\/\/www.saopaulo.sp.leg.br\/escoladoparlamento\/wp-json\/wp\/v2\/types\/page"}],"author":[{"embeddable":true,"href":"https:\/\/www.saopaulo.sp.leg.br\/escoladoparlamento\/wp-json\/wp\/v2\/users\/127"}],"replies":[{"embeddable":true,"href":"https:\/\/www.saopaulo.sp.leg.br\/escoladoparlamento\/wp-json\/wp\/v2\/comments?post=3462"}],"version-history":[{"count":0,"href":"https:\/\/www.saopaulo.sp.leg.br\/escoladoparlamento\/wp-json\/wp\/v2\/pages\/3462\/revisions"}],"up":[{"embeddable":true,"href":"https:\/\/www.saopaulo.sp.leg.br\/escoladoparlamento\/wp-json\/wp\/v2\/pages\/2592"}],"wp:attachment":[{"href":"https:\/\/www.saopaulo.sp.leg.br\/escoladoparlamento\/wp-json\/wp\/v2\/media?parent=3462"}],"curies":[{"name":"wp","href":"https:\/\/api.w.org\/{rel}","templated":true}]}}