{"id":3195,"date":"2016-02-25T13:31:28","date_gmt":"2016-02-25T16:31:28","guid":{"rendered":"http:\/\/www.saopaulo.sp.leg.br\/escoladoparlamento\/?page_id=3195"},"modified":"2016-02-25T13:31:28","modified_gmt":"2016-02-25T16:31:28","slug":"perspectivas-e-desafios-de-gestao-publica-na-cidade-de-sao-paulo","status":"publish","type":"page","link":"https:\/\/www.saopaulo.sp.leg.br\/escoladoparlamento\/cursos\/cursos-anteriores\/cursos-realizados-em-2012\/perspectivas-e-desafios-de-gestao-publica-na-cidade-de-sao-paulo\/","title":{"rendered":"Perspectivas e Desafios de Gest\u00e3o P\u00fablica na Cidade de S\u00e3o Paulo"},"content":{"rendered":"<p><strong>Data: <\/strong>4 de maio de 2012 (6\u00aa feira)<\/p>\n<p><strong>Local:<\/strong> Plen\u00e1rio da C\u00e2mara Municipal de S\u00e3o Paulo<\/p>\n<p><strong>Hor\u00e1rio<\/strong>: 8h30 \u00e0s 16h<\/p>\n<p><strong>Programa\u00e7\u00e3o:<\/strong><\/p>\n<p><strong>8h30 Credenciamento<\/strong><\/p>\n<p><strong>9h Abertura Gest\u00e3o de Pol\u00edticas P\u00fablicas nas perspectivas do Legislativo, Executivo e Judici\u00e1rio<\/strong><\/p>\n<p><em>Gilberto Kassab<\/em>, Prefeito do Munic\u00edpio de S\u00e3o Paulo<\/p>\n<p><em>Jos\u00e9 Police Neto<\/em>, Presidente da C\u00e2mara Municipal de S\u00e3o Paulo<\/p>\n<p><em>Massami Uyeda<\/em>, Ministro do Superior Tribunal de Justi\u00e7a<\/p>\n<p><em>Edson Sim\u00f5es<\/em>, Presidente do Tribunal de Contas do Munic\u00edpio de S\u00e3o Paulo<\/p>\n<p><strong>10h30\u00a0 Acesso \u00e0 Informa\u00e7\u00e3o , Transpar\u00eancia e Dados Abertos na Gest\u00e3o P\u00fablica.\u00a0\u00a0 <\/strong><\/p>\n<p>Presidente da Mesa: <em>Rubens Chammas<\/em>, Secretario de Planejamento, Or\u00e7amento e Gest\u00e3o do Munic\u00edpio de S\u00e3o Paulo<\/p>\n<p><em>Eduardo Miyashiro<\/em>, Coordenador do Centro de Tecnologia e Inform\u00e1tica da C\u00e2mara Municipal de S\u00e3o Paulo<\/p>\n<p><em>Roberto Agune<\/em>, Coordenador do\u00a0 Grupo de Apoio T\u00e9cnico \u00e0 Secretaria de Gest\u00e3o P\u00fablica do Governo do Estado de SP<\/p>\n<p><em>Cesar Augusto de Azambuja Brod<\/em>, Coordenador Geral de Inova\u00e7\u00f5es Tecnol\u00f3gicas do Departamento de Sistemas de Informa\u00e7\u00e3o, do Minist\u00e9rio de Planejamento, Or\u00e7amento e Gest\u00e3o<\/p>\n<p><em>Dr. Gustavo Ungaro,<\/em>\u00a0 Corregedor Geral da Administra\u00e7\u00e3o da Casa Civil do Estado de S\u00e3o Paulo<\/p>\n<p><strong>12h\u00a0 Intervalo para Almo\u00e7o <\/strong><\/p>\n<p><strong>14h\u00a0 Escolas de Governo e Forma\u00e7\u00e3o em Gest\u00e3o P\u00fablica. Experi\u00eancias.\u00a0\u00a0<\/strong><\/p>\n<p>Presidente da Mesa: <em>Dr. Euripedes Sales<\/em>, Presidente da Escola Superior de Gest\u00e3o e Contas P\u00fablicas Conselheiro Eur\u00edpedes Sales.<\/p>\n<p><em>Roberto Lamari,<\/em> Diretor Presidente\u00a0da Escola do Parlamento<\/p>\n<p><em>Wilson Mendes de Souza<\/em>, Diretor da Escola de Forma\u00e7\u00e3o do Servidor P\u00fablico Municipal<\/p>\n<p><em>Moacir Marques<\/em>, Diretor da Escola Superior de Gest\u00e3o e Contas P\u00fablicas Conselheiro Eur\u00edpedes Sales.<\/p>\n<p><strong>15h Turismo e Eventos na Cidade de S\u00e3o Paulo. Desafios em gest\u00e3o e oportunidades. <\/strong><\/p>\n<p>Presidente da Mesa: <em>Luiz Antonio de Medeiros Neto<\/em> \u2013 ex- Secret\u00e1rio Nacional das Rela\u00e7\u00f5es de Trabalho<\/p>\n<p><em>Diego Louren\u00e7o Pereira<\/em>, Diretor financeiro da Secretaria Municipal de Esportes de S\u00e3o Paulo<\/p>\n<p><em>Milton Longobardi<\/em>, Diretor de marketing e vendas da SPTuris.<\/p>\n<p><em>Renato de Andrade<\/em>, Diretor da CPETUR \u2013 Companhia Paulista de Eventos e Turismo<\/p>\n<p><strong>16h \u00a0Encerramento<\/strong> Orquestra do Grupo P\u00e3o de A\u00e7\u00facar (Sal\u00e3o Nobre \u2013 8\u00ba andar)<\/p>\n<p><strong>Equipe organizadora<\/strong>: Maria Nazar\u00e9 Lins Barbosa, Mariana Uyeda, Euclides Hisatugo e Gilvana N. de Lima<\/p>\n<p><strong>Apoio:<\/strong> Escola do Parlamento<\/p>\n","protected":false},"excerpt":{"rendered":"<p>Data: 4 de maio de 2012 (6\u00aa feira) Local: Plen\u00e1rio da C\u00e2mara Municipal de S\u00e3o Paulo Hor\u00e1rio: 8h30 \u00e0s 16h Programa\u00e7\u00e3o: 8h30 Credenciamento 9h Abertura Gest\u00e3o de Pol\u00edticas P\u00fablicas nas perspectivas do Legislativo, Executivo e Judici\u00e1rio Gilberto Kassab, Prefeito do Munic\u00edpio de S\u00e3o Paulo Jos\u00e9 Police Neto, Presidente da C\u00e2mara Municipal de S\u00e3o Paulo Massami [&hellip;]<\/p>\n","protected":false},"author":127,"featured_media":0,"parent":1339,"menu_order":596,"comment_status":"closed","ping_status":"closed","template":"","meta":{"_acf_changed":false,"footnotes":""},"class_list":["post-3195","page","type-page","status-publish","hentry"],"acf":[],"_links":{"self":[{"href":"https:\/\/www.saopaulo.sp.leg.br\/escoladoparlamento\/wp-json\/wp\/v2\/pages\/3195","targetHints":{"allow":["GET"]}}],"collection":[{"href":"https:\/\/www.saopaulo.sp.leg.br\/escoladoparlamento\/wp-json\/wp\/v2\/pages"}],"about":[{"href":"https:\/\/www.saopaulo.sp.leg.br\/escoladoparlamento\/wp-json\/wp\/v2\/types\/page"}],"author":[{"embeddable":true,"href":"https:\/\/www.saopaulo.sp.leg.br\/escoladoparlamento\/wp-json\/wp\/v2\/users\/127"}],"replies":[{"embeddable":true,"href":"https:\/\/www.saopaulo.sp.leg.br\/escoladoparlamento\/wp-json\/wp\/v2\/comments?post=3195"}],"version-history":[{"count":0,"href":"https:\/\/www.saopaulo.sp.leg.br\/escoladoparlamento\/wp-json\/wp\/v2\/pages\/3195\/revisions"}],"up":[{"embeddable":true,"href":"https:\/\/www.saopaulo.sp.leg.br\/escoladoparlamento\/wp-json\/wp\/v2\/pages\/1339"}],"wp:attachment":[{"href":"https:\/\/www.saopaulo.sp.leg.br\/escoladoparlamento\/wp-json\/wp\/v2\/media?parent=3195"}],"curies":[{"name":"wp","href":"https:\/\/api.w.org\/{rel}","templated":true}]}}