{"id":3189,"date":"2016-02-24T18:53:41","date_gmt":"2016-02-24T21:53:41","guid":{"rendered":"http:\/\/www.saopaulo.sp.leg.br\/escoladoparlamento\/?page_id=3189"},"modified":"2018-08-09T16:58:34","modified_gmt":"2018-08-09T19:58:34","slug":"4o-encontro-estadual-de-agentes-publicos","status":"publish","type":"page","link":"https:\/\/www.saopaulo.sp.leg.br\/escoladoparlamento\/cursos\/cursos-anteriores\/cursos-realizados-em-2012\/4o-encontro-estadual-de-agentes-publicos\/","title":{"rendered":"4\u00ba Encontro Estadual de Agentes P\u00fablicos"},"content":{"rendered":"<p><strong>Sal\u00e3o Nobre Presidente Jo\u00e3o Brasil Vita, 23, 24 e 25\/05\/2012 <\/strong><\/p>\n<p><strong>Dia 23\/05\/2012<\/strong><\/p>\n<p><em><strong>20h- Sess\u00e3o Solene de Abertura\u00a0em comum com o \u201c1\u00ba Congresso Nacional dos Servidores dos Legislativos e Tribunais de Contas Municipais\u201d<\/strong><\/em><\/p>\n<p>Geraldo Alckmin \u2013 <em>Governador do Estado de S\u00e3o Paulo<\/em><\/p>\n<p>Gilberto Kassab \u2013 <em>Prefeito de S\u00e3o Paulo<\/em><\/p>\n<p>Jos\u00e9 Police Neto \u2013 <em>Presidente da C\u00e2mara de S\u00e3o Paulo<\/em><\/p>\n<p>Sebasti\u00e3o Misiara \u2013 <em>Presidente da Uni\u00e3o dos Veradores do Estado de S\u00e3o Paulo<\/em><\/p>\n<p>Florian Madruga \u2013 <em>Presidente da Associa\u00e7\u00e3o Brasileira das Escolas do Legislativo e de Contas<\/em><\/p>\n<p>Roberto Eduardo Lamari \u2013 <em>Diretor-Presidente da Escola do Parlamento Paulistano<\/em><\/p>\n<p>Renato Martins Costa \u2013 <em>Presidente do Tribunal de Contas do Estado de S\u00e3o Paulo<\/em><\/p>\n<p>Deputado Eduardo Gomes \u2013 <em>1\u00ba Secret\u00e1rio da\u00a0Mesa Diretora da C\u00e2mara Federal<\/em><\/p>\n<p>Deputado Paulo Pereira da Silva\u00a0\u00a0\u2013 <em>Relator dos Planos de Carreira do Legislativo Federal e Tribunal de Contas da Uni\u00e3o<\/em><\/p>\n<p>Edson Sim\u00f5es \u2013 <em>Presidente do Tribunal de Contas do Munic\u00edpio de S\u00e3o Paulo<\/em><\/p>\n<p>Antonio Carlos Fernandes de Lima Jr. \u2013 <em>Presidente do Fenalegis<\/em><\/p>\n<p><strong>Dia 24\/05\/2012<\/strong><\/p>\n<p><strong>9h<\/strong> \u2013 Credenciamento em comum com o\u00a01\u00ba Congresso Nacional dos Servidores dos Legislativos e Tribunais de Contas Municipais<\/p>\n<p><em><strong>10h <\/strong>\u2013 Controle Interno no Legislativo e no Executivo<\/em><\/p>\n<p>Dr. \u00a0Sergio Ciquera Rossi<\/p>\n<p><em>Diretor Geral do Tribunal de Contas\u00a0 SP<\/em><\/p>\n<p><em><strong>11h<\/strong> \u2013 Orat\u00f3ria \u2013 A Comunica\u00e7\u00e3o com o Eleitor <\/em><\/p>\n<p>Cesar Rom\u00e3o<\/p>\n<p><em>Consultor Organizacional, Conferencista e Escritor<\/em><\/p>\n<p><em><strong>12h <\/strong>\u2013 Almo\u00e7o<\/em><\/p>\n<p><em><strong>13h30<\/strong> \u2013 O que pode e o que n\u00e3o pode nas Campanhas Eleitorais<\/em><\/p>\n<p>Dr. Ricardo Porto<\/p>\n<p><em>Advogado especialista em direito eleitoral e professor<\/em><\/p>\n<p><em><strong>14h30<\/strong> \u2013 Marketing Politico<\/em><\/p>\n<p>Marco Iten<\/p>\n<p><em>Consultor Especializado em Marketing Pol\u00edtico<\/em><\/p>\n<p><em><strong>15h30<\/strong> \u2013 Cidade Sustent\u00e1vel: A pol\u00edtica Nacional de Res\u00edduos S\u00f3lidos <\/em><\/p>\n<p>Tamas Vero<\/p>\n<p><em>Especialista em Biodegrada\u00e7\u00e3o de Pl\u00e1sticos em Ambiente Anaer\u00f3bico<\/em><\/p>\n<p><em><strong>16h30<\/strong> \u2013 Gest\u00e3o Ecol\u00f3gica de Documentos<\/em><\/p>\n<p>Alexandre Maiali<\/p>\n<p><em>Consultor da ONU para tecnologia aplicada a gest\u00e3o fiscal e MBA na CALIFORNIA STATE UNIVERSITY e MBA em OHIO<\/em><\/p>\n<p><em><strong>17h30 <\/strong>\u2013 Lan\u00e7amento do II Pr\u00eamio de Boas Pr\u00e1ticas Legislativas USP\/UVESP\/Escola do Parlamento Paulistano<\/em><\/p>\n<p><em><strong>18h<\/strong> \u2013 Encerramento<\/em><\/p>\n<p><strong>Dia 25\/05\/2012<\/strong><\/p>\n<p><em><strong>9h<\/strong> \u2013 Planejamento Estrat\u00e9gico no Legislativo e Executivo<\/em><\/p>\n<p>Prof. \u00a0Dr. Fernando Coelho<\/p>\n<p><em>Coordenador do Curso de Gest\u00e3o em Pol\u00edticas P\u00fablicas da USP<\/em><\/p>\n<p><em><strong>10h<\/strong> \u2013 Consolida\u00e7\u00e3o de Leis e Legistica<\/em><\/p>\n<p>Profa. \u00a0Dra.\u00a0 Patr\u00edcia Rosset<\/p>\n<p><em>Mestre e Doutoranda PUC\/SP, Assessora T\u00e9cnico \u2013Juridico ALESP <\/em><\/p>\n<p><em><strong>11h<\/strong> \u2013 Condutas Vedadas e Presta\u00e7\u00e3o de Contas Eleitorais<\/em><\/p>\n<p>Dr. \u00a0Ricardo Penteado<\/p>\n<p><em>Advogado Especializado em Direito Eleitoral<\/em><\/p>\n<p><em><strong>12h30 <\/strong>\u2013 Almo\u00e7o<\/em><\/p>\n<p><em><strong>14h<\/strong> \u2013 Pesquisa e Estrat\u00e9gia de Campanha<\/em><\/p>\n<p>Romeu Luizatto<\/p>\n<p><em>Cientista Social, Especialista em Marketing\u00a0 \u00eanfase em pesquisa de opini\u00e3o p\u00fablica <\/em><\/p>\n<p><em><strong>15h <\/strong>\u2013 Ouvidorias no Legislativo e no Executivo<\/em><\/p>\n<p>Maria Inez Fornazaro<\/p>\n<p><em>Presidente da Associa\u00e7\u00e3o Brasileira de Ouvidores e Ouvidora da CMSP<\/em><\/p>\n<p><em><strong>16h<\/strong> \u2013 Campanha Digital<\/em><\/p>\n<p>Cristiane Liberatori<\/p>\n<p><em>Coordenadora da Campanha Digital da Campanha da Marina Silva<\/em><\/p>\n<p><em><strong>17h<\/strong> \u2013 Compet\u00eancias e a For\u00e7a do Legislativo Municipal<\/em><\/p>\n<p>Dr. Ives Gandra da Silva Martins<\/p>\n<p><em>Advogado Tributarista, Professor e Jurista <\/em><\/p>\n<p><em><strong>18h<\/strong> &#8211; Encerramento <\/em><\/p>\n<p>Em parceria com UVESP (Uni\u00e3o dos Vereadores do Estado de S\u00e3o Paulo)<\/p>\n<p>Patroc\u00ednio: Caixa Econ\u00f4mica Federal<\/p>\n<p><a href=\"http:\/\/www.saopaulo.sp.leg.br\/escoladoparlamento\/wp-content\/uploads\/sites\/5\/2018\/08\/4o-Encontro-Estadual-de-Agentes-P\u00fablicos.jpeg\"><img loading=\"lazy\" decoding=\"async\" class=\"aligncenter size-large wp-image-10239\" src=\"http:\/\/www.saopaulo.sp.leg.br\/escoladoparlamento\/wp-content\/uploads\/sites\/5\/2018\/08\/4o-Encontro-Estadual-de-Agentes-P\u00fablicos-728x1024.jpeg\" alt=\"\" width=\"640\" height=\"900\" srcset=\"https:\/\/www.saopaulo.sp.leg.br\/escoladoparlamento\/wp-content\/uploads\/sites\/5\/2018\/08\/4o-Encontro-Estadual-de-Agentes-P\u00fablicos-728x1024.jpeg 728w, https:\/\/www.saopaulo.sp.leg.br\/escoladoparlamento\/wp-content\/uploads\/sites\/5\/2018\/08\/4o-Encontro-Estadual-de-Agentes-P\u00fablicos-213x300.jpeg 213w, https:\/\/www.saopaulo.sp.leg.br\/escoladoparlamento\/wp-content\/uploads\/sites\/5\/2018\/08\/4o-Encontro-Estadual-de-Agentes-P\u00fablicos-768x1080.jpeg 768w\" sizes=\"auto, (max-width: 640px) 100vw, 640px\" \/><\/a><\/p>\n","protected":false},"excerpt":{"rendered":"<p>Sal\u00e3o Nobre Presidente Jo\u00e3o Brasil Vita, 23, 24 e 25\/05\/2012 Dia 23\/05\/2012 20h- Sess\u00e3o Solene de Abertura\u00a0em comum com o \u201c1\u00ba Congresso Nacional dos Servidores dos Legislativos e Tribunais de Contas Municipais\u201d Geraldo Alckmin \u2013 Governador do Estado de S\u00e3o Paulo Gilberto Kassab \u2013 Prefeito de S\u00e3o Paulo Jos\u00e9 Police Neto \u2013 Presidente da C\u00e2mara [&hellip;]<\/p>\n","protected":false},"author":127,"featured_media":0,"parent":1339,"menu_order":597,"comment_status":"closed","ping_status":"closed","template":"","meta":{"_acf_changed":false,"footnotes":""},"class_list":["post-3189","page","type-page","status-publish","hentry"],"acf":[],"_links":{"self":[{"href":"https:\/\/www.saopaulo.sp.leg.br\/escoladoparlamento\/wp-json\/wp\/v2\/pages\/3189","targetHints":{"allow":["GET"]}}],"collection":[{"href":"https:\/\/www.saopaulo.sp.leg.br\/escoladoparlamento\/wp-json\/wp\/v2\/pages"}],"about":[{"href":"https:\/\/www.saopaulo.sp.leg.br\/escoladoparlamento\/wp-json\/wp\/v2\/types\/page"}],"author":[{"embeddable":true,"href":"https:\/\/www.saopaulo.sp.leg.br\/escoladoparlamento\/wp-json\/wp\/v2\/users\/127"}],"replies":[{"embeddable":true,"href":"https:\/\/www.saopaulo.sp.leg.br\/escoladoparlamento\/wp-json\/wp\/v2\/comments?post=3189"}],"version-history":[{"count":0,"href":"https:\/\/www.saopaulo.sp.leg.br\/escoladoparlamento\/wp-json\/wp\/v2\/pages\/3189\/revisions"}],"up":[{"embeddable":true,"href":"https:\/\/www.saopaulo.sp.leg.br\/escoladoparlamento\/wp-json\/wp\/v2\/pages\/1339"}],"wp:attachment":[{"href":"https:\/\/www.saopaulo.sp.leg.br\/escoladoparlamento\/wp-json\/wp\/v2\/media?parent=3189"}],"curies":[{"name":"wp","href":"https:\/\/api.w.org\/{rel}","templated":true}]}}