{"id":28929,"date":"2024-02-22T15:50:10","date_gmt":"2024-02-22T18:50:10","guid":{"rendered":"https:\/\/www.saopaulo.sp.leg.br\/escoladoparlamento\/?page_id=28929"},"modified":"2024-04-09T12:58:09","modified_gmt":"2024-04-09T15:58:09","slug":"ii-congresso-luso-brasileiro-de-legistica","status":"publish","type":"page","link":"https:\/\/www.saopaulo.sp.leg.br\/escoladoparlamento\/cursos\/cursos-anteriores\/cursos-realizados-em-2024\/ii-congresso-luso-brasileiro-de-legistica\/","title":{"rendered":"II Congresso Luso-brasileiro de Leg\u00edstica"},"content":{"rendered":"<div><strong><span style=\"color: #ff0000\">ATEN\u00c7\u00c3O:<\/span><\/strong><\/div>\n<div><\/div>\n<div><\/div>\n<div><strong>Evento validado no Sistema Integrado de Gest\u00e3o de Pessoas e Compet\u00eancias (SIGPEC) sob n\u00ba 071\/2024 para os servidores municipais das seguintes carreiras: Auditor fiscal, Fiscal de Posturas municipais, Procuradores do Munic\u00edpio e Analistas de Pol\u00edticas P\u00fablicas Gest\u00e3o Governamental.\u00a0<\/strong><\/div>\n<h3><span style=\"color: #ff0000\">A inscri\u00e7\u00e3o para os servidores que quiserem pontuar vai at\u00e9 \u00e0s 18h do dia 14\/03, quinta-feira.<\/span><br \/>\nDemais interessados podem se inscrever at\u00e9 o dia do evento.<\/h3>\n<p>&nbsp;<\/p>\n<p>O referido congresso decorre da \u00f3tima experi\u00eancia do I Congresso Luso-brasileiro sobre Leg\u00edstica realizado em mar\u00e7o de 2019 na sede da C\u00e2mara Municipal de S\u00e3o Paulo.<\/p>\n<p>As atividades acad\u00eamicas voltadas a leg\u00edstica visam melhorar as t\u00e9cnicas de reda\u00e7\u00e3o legislativas buscando inspira\u00e7\u00e3o em experi\u00eancias positivas no aperfei\u00e7oamento das leis, seja na quest\u00e3o formal ou material. Assim o presente Congresso segue recebendo professores da Universidade de Lisboa que nos apresentar\u00e3o a viv\u00eancia da implementa\u00e7\u00e3o do conceito de legislar melhor, bem como sobre novas t\u00e9cnicas e avan\u00e7os legislativos.<\/p>\n<p>&nbsp;<\/p>\n<p><strong>P\u00fablico-alvo:<\/strong><\/p>\n<p>Servidores da C\u00e2mara Municipal de S\u00e3o Paulo, profissionais da \u00e1rea, estudantes de direito e popula\u00e7\u00e3o em geral.<\/p>\n<p>&nbsp;<\/p>\n<p><b>Estrutura da atividade:<\/b><\/p>\n<p>O evento ser\u00e1 realizado na modalidade presencial nos dias 15 e 18 de mar\u00e7o, das 13:30 \u00e0s 18 horas, no Audit\u00f3rio Prestes Maia, 1\u00ba andar do Pal\u00e1cio Anchieta, sede da C\u00e2mara Municipal de S\u00e3o Paulo e tamb\u00e9m ter\u00e1 transmiss\u00e3o simult\u00e2nea no canal do YouTube da CMSP.<\/p>\n<p>&nbsp;<\/p>\n<p><b>Certifica\u00e7\u00e3o:<\/b><\/p>\n<p>Na modalidade PRESENCIAL mediante\u00a0<em>check in<\/em>\u00a0na recep\u00e7\u00e3o do evento; na modalidade ONLINE mediante preenchimento de formul\u00e1rio de rea\u00e7\u00e3o a ser enviado por e-mail aos inscritos.<\/p>\n<h3><\/h3>\n<h3>Inscri\u00e7\u00f5es: ENCERRADAS<\/h3>\n<p>&nbsp;<\/p>\n<h2 style=\"font-weight: 400\"><b><strong>Prog<\/strong><\/b><b><strong>rama\u00e7\u00e3o:<\/strong><\/b><\/h2>\n<p style=\"font-weight: 400\"><b><strong><em>Dia 15\/03\/2024<\/em><\/strong><\/b><\/p>\n<p><a href=\"https:\/\/www.youtube.com\/live\/DcwnpmXuGns?si=uvOPiEdR4Cv9m7Rf\">Reveja aqui o primeiro dia do Congresso<\/a><\/p>\n<p style=\"font-weight: 400\"><b><strong>\u00a0<\/strong><\/b><\/p>\n<p style=\"font-weight: 400\"><b><strong>Abertura \u2013 13:30 \u00e0s 14:00<\/strong><\/b><\/p>\n<p><b>Ricardo Luis Reis Nunes\u00a0<\/b>\u2013 Prefeito do Munic\u00edpio de S\u00e3o Paulo<\/p>\n<p style=\"font-weight: 400\"><strong>Paulo Augusto Baccarin<\/strong> \u2013 Procurador-Geral da C\u00e2mara Municipal de S\u00e3o Paulo<\/p>\n<p style=\"font-weight: 400\"><strong>Maria Nazar\u00e9 Lins Barbosa<\/strong> \u2013 Ex-Procuradora-Geral da C\u00e2mara Municipal de S\u00e3o Paulo. Doutora em Administra\u00e7\u00e3o P\u00fablica e Governo pela FGV. Professora de Filosofia Pol\u00edtica da Academia Atl\u00e2ntico.<\/p>\n<p style=\"font-weight: 400\"><strong>Embaixador Ant\u00f3nio Pedro da Vinha Rodrigues da Silva<\/strong> \u2013 C\u00f4nsul-Geral de Portugal em S\u00e3o Paulo<\/p>\n<p><span class=\"_11JPr selectable-text copyable-text\" dir=\"ltr\" aria-label=\"\"><strong>Jo\u00e3o Tiago Silveira<\/strong> \u2013 Professor da Faculdade de Direito da Universidade de Lisboa, Vice-Presidente do Instituto de Ci\u00eancias Jur\u00eddico-Pol\u00edticas, Investigador do Lisbon Public Law Research Centre<\/span><\/p>\n<p style=\"font-weight: 400\"><b><strong>1\u00ba Painel \u2013 As mais recentes tend\u00eancias na avalia\u00e7\u00e3o legislativa \u2013 14:00 \u00e0s 15:00h<\/strong><\/b><\/p>\n<p style=\"font-weight: 400\"><strong>Manuel Cabugueira<\/strong> \u2013 Professor da Universidade Lus\u00f3fona, Investigador do Lisbon Public Law Research Centre<\/p>\n<p style=\"font-weight: 400\"><strong>Ricardo Teixeira da Silva<\/strong> \u2013 Procurador Legislativo da C\u00e2mara Municipal de S\u00e3o Paulo e Mestre pela Universidade de S\u00e3o Paulo<\/p>\n<p style=\"font-weight: 400\">Mediador: <strong>Tatiana Batista<\/strong> \u2013 Procuradora do Munic\u00edpio de S\u00e3o Paulo<\/p>\n<p style=\"font-weight: 400\"><b><strong>2\u00ba Painel \u2013 Novas tend\u00eancias em mat\u00e9ria de audi\u00e7\u00f5es, e participa\u00e7\u00e3o em stakeholders \u2013 15:00 \u00e0s 15:30<\/strong><\/b><\/p>\n<p style=\"font-weight: 400\"><strong>Tiago Fidalgo de Freitas<\/strong> \u2013 Assistente da Faculdade de Direito da Universidade de Lisboa, Coordenador Executivo e Investigador do Lisbon Public Law Research Centre<\/p>\n<p style=\"font-weight: 400\">Mediador: <strong>Carlos Eduardo de Ara\u00fajo<\/strong> \u2013 Procurador Legislativo da C\u00e2mara Municipal de S\u00e3o Paulo<\/p>\n<p style=\"font-weight: 400\"><b><strong>Intervalo para coffee break \u2013 15:30 \u00e0s 16:00<\/strong><\/b><\/p>\n<p style=\"font-weight: 400\"><b><strong>3\u00ba Painel \u2013 Pol\u00edticas p\u00fablicas de Redu\u00e7\u00e3o e Elimina\u00e7\u00e3o de Legisla\u00e7\u00e3o Desnecess\u00e1ria \u2013 16:00 \u00e0s 17:30<\/strong><\/b><\/p>\n<p style=\"font-weight: 400\"><strong>Mariana Melo Eg\u00eddio<\/strong> \u2013 Assistente da Faculdade de Direito da Universidade de Lisboa, Investigadora do Lisbon Public Law Research Centre<\/p>\n<p style=\"font-weight: 400\"><strong>Maria Nazar\u00e9 Lins Barbosa<\/strong> \u2013 Doutora em Administra\u00e7\u00e3o P\u00fablica e Governo pela FGV.<\/p>\n<p style=\"font-weight: 400\"><strong>Jose Levi Mello do Amaral Junior<\/strong> \u2013 Professor Associado de Direito Constitucional da Faculdade de Direito da Universidade de S\u00e3o Paulo e Conselheiro do Tribunal Administrativo do Conselho Administrativo de Defesa Econ\u00f4mica \u2013 CADE<\/p>\n<p style=\"font-weight: 400\">Mediador: <strong>Camila Moraes Cajaiba Garcez Marins <\/strong>\u2013 Procuradora Legislativa da C\u00e2mara Municipal de S\u00e3o Paulo<\/p>\n<p>&nbsp;<\/p>\n<p style=\"font-weight: 400\"><b><strong><em>Dia 18\/03\/2024<\/em><\/strong><\/b><\/p>\n<p><a href=\"https:\/\/www.youtube.com\/live\/zP2qO1Y7yXs?si=7q1PALcjITuU6OQP\">Reveja aqui o segundo dia do Congresso<\/a><\/p>\n<p style=\"font-weight: 400\"><b><strong>1\u00ba Painel \u2013 <\/strong><\/b><b>Design Legislativo e Leg\u00edstica \u2013\u00a0<\/b><b>13:30 \u00e0s 14:30<\/b><\/p>\n<p style=\"font-weight: 400\"><b>Rui Lanceiro<\/b>\u00a0\u2013\u00a0Professor da Faculdade de Direito da Universidade de Lisboa, Vogal da Dire\u00e7\u00e3o do Instituto de Ci\u00eancias Jur\u00eddico-Pol\u00edticas,\u00a0Investigador do Lisbon Public Law Research Centre<\/p>\n<p style=\"font-weight: 400\"><b>Andr\u00e9 Marcon<\/b>\u00a0\u2013 T\u00e9cnico Legislativo da C\u00e2mara Municipal de S\u00e3o Paulo<\/p>\n<p style=\"font-weight: 400\">Mediador:\u00a0<b>Marcilene dos Santos Andrade \u2013 <\/b>Procuradora Legislativa da C\u00e2mara Municipal de Diadema<b><br \/>\n<\/b><\/p>\n<p style=\"font-weight: 400\"><b><strong>2\u00ba Painel \u2013 <\/strong><\/b><b><strong>Inova\u00e7\u00f5es em Mat\u00e9ria de Clareza Legislativa \u2013 14:30 \u00e0s 15:30<\/strong><\/b><\/p>\n<p style=\"font-weight: 400\"><strong>Jo\u00e3o Tiago Silveira<\/strong> \u2013 Professor da Faculdade de Direito da Universidade de Lisboa, Vice-Presidente do Instituto de Ci\u00eancias Jur\u00eddico-Pol\u00edticas, Investigador do Lisbon Public Law Research Centre<\/p>\n<p style=\"font-weight: 400\"><strong>Carlos Bastide Horbach\u00a0\u2013 \u00a0Professor Doutor de Direito Constitucional da Universidade de S\u00e3o Paulo<\/strong><\/p>\n<p style=\"font-weight: 400\">Mediador: <strong>Jos\u00e9 Luis Levy\u00a0<\/strong>\u2013 Procurador-Geral Adjunto da C\u00e2mara Municipal de S\u00e3o Paulo<\/p>\n<p style=\"font-weight: 400\"><b><strong>Intervalo para coffee break \u2013 15:30 \u00e0s 16:00\u00a0<\/strong><\/b><\/p>\n<p style=\"font-weight: 400\"><b><strong>3\u00ba Painel \u2013 Leis redundantes \u2013 16:00 \u00e0s 17:00h<\/strong><\/b><\/p>\n<p style=\"font-weight: 400\"><strong>Fernando Dias Menezes de Almeida \u2013 <\/strong>Professor Titular do Departamento de Direito do Estado da Faculdade de Direito da Universidade de S\u00e3o Paulo, Diretor Administrativo da FAPESP \u2013 Funda\u00e7\u00e3o de Amparo \u00e0 Pesquisa do Estado de S\u00e3o Paulo<\/p>\n<p style=\"font-weight: 400\"><strong>Roger Stiefelmann Leal<\/strong> \u2013\u00a0Professor Doutor de Direito Constitucional da Faculdade de Direito da Universidade de S\u00e3o Paulo<\/p>\n<p style=\"font-weight: 400\">Mediador: <strong> Ieda Maria Ferreira Pires<\/strong> \u2013 Procuradora Legislativa da C\u00e2mara Municipal de S\u00e3o Paulo<\/p>\n<p style=\"font-weight: 400\"><b><strong>4\u00ba Painel \u2013 <\/strong><\/b><b>T\u00e9cnicas Avan\u00e7adas de Reda\u00e7\u00e3o Legislativa \u2013 17:00 \u00e0s 18:00<\/b><\/p>\n<p style=\"font-weight: 400\"><b>Felipe Andrade<\/b>\u00a0\u2013\u00a0Doutorando e Mestre em Direito P\u00fablico\u00a0 Faculdade de Direito da Universidade de Lisboa,\u00a0Investigador do Lisbon Public Law Research Centre<\/p>\n<p style=\"font-weight: 400\"><b>Lilian Vargas Pereira Po\u00e7as<\/b>\u00a0\u2013 Procuradora Legislativa da C\u00e2mara Municipal de S\u00e3o Paulo<\/p>\n<p style=\"font-weight: 400\"><b>Juliana Tongu Reinhold<\/b> \u2013 Procuradora Legislativa da C\u00e2mara Municipal de S\u00e3o Paulo<\/p>\n<p style=\"font-weight: 400\">Mediador: <strong>Marcos Carboni <\/strong>\u2013 Presidente da Associa\u00e7\u00e3o dos Procuradores do Munic\u00edpio de S\u00e3o Paulo<\/p>\n","protected":false},"excerpt":{"rendered":"<p>ATEN\u00c7\u00c3O: Evento validado no Sistema Integrado de Gest\u00e3o de Pessoas e Compet\u00eancias (SIGPEC) sob n\u00ba 071\/2024 para os servidores municipais das seguintes carreiras: Auditor fiscal, Fiscal de Posturas municipais, Procuradores do Munic\u00edpio e Analistas de Pol\u00edticas P\u00fablicas Gest\u00e3o Governamental.\u00a0 A inscri\u00e7\u00e3o para os servidores que quiserem pontuar vai at\u00e9 \u00e0s 18h do dia 14\/03, quinta-feira. [&hellip;]<\/p>\n","protected":false},"author":745,"featured_media":0,"parent":28919,"menu_order":55,"comment_status":"closed","ping_status":"closed","template":"","meta":{"_acf_changed":false,"footnotes":""},"class_list":["post-28929","page","type-page","status-publish","hentry"],"acf":[],"_links":{"self":[{"href":"https:\/\/www.saopaulo.sp.leg.br\/escoladoparlamento\/wp-json\/wp\/v2\/pages\/28929","targetHints":{"allow":["GET"]}}],"collection":[{"href":"https:\/\/www.saopaulo.sp.leg.br\/escoladoparlamento\/wp-json\/wp\/v2\/pages"}],"about":[{"href":"https:\/\/www.saopaulo.sp.leg.br\/escoladoparlamento\/wp-json\/wp\/v2\/types\/page"}],"author":[{"embeddable":true,"href":"https:\/\/www.saopaulo.sp.leg.br\/escoladoparlamento\/wp-json\/wp\/v2\/users\/745"}],"replies":[{"embeddable":true,"href":"https:\/\/www.saopaulo.sp.leg.br\/escoladoparlamento\/wp-json\/wp\/v2\/comments?post=28929"}],"version-history":[{"count":0,"href":"https:\/\/www.saopaulo.sp.leg.br\/escoladoparlamento\/wp-json\/wp\/v2\/pages\/28929\/revisions"}],"up":[{"embeddable":true,"href":"https:\/\/www.saopaulo.sp.leg.br\/escoladoparlamento\/wp-json\/wp\/v2\/pages\/28919"}],"wp:attachment":[{"href":"https:\/\/www.saopaulo.sp.leg.br\/escoladoparlamento\/wp-json\/wp\/v2\/media?parent=28929"}],"curies":[{"name":"wp","href":"https:\/\/api.w.org\/{rel}","templated":true}]}}