{"id":17856,"date":"2020-05-21T16:06:05","date_gmt":"2020-05-21T19:06:05","guid":{"rendered":"http:\/\/www.saopaulo.sp.leg.br\/escoladoparlamento\/?page_id=17856"},"modified":"2025-05-26T15:24:09","modified_gmt":"2025-05-26T18:24:09","slug":"webinar-gestao-democratica-da-escola-publica-de-educacao-basica-em-tempos-de-pandemia","status":"publish","type":"page","link":"https:\/\/www.saopaulo.sp.leg.br\/escoladoparlamento\/webinar-gestao-democratica-da-escola-publica-de-educacao-basica-em-tempos-de-pandemia\/","title":{"rendered":"Webinar Gest\u00e3o Democr\u00e1tica da Escola P\u00fablica de Educa\u00e7\u00e3o B\u00e1sica em tempos de Pandemia"},"content":{"rendered":"<h3 style=\"text-align: center\">***Nota aos Alunos***<\/h3>\n<p>Adequando os procedimentos da Escola \u00e0s necessidades dos alunos e respondendo a v\u00e1rias manifesta\u00e7\u00f5es sobre problemas no recebimento e acesso aos question\u00e1rios, <strong>a Escola do Parlamento decidiu ampliar o prazo de envio da resposta do primeiro question\u00e1rio deste curso<\/strong>, ficando este condicionado ao mesmo prazo que ter\u00e1 o \u00faltimo question\u00e1rio, ou seja, 72 horas ap\u00f3s o t\u00e9rmino da \u00faltima aula.<\/p>\n<p>Na pr\u00e1tica, <strong>se voc\u00ea j\u00e1 mandou a resposta deste primeiro question\u00e1rio, n\u00e3o \u00e9 necess\u00e1rio enviar novamente. Se n\u00e3o mandou ainda, vai poder enviar at\u00e9 terminar o prazo estipulado para o \u00faltimo question\u00e1rio<\/strong>, conforme orienta\u00e7\u00e3o que voc\u00ea receber\u00e1 e que estar\u00e1 acompanhando o mesmo.<\/p>\n<p>Lembrando que, para ser aprovado e receber o certificado, voc\u00ea precisa alcan\u00e7ar, na m\u00e9dia aritm\u00e9tica simples dos dois resultados, aproveitamento igual ou superior a 70%.<\/p>\n<p><strong>E somente quem se inscreveu para o curso via plataforma Sympla poder\u00e1 preencher o question\u00e1rio e ser certificado.<\/strong><\/p>\n<p><a href=\"https:\/\/forms.gle\/R1KuTebWL1z3DLBNA\">Question\u00e1rio de Avalia\u00e7\u00e3o I<\/a><\/p>\n<p><a href=\"https:\/\/forms.gle\/8z3dXP9fKMVqh1RN6\" target=\"_blank\" rel=\"noopener noreferrer\">Question\u00e1rio de Avalia\u00e7\u00e3o II<\/a><\/p>\n<hr \/>\n<p>&nbsp;<\/p>\n<p>Indubitavelmente a Escola de Educa\u00e7\u00e3o B\u00e1sica no Brasil tem, nesse momento hist\u00f3rico, um grande desafio. Em tempos de pandemia e da necessidade de isolamento social, educadores e educandos vivenciam experi\u00eancias que impactam substancialmente os processos de ensino e de aprendizagem.<\/p>\n<p>Nesse contexto incerto, que nos impossibilita previs\u00f5es sobre quanto tempo crian\u00e7as e adolescentes estar\u00e3o afastados da escola, os educadores encontram-se com uma responsabilidade de denso calibre porque sobre eles recaem o dever de cria\u00e7\u00e3o e gerenciamento de estrat\u00e9gias que possibilitar\u00e3o que crian\u00e7as e adolescentes possam manter uma rotina de estudos e acessem os conte\u00fados escolares no per\u00edodo em que s\u00e3o indicadas ferramentas de educa\u00e7\u00e3o a dist\u00e2ncia e as aulas presenciais est\u00e3o suspensas.<\/p>\n<p>Diante de tudo isso, torna-se necess\u00e1ria a reflex\u00e3o sobre novas formas de gest\u00e3o que se desenvolvam com base nos princ\u00edpios da gest\u00e3o democr\u00e1tica e que permitam \u00e0 comunidade escolar participar dos processos de tomada de decis\u00e3o e exercer a cidadania ativa.<\/p>\n<p><strong>Objetivos:<\/strong><\/p>\n<ul>\n<li>Observar o princ\u00edpio da Gest\u00e3o Democr\u00e1tica da Escola P\u00fablica no contexto da Pandemia Covid-19;<\/li>\n<li>Identificar os Elementos Estruturantes fundamentais do Projeto Pol\u00edtico Pedag\u00f3gico numa perspectiva participativa e democr\u00e1tica em tempos de Pandemia;<\/li>\n<li>Refletir sobre o sentido e a relev\u00e2ncia da constru\u00e7\u00e3o do Projeto Pol\u00edtico Pedag\u00f3gico da Escola em redes constitu\u00eddas \u00e0 dist\u00e2ncia;<\/li>\n<li>Conhecer e compartilhar formas de gest\u00e3o dos Projetos Pol\u00edtico-Pedag\u00f3gicos de Escolas de Educa\u00e7\u00e3o Infantil, de Ensino Fundamental e M\u00e9dio e de Educa\u00e7\u00e3o de Jovens e Adultos no contexto da Pandemia Covid-19.<\/li>\n<\/ul>\n<p><strong>P\u00fablico Alvo:<\/strong> Gestores Educacionais<\/p>\n<p><strong>Carga Hor\u00e1ria Total:<\/strong> 20 horas<\/p>\n<p><strong>Vagas:<\/strong> 300 (6 turmas)<\/p>\n<h3><span style=\"color: #ff0000\"><strong>Programa\u00e7\u00e3o: <\/strong><\/span><\/h3>\n<p><span style=\"text-decoration: underline\">todos os encontros acontecem das 10h \u00e0s 12h<\/span><\/p>\n<p><strong>09\/06<\/strong><br \/>\n<strong>O princ\u00edpio da Gest\u00e3o Democr\u00e1tica da Escola P\u00fablica de Educa\u00e7\u00e3o B\u00e1sica em tempos de Pandemia<\/strong><br \/>\nProf. Dr. Alexsandro Santos<br \/>\nProfa. Ms. Minea Fratelli<br \/>\nClique <a href=\"https:\/\/youtu.be\/jg27AqqZ1I4\">AQUI<\/a> para assistir \u00e0 aula<\/p>\n<p><strong>16\/06<\/strong><br \/>\n<strong>O Projeto Pol\u00edtico Pedag\u00f3gico da Escola de Educa\u00e7\u00e3o B\u00e1sica: Elementos Estruturantes para sua elabora\u00e7\u00e3o numa perspectiva participativa e democr\u00e1tica em tempos de Pandemia<\/strong><br \/>\nProfa. Dra. Silvia Carvalho<br \/>\nProf. Ms. Eliseu Muniz<br \/>\nClique <a href=\"https:\/\/youtu.be\/zxq6WN2shsw\">AQUI<\/a> para assistir \u00e0 aula<\/p>\n<p><strong>18\/06<\/strong><br \/>\n<strong>O Projeto Pol\u00edtico Pedag\u00f3gico da Escola e sua constru\u00e7\u00e3o compartilhada em redes constitu\u00eddas \u00e0 dist\u00e2ncia: Sentido e Relev\u00e2ncia<\/strong><br \/>\nProfa. Dra. Iracema dos Santos Nascimento (a confirmar)<br \/>\nEliane Pinheiro Fernandes<br \/>\nClique <a href=\"https:\/\/youtu.be\/gdwRbBpfivk\">AQUI<\/a> para assistir \u00e0 aula<\/p>\n<p><strong>23\/06<\/strong><br \/>\n<strong>Gest\u00e3o Democr\u00e1tica da Escola e possibilidades de intera\u00e7\u00e3o comunit\u00e1ria \u00e0 dist\u00e2ncia<\/strong><br \/>\nProf. Dra. \u00c2ngela Antunes<br \/>\nProf. Dr. Alexsandro Santos<br \/>\nClique <a href=\"https:\/\/youtu.be\/LwUDP29fIf4\">AQUI<\/a> para assistir \u00e0 aula<\/p>\n<p><strong>25\/06<\/strong><br \/>\n<strong>Aprendendo em Rede: Gest\u00e3o do Projeto Pol\u00edtico-Pedag\u00f3gico de Institui\u00e7\u00f5es de Educa\u00e7\u00e3o Infantil e a Pandemia Covid-19<\/strong> &#8211; I<br \/>\nDiretora Marcia Dias da Silva &#8211; CEI Jd. Gouveia \u2013 DRE Guaianazes<br \/>\nDiretora Rosamaria Cristina Silvestre &#8211; EMEI Origenes Lessa \u2013 DRE Ipiranga<br \/>\nClique <a href=\"https:\/\/youtu.be\/UrspbXzioJw\">AQUI<\/a> para assistir \u00e0 aula<\/p>\n<p><strong>30\/06<\/strong><br \/>\n<strong>Aprendendo em Rede: Gest\u00e3o do Projeto Pol\u00edtico-Pedag\u00f3gico de Institui\u00e7\u00f5es de Educa\u00e7\u00e3o Infantil e a Pandemia Covid-19<\/strong> &#8211; II<br \/>\nTiago Melo &#8211; CEI<br \/>\nF\u00e1tima Bonif\u00e1cio &#8211; EMEI<br \/>\nClique <a href=\"https:\/\/youtu.be\/IuqnacGq5gQ\">AQUI<\/a> para assistir \u00e0 aula<\/p>\n<p><strong>02\/07<\/strong><br \/>\n<strong>Aprendendo em Rede: Gest\u00e3o do Projeto Pol\u00edtico Pedag\u00f3gico de Escolas de Ensino Fundamental e M\u00e9dio e a Pandemia Covid-19<\/strong> I<br \/>\nDiretora Jeanine Bonazzi \u2013 EMEF Coelho Netto<br \/>\nBruno Lippi<br \/>\nClique <a href=\"https:\/\/youtu.be\/pw6Z0Tim05o\">AQUI<\/a> para assistir \u00e0 aula<\/p>\n<p><strong>07\/07\u00a0<\/strong><br \/>\n<strong>Aprendendo em Rede: Gest\u00e3o do Projeto Pol\u00edtico Pedag\u00f3gico de Escolas de Ensino Fundamental e M\u00e9dio e a Pandemia Covid-19<\/strong> &#8211; II<br \/>\nDiretora Ci\u00e7a Carlini \u2013 Diretora da EMEF Jos\u00e9 Silveira<br \/>\nDiretor Anderson &#8211; EMEFM Derville Alegretti<br \/>\nClique <a href=\"https:\/\/youtu.be\/U4t77D7GJrE\">AQUI<\/a> para assistir \u00e0 aula<\/p>\n<p><strong>14\/07<\/strong><br \/>\n<strong>Aprendendo em Rede: Gest\u00e3o do Projeto Pol\u00edtico Pedag\u00f3gico de Escolas de Educa\u00e7\u00e3o de Jovens e Adultos e a Pandemia Covid-19<\/strong> &#8211; I<br \/>\nMilena Micossi<br \/>\nSueli &#8211; EMEF C\u00e9u Vila Atl\u00e2ntica<br \/>\nClique <a href=\"https:\/\/youtu.be\/dJsSwC5qAYw\">AQUI<\/a> para assistir \u00e0 aula<\/p>\n<p><strong>16\/07<\/strong><br \/>\n<strong>Aprendendo em Rede: Gest\u00e3o do Projeto Pol\u00edtico Pedag\u00f3gico de Escolas de Educa\u00e7\u00e3o de Jovens e Adultos e a Pandemia Covid-19<\/strong> &#8211; II<br \/>\nFranciele Busico &#8211; Cieja Perus<br \/>\nDiego Duarte &#8211; Cieja Campo Limpo<br \/>\nClique <a href=\"https:\/\/youtu.be\/8ilSg7Wg72E\">AQUI<\/a> para assistir \u00e0 aula<\/p>\n<h4><strong>Inscri\u00e7\u00f5es: <span style=\"color: #ff0000\">encerradas <\/span><\/strong>(vagas esgotadas)<\/h4>\n<p>&nbsp;<\/p>\n<h2 style=\"text-align: center\"><span style=\"color: #ff0000\"><strong>ATEN\u00c7\u00c3O<\/strong><\/span><\/h2>\n<ul>\n<li><span style=\"color: #000000\"><span style=\"color: #333333\">As inscri\u00e7\u00f5es foram somente para servidores da Rede Municipal de Ensino de S\u00e3o Paulo.<\/span><span style=\"color: #333333\">\u00a0<\/span><strong>Os demais interessados, que n\u00e3o conseguiram se inscrever, podem conferir a transmiss\u00e3o via streaming na p\u00e1gina do Facebook da <a style=\"color: #000000\" href=\"http:\/\/facebook.com\/eparlamento\">Escola do Parlamento<\/a>.<\/strong><\/span><\/li>\n<li>A gera\u00e7\u00e3o de certificado ser\u00e1 feita\u00a0<strong>ap\u00f3s resposta a question\u00e1rios online<\/strong> que ser\u00e3o disponibilizados somente \u00e0queles que fizeram a inscri\u00e7\u00e3o via plataforma Sympla. Leia aqui a <a href=\"https:\/\/www.saopaulo.sp.leg.br\/escoladoparlamento\/wp-content\/uploads\/sites\/5\/2020\/05\/Pol%C3%ADtica-de-Certifica%C3%A7%C3%A3o-para-Cursos-%C3%A0-Dist%C3%A2ncia-da-EP.pdf\"><strong>Pol\u00edtica de Certifica\u00e7\u00e3o para Cursos \u00e0 Dist\u00e2ncia da EP<\/strong><\/a><strong>.<\/strong><\/li>\n<\/ul>\n<p>&nbsp;<\/p>\n<hr \/>\n<p><strong>Refer\u00eancias:<\/strong><\/p>\n<p>CURR\u00cdCULO DA CIDADE DE S\u00c3O PAULO. Dispon\u00edvel em: http:\/\/portal.sme.prefeitura.sp.gov.br\/Portals\/1\/Files\/47275.pdf Acesso em: 22 de outubro de 2018.<br \/>\nBENEVIDES, Maria Vit\u00f3ria. A Cidadania Ativa: referendo, plebiscito e iniciativa popular. S\u00e3o Paulo, Editora \u00c1tica, 1991.<br \/>\nCISESKI, \u00c2ngela Antunes. Aceita um Conselho? Teoria e pr\u00e1tica da gest\u00e3o participativa na escola p\u00fablica. Disserta\u00e7\u00e3o de Mestrado. S\u00e3o Paulo: FEUSP, 1997.<br \/>\nAGUIAR, R.C.L.; GR\u00c1CIO J. C. Gr\u00eamio Estudantil: construindo novas rela\u00e7\u00f5es na escola. In BASTOS, J. B. Gest\u00e3o Democr\u00e1tica. 3\u00aa edi\u00e7\u00e3o. Rio de Janeiro: 2002, p. 73-82.<br \/>\nAPPLE, Michael W. Pol\u00edtica cultural e educa\u00e7\u00e3o. S\u00e3o Paulo: Cortez, 2000.<br \/>\nAZANHA, Jos\u00e9 M\u00e1rio Pires. Uma ideia de pesquisa educacional. S\u00e3o Paulo: Edusp\/Fapesp, 1992.<br \/>\nMASSCHELEIN, Jan; SIMONS, Maarten. A pedagogia, a democracia, a escola. Belo Horizonte: Ed. Aut\u00eantica, 2014. (Cole\u00e7\u00e3o Experi\u00eancia e Sentido)<\/p>\n","protected":false},"excerpt":{"rendered":"<p>***Nota aos Alunos*** Adequando os procedimentos da Escola \u00e0s necessidades dos alunos e respondendo a v\u00e1rias manifesta\u00e7\u00f5es sobre problemas no recebimento e acesso aos question\u00e1rios, a Escola do Parlamento decidiu ampliar o prazo de envio da resposta do primeiro question\u00e1rio deste curso, ficando este condicionado ao mesmo prazo que ter\u00e1 o \u00faltimo question\u00e1rio, ou seja, [&hellip;]<\/p>\n","protected":false},"author":522,"featured_media":0,"parent":0,"menu_order":239,"comment_status":"closed","ping_status":"closed","template":"","meta":{"_acf_changed":false,"footnotes":""},"class_list":["post-17856","page","type-page","status-publish","hentry"],"acf":[],"_links":{"self":[{"href":"https:\/\/www.saopaulo.sp.leg.br\/escoladoparlamento\/wp-json\/wp\/v2\/pages\/17856","targetHints":{"allow":["GET"]}}],"collection":[{"href":"https:\/\/www.saopaulo.sp.leg.br\/escoladoparlamento\/wp-json\/wp\/v2\/pages"}],"about":[{"href":"https:\/\/www.saopaulo.sp.leg.br\/escoladoparlamento\/wp-json\/wp\/v2\/types\/page"}],"author":[{"embeddable":true,"href":"https:\/\/www.saopaulo.sp.leg.br\/escoladoparlamento\/wp-json\/wp\/v2\/users\/522"}],"replies":[{"embeddable":true,"href":"https:\/\/www.saopaulo.sp.leg.br\/escoladoparlamento\/wp-json\/wp\/v2\/comments?post=17856"}],"version-history":[{"count":1,"href":"https:\/\/www.saopaulo.sp.leg.br\/escoladoparlamento\/wp-json\/wp\/v2\/pages\/17856\/revisions"}],"predecessor-version":[{"id":29459,"href":"https:\/\/www.saopaulo.sp.leg.br\/escoladoparlamento\/wp-json\/wp\/v2\/pages\/17856\/revisions\/29459"}],"wp:attachment":[{"href":"https:\/\/www.saopaulo.sp.leg.br\/escoladoparlamento\/wp-json\/wp\/v2\/media?parent=17856"}],"curies":[{"name":"wp","href":"https:\/\/api.w.org\/{rel}","templated":true}]}}