{"id":3673,"date":"2015-05-05T16:11:41","date_gmt":"2015-05-05T19:11:41","guid":{"rendered":"http:\/\/www.saopaulo.sp.leg.br\/camaranoseubairro\/?page_id=3673"},"modified":"2015-09-30T20:30:04","modified_gmt":"2015-09-30T20:30:04","slug":"demanda","status":"publish","type":"page","link":"https:\/\/www.saopaulo.sp.leg.br\/camaranoseubairro\/demandas\/demanda\/","title":{"rendered":"Demanda"},"content":{"rendered":"<p><strong>Confira o cronograma abaixo:<\/strong><\/p>\n<table width=\"100%\">\n<tbody>\n<tr>\n<td bgcolor=\"#f2995d\" height=\"40\" style=\"color: #ffffff;\"><strong>SUBPREFEITURA<\/strong><\/td>\n<td bgcolor=\"#f2995d\" height=\"40\" style=\"color: #ffffff;\"><strong>DATA<\/strong><\/td>\n<td bgcolor=\"#f2995d\" height=\"40\" style=\"color: #ffffff;\"><strong>LOCAL DO EVENTO<\/strong><\/td>\n<td bgcolor=\"#f2995d\" height=\"40\" style=\"color: #ffffff;\"><strong>HOR\u00c1RIO<\/strong><\/td>\n<td bgcolor=\"#f2995d\" height=\"40\" style=\"color: #ffffff;\"><strong>COMO CHEGAR<\/strong><\/td>\n<\/tr>\n<tr class=\"finalizado\">\n<td><del><strong>CAMPO LIMPO<\/strong><\/del><\/td>\n<td><del>07\/03\/2015<\/del><\/td>\n<td><em><strong>CEU CAMPO LIMPO<\/strong><\/em><br \/>\nAv. Carlos Lacerda, 678<br \/>\nPirajussara<\/td>\n<td><del>09h30<\/del><\/td>\n<td>\n<h6><a href=\"http:\/\/goo.gl\/maps\/24XEM\" target=\"_blank\">Veja Aqui<\/a><\/h6>\n<\/td>\n<\/tr>\n<tr class=\"finalizado\">\n<td><del><strong>S\u00c3O MIGUEL<\/strong><\/del><\/td>\n<td><del>14\/03\/2015<\/del><\/td>\n<td><em><strong>SUBPREFEITURA<\/strong><\/em><br \/>\nRua Dona Ana Flora Pinheiro de Souza, 76<\/td>\n<td><del>09h30<\/del><\/td>\n<td>\n<h6><a href=\"https:\/\/goo.gl\/maps\/aE57Y\" target=\"_blank\">Veja Aqui<\/a><\/h6>\n<\/td>\n<\/tr>\n<tr class=\"finalizado\">\n<td><del><strong>PIRITUBA<\/strong><\/del><\/td>\n<td><del>21\/03\/2015<\/del><\/td>\n<td><em><strong>CEU PERA MARMELO<\/strong><\/em><br \/>\nRua P\u00eara Marmelo, 226<br \/>\nJaragu\u00e1<\/td>\n<td><del>09h30<\/del><\/td>\n<td>\n<h6><a href=\"https:\/\/goo.gl\/maps\/ZzaiE\" target=\"_blank\">Veja Aqui<\/a><\/h6>\n<\/td>\n<\/tr>\n<tr class=\"finalizado\">\n<td><del><strong>JA\u00c7AN\u00c3 \/<\/strong><\/del><br \/>\n<del><strong>TREMEMB\u00c9<\/strong><\/del><\/td>\n<td><del>28\/03\/2015<\/del><\/td>\n<td><em><strong>CEU JA\u00c7AN\u00c3<\/strong><\/em><br \/>\nRua Antonio Cesar Neto, 105<br \/>\nJardim Guapira<\/td>\n<td><del>09h30<\/del><\/td>\n<td>\n<h6><a href=\"https:\/\/goo.gl\/maps\/MxAh7\" target=\"_blank\">Veja Aqui<\/a><\/h6>\n<\/td>\n<\/tr>\n<tr class=\"finalizado\">\n<td width=\"255\"><del><strong>S\u00c3O MATEUS<\/strong><\/del><\/td>\n<td><del>11\/04\/2015<\/del><\/td>\n<td width=\"246\"><em><strong>CEU S\u00c3O MATEUS<\/strong><\/em><br \/>\nRua Curumatim, 201<br \/>\nParque Boa Esperan\u00e7a<\/td>\n<td><del>09h30<\/del><\/td>\n<td>\n<h6><a href=\"https:\/\/goo.gl\/maps\/yrVnb\" target=\"_blank\">Veja Aqui<\/a><\/h6>\n<\/td>\n<\/tr>\n<tr class=\"finalizado\">\n<td><del><strong>SANTANA \/<\/strong><\/del><br \/>\n<del><strong>TUCURUVI<\/strong><\/del><\/td>\n<td><del>18\/04\/2015<\/del><\/td>\n<td><em><strong>SUBPREFEITURA<\/strong><\/em><br \/>\nAv. Tucuruvi, 808<\/td>\n<td><del>09h30<\/del><\/td>\n<td>\n<h6><a href=\"https:\/\/goo.gl\/maps\/YWIJO\" target=\"_blank\">Veja Aqui<\/a><\/h6>\n<\/td>\n<\/tr>\n<tr class=\"finalizado\">\n<td><del><strong>CIDADE TIRADENTES<\/strong><\/del><\/td>\n<td><del>25\/04\/2015<\/del><\/td>\n<td><em><strong>CEU IN\u00c1CIO MONTEIRO<\/strong><\/em><br \/>\nRua Bar\u00e3o Barroso do Amazonas, s\/n\u00ba<br \/>\nConjunto In\u00e1cio Monteiro<\/td>\n<td><del>09h30<\/del><\/td>\n<td>\n<h6><a href=\"https:\/\/goo.gl\/maps\/FDT0A\" target=\"_blank\">Veja Aqui<\/a><\/h6>\n<\/td>\n<\/tr>\n<tr class=\"finalizado\">\n<td><del><strong>CIDADE ADEMAR<\/strong><\/del><\/td>\n<td><del>09\/05\/2015<\/del><\/td>\n<td width=\"246\"><em><strong>CEU ALVARENGA<\/strong><\/em><br \/>\nEstrada do Alvarenga, 3.752<br \/>\nPedreira<\/td>\n<td><del>09h30<\/del><\/td>\n<td>\n<h6><a href=\"https:\/\/goo.gl\/maps\/maiIE\" target=\"_blank\">Veja Aqui<\/a><\/h6>\n<\/td>\n<\/tr>\n<tr class=\"finalizado\">\n<td><del><strong>BUTANT\u00c3<\/strong><\/del><\/td>\n<td><del>16\/05\/2015<\/del><\/td>\n<td><em><strong>CEU BUTANT\u00c3<\/strong><\/em><br \/>\nRua Eng. Heitor Ant\u00f4nio Eiras Garcia, 1.700 \/ 1.870<br \/>\nJardim Esmeralda<\/td>\n<td><del>09h30<\/del><\/td>\n<td>\n<h6><a href=\"https:\/\/goo.gl\/maps\/IxBE5\" target=\"_blank\">Veja Aqui<\/a><\/h6>\n<\/td>\n<\/tr>\n<tr class=\"finalizado\">\n<td><del><strong>PINHEIROS<\/strong><\/del><\/td>\n<td><del>22\/05\/2015<\/del><\/td>\n<td><em><strong>COL\u00c9GIO DANTE ALIGHIERI<\/strong><\/em><br \/>\nAlameda Ja\u00fa, 1061<br \/>\nCerqueira C\u00e9sar<\/td>\n<td><del>18h30<\/del><\/td>\n<td>\n<h6><a href=\"https:\/\/goo.gl\/maps\/0Gy4J\" target=\"_blank\">Veja Aqui<\/a><\/h6>\n<\/td>\n<\/tr>\n<tr class=\"finalizado\">\n<td><del><strong>ITAIM PAULISTA<\/strong><\/del><\/td>\n<td><del>23\/05\/2015<\/del><\/td>\n<td><em><strong>CEU PARQUE VEREDAS<\/strong><\/em><br \/>\nRua Daniel Muller, 347<br \/>\nItaim Paulista<\/td>\n<td><del>09h30<\/del><\/td>\n<td>\n<h6><a href=\"https:\/\/goo.gl\/maps\/YPyRw\" target=\"_blank\">Veja Aqui<\/a><\/h6>\n<\/td>\n<\/tr>\n<tr class=\"finalizado\">\n<td><del><strong>JABAQUARA<\/strong><\/del><\/td>\n<td><del>30\/05\/2015<\/del><\/td>\n<td width=\"246\"><em><strong>CEU CAMINHO DO MAR<\/strong><\/em><br \/>\nRua Eng. Armando de Arruda Pereira, 5.241<br \/>\nJabaquara<\/td>\n<td><del>09h30<\/del><\/td>\n<td>\n<h6><a href=\"https:\/\/goo.gl\/maps\/DIWhN\" target=\"_blank\">Veja Aqui<\/a><\/h6>\n<\/td>\n<\/tr>\n<tr class=\"finalizado\">\n<td><del><strong>CASA VERDE<\/strong><\/del><\/td>\n<td><del>13\/06\/2015<\/del><\/td>\n<td><em><strong>CENTRO CULTURAL DA JUVENTUDE<\/strong><\/em><br \/>\nAv. Deputado Em\u00edlio Carlos, 3641<br \/>\nVila Nova Cachoeirinha<\/td>\n<td><del>09h30<\/del><\/td>\n<td>\n<h6><a href=\"https:\/\/goo.gl\/maps\/7fdVw\" target=\"_blank\">Veja Aqui<\/a><\/h6>\n<\/td>\n<\/tr>\n<tr class=\"finalizado\">\n<td><del><strong>ERMELINO MATARAZZO<\/strong><\/del><\/td>\n<td><del>20\/06\/2015<\/del><\/td>\n<td width=\"246\"><em><strong>CEU QUINTA DO SOL<\/strong><\/em><br \/>\nAv. Lu\u00eds Imparato, 564<br \/>\nCanga\u00edba<\/td>\n<td><del>09h30<\/del><\/td>\n<td>\n<h6><a href=\"https:\/\/goo.gl\/maps\/feLOq\" target=\"_blank\">Veja Aqui<\/a><\/h6>\n<\/td>\n<\/tr>\n<tr class=\"finalizado\">\n<td><del><strong>SAPOPEMBA<\/strong><\/del><\/td>\n<td><del>27\/06\/2015<\/del><\/td>\n<td><em><strong>CEU ROSA DA CHINA<\/strong><\/em><br \/>\nRua Clara Petrela, 113<br \/>\nJardim S\u00e3o Roberto<\/td>\n<td><del>09h30<\/del><\/td>\n<td>\n<h6><a href=\"https:\/\/goo.gl\/maps\/VHrD2\" target=\"_blank\">Veja Aqui<\/a><\/h6>\n<\/td>\n<\/tr>\n<tr class=\"finalizado\">\n<td><del><strong>PERUS<\/strong><\/del><\/td>\n<td><del>08\/08\/2015<\/del><\/td>\n<td><em><strong>CEU PERUS<\/strong><\/em><br \/>\nRua Bernardo Jos\u00e9 de Lorena, s\/n\u00ba<br \/>\nPerus<\/td>\n<td><del>09h30<\/del><\/td>\n<td>\n<h6><a href=\"https:\/\/goo.gl\/maps\/5S6zz\" target=\"_blank\">Veja Aqui<\/a><\/h6>\n<\/td>\n<\/tr>\n<tr class=\"finalizado\">\n<td><del><strong>IPIRANGA<\/strong><\/del><\/td>\n<td><del>15\/08\/2015<\/del><\/td>\n<td><em><strong>CEU MENINOS<\/strong><\/em><br \/>\nRua Barbinos, 111<br \/>\nS\u00e3o Jo\u00e3o Cl\u00edmaco<\/td>\n<td><del>09h30<\/del><\/td>\n<td>\n<h6><a href=\"https:\/\/goo.gl\/maps\/DdFNM\" target=\"_blank\">Veja Aqui<\/a><\/h6>\n<\/td>\n<\/tr>\n<tr class=\"finalizado\">\n<td><del><strong>ARICANDUVA \/<\/strong><\/del><br \/>\n<del><strong>VILA FORMOSA<\/strong><\/del><\/td>\n<td><del>22\/08\/2015<\/del><\/td>\n<td><em><strong>CEU FORMOSA<\/strong><\/em><br \/>\nRua Sargento Claudiner Evaristo Dias, 10<br \/>\nParque Santo Ant\u00f4nio \u2013 Vila Formosa<\/td>\n<td><del>09h30<\/del><\/td>\n<td>\n<h6><a href=\"https:\/\/goo.gl\/maps\/rTvdT\" target=\"_blank\">Veja Aqui<\/a><\/h6>\n<\/td>\n<\/tr>\n<tr class=\"finalizado\">\n<td><del><strong>VILA MARIA \/<\/strong><\/del><br \/>\n<del><strong>VILA GUILHERME<\/strong><\/del><\/td>\n<td><del>29\/08\/2015<\/del><\/td>\n<td><em><strong>CENTRO ED. ESP.THOMAZ MAZZONI<\/strong><\/em><br \/>\nPra\u00e7a J\u00e2nio da Silva Quadros, 150 \u2013 Jardim Jap\u00e3o<\/td>\n<td><del>09h30<\/del><\/td>\n<td>\n<h6><a href=\"https:\/\/goo.gl\/maps\/gXCvV\" target=\"_blank\">Veja Aqui<\/a><\/h6>\n<\/td>\n<\/tr>\n<tr class=\"finalizado\">\n<td><del><strong>M\u2019BOI MIRIM<\/strong><\/del><\/td>\n<td><del>05\/09\/2015<\/del><\/td>\n<td><em><strong>CEU GUARAPIRANGA<\/strong><\/em><br \/>\nEstrada da Baronesa, 1.120<br \/>\nJardim Kagohara<\/td>\n<td><del>09h30<\/del><\/td>\n<td>\n<h6><a href=\"https:\/\/goo.gl\/maps\/uR0JG\" target=\"_blank\">Veja Aqui<\/a><\/h6>\n<\/td>\n<\/tr>\n<tr class=\"finalizado\">\n<td><strong><del>LAPA<\/del><\/strong><\/td>\n<td><del>11\/09\/2015<\/del><\/td>\n<td><em><strong>TENDAL DA LAPA<\/strong><\/em><br \/>\nRua Constan\u00e7a, 72<br \/>\nLapa<\/td>\n<td><del>18h30<\/del><\/td>\n<td>\n<h6><a href=\"https:\/\/goo.gl\/maps\/9evKr\" target=\"_blank\">Veja Aqui<\/a><\/h6>\n<\/td>\n<\/tr>\n<tr class=\"finalizado\">\n<td><strong><del>SANTO AMARO<\/del><\/strong><\/td>\n<td><del>12\/09\/2015<\/del><\/td>\n<td><em><strong>COL\u00c9GIO SANTA MARIA<\/strong><\/em><br \/>\nAv. Sargento Geraldo Santana, 901<br \/>\nJardim Taquaral<\/td>\n<td><del>09h30<\/del><\/td>\n<td>\n<h6><a href=\"https:\/\/goo.gl\/maps\/1pxDA\" target=\"_blank\">Veja Aqui<\/a><\/h6>\n<\/td>\n<\/tr>\n<tr>\n<td><strong>ITAQUERA<\/strong><\/td>\n<td>19\/09\/2015<\/td>\n<td><em><strong>AUDIT\u00d3RIO DO CLUBE CORINTHIANS<\/strong><\/em><br \/>\nAv. Miguel In\u00e1cio Curi, 111<br \/>\nVila Carmosina<\/td>\n<td>09h30<\/td>\n<td>\n<h6><a href=\"https:\/\/goo.gl\/maps\/wYvBU\" target=\"_blank\">Veja Aqui<\/a><\/h6>\n<\/td>\n<\/tr>\n<tr>\n<td><strong>FREGUESIA \/<\/strong><br \/>\n<strong>BRASILANDIA<\/strong><\/td>\n<td>26\/09\/2015<\/td>\n<td><em><strong>CEU JARDIM PAULISTANO<\/strong><\/em><br \/>\nRua Aparecida do Taboado, s\/n\u00ba<br \/>\nJardim Paulistano<\/td>\n<td>09h30<\/td>\n<td>\n<h6><a href=\"https:\/\/goo.gl\/maps\/fYfPQ\" target=\"_blank\">Veja Aqui<\/a><\/h6>\n<\/td>\n<\/tr>\n<tr>\n<td><strong>MOOCA<\/strong><\/td>\n<td>03\/10\/2015<\/td>\n<td><em><strong>UNICIDE \u2013 UNIVERSIDADE CIDADE DE S\u00c3O PAULO<\/strong><\/em><br \/>\nRua Ces\u00e1rio Galeno, 448 \/ 475<br \/>\nTatuap\u00e9<\/td>\n<td>09h30<\/td>\n<td>\n<h6><a href=\"https:\/\/www.google.com.br\/maps\/place\/Universidade+Cidade+de+S%C3%A3o+Paulo\/@-23.5361805,-46.5596322,18.67z\/data=!4m2!3m1!1s0x94ce5ef0d9a96c0f:0x4f7bda2bb5594d92!6m1!1e1?hl=pt-BR\" target=\"_blank\">Veja Aqui<\/a><\/h6>\n<\/td>\n<\/tr>\n<tr>\n<td><strong>VILA MARIANA<\/strong><\/td>\n<td>16\/10\/2015<\/td>\n<td><em><strong>ASSOCIA\u00c7\u00c3O MIE<\/strong><\/em><br \/>\nAv. Lins de Vasconcelos, 3.352<br \/>\nVila Mariana<\/td>\n<td>18h30<\/td>\n<td>\n<h6><a href=\"https:\/\/goo.gl\/maps\/Iwb1m\" target=\"_blank\">Veja Aqui<\/a><\/h6>\n<\/td>\n<\/tr>\n<tr>\n<td><strong>VILA PRUDENTE<\/strong><\/td>\n<td>17\/10\/2015<\/td>\n<td><em><strong>COL\u00c9GIO JO\u00c3O XXIII<\/strong><\/em><br \/>\nRua Jos\u00e9 Zappi, 165<br \/>\nVila Prudente<\/td>\n<td>09h30<\/td>\n<td>\n<h6><a href=\"https:\/\/goo.gl\/maps\/j5s5x\" target=\"_blank\">Veja Aqui<\/a><\/h6>\n<\/td>\n<\/tr>\n<tr>\n<td><strong>PENHA<\/strong><\/td>\n<td>23\/10\/2015<\/td>\n<td><em><strong>SUBPREFEITURA<\/strong><\/em><br \/>\nRua Candapui, 492<br \/>\nVila Marieta<\/td>\n<td>18h30<\/td>\n<td>\n<h6><a href=\"https:\/\/www.google.com.br\/maps\/place\/R.+Candapu%C3%AD,+492+-+Vila+Marieta,+S%C3%A3o+Paulo+-+SP\/@-23.5185677,-46.5212372,18.67z\/data=!4m2!3m1!1s0x94ce5e25fee3b4cf:0xa735b1fb166f7ba5?hl=pt-BR\" target=\"_blank\">Veja Aqui<\/a><\/h6>\n<\/td>\n<\/tr>\n<tr>\n<td><strong>PARELHEIROS<\/strong><\/td>\n<td>24\/10\/2015<\/td>\n<td><em><strong>CEU PARELHEIROS<\/strong><\/em><br \/>\nRua Jos\u00e9 Pedro de Borba, 20<br \/>\nJardim Novo Parelheiros<\/td>\n<td>09h30<\/td>\n<td>\n<h6><a href=\"https:\/\/goo.gl\/maps\/brhLE\" target=\"_blank\">Veja Aqui<\/a><\/h6>\n<\/td>\n<\/tr>\n<tr>\n<td><strong>S\u00c9<\/strong><\/td>\n<td>07\/11\/2015<\/td>\n<td><em><strong>UNINOVE VERGUEIRO<\/strong><\/em><br \/>\nRua Vergueiro, 235\/249<br \/>\nLiberdade<\/td>\n<td>09h30<\/td>\n<td>\n<h6><a href=\"https:\/\/goo.gl\/maps\/I9hv6\" target=\"_blank\">Veja Aqui<\/a><\/h6>\n<\/td>\n<\/tr>\n<tr>\n<td><strong>CAPELA DO SOCORRO<\/strong><\/td>\n<td>14\/11\/2015<\/td>\n<td><em><strong>CEU CIDADE DUTRA<\/strong><\/em><br \/>\nAv. Interlagos, 7.350<br \/>\nCidade Dutra<\/td>\n<td>09h30<\/td>\n<td>\n<h6><a href=\"https:\/\/goo.gl\/maps\/7pXfR\" target=\"_blank\">Veja Aqui<\/a><\/h6>\n<\/td>\n<\/tr>\n<tr>\n<td><strong>GUAIANAZES<\/strong><\/td>\n<td>28\/11\/2015<\/td>\n<td><em><strong>CEU JAMBEIRO<\/strong><\/em><br \/>\nAv. Jos\u00e9 Pinheiro Borges, 60<br \/>\nGuaianazes<\/td>\n<td>09h30<\/td>\n<td>\n<h6><a href=\"https:\/\/goo.gl\/maps\/DC0X9\" target=\"_blank\">Veja Aqui<\/a><\/h6>\n<\/td>\n<\/tr>\n<\/tbody>\n<\/table>\n<\/section>\n<p>&nbsp;<\/p>\n","protected":false},"excerpt":{"rendered":"<p>Confira o cronograma abaixo: SUBPREFEITURA DATA LOCAL DO EVENTO HOR\u00c1RIO COMO CHEGAR CAMPO LIMPO 07\/03\/2015 CEU CAMPO LIMPO Av. Carlos Lacerda, 678 Pirajussara 09h30 Veja Aqui S\u00c3O MIGUEL 14\/03\/2015 SUBPREFEITURA Rua Dona Ana Flora Pinheiro de Souza, 76 09h30 Veja Aqui PIRITUBA 21\/03\/2015 CEU PERA MARMELO Rua P\u00eara Marmelo, 226 Jaragu\u00e1 09h30 Veja Aqui JA\u00c7AN\u00c3&#8230;  <a class=\"excerpt-read-more\" href=\"https:\/\/www.saopaulo.sp.leg.br\/camaranoseubairro\/demandas\/demanda\/\" title=\"Read Demanda\">Ler mais &raquo;<\/a><\/p>\n","protected":false},"author":59,"featured_media":0,"parent":3656,"menu_order":40,"comment_status":"open","ping_status":"open","template":"page-view-demanda.php","meta":{"_acf_changed":false,"ngg_post_thumbnail":0,"footnotes":""},"class_list":["post-3673","page","type-page","status-publish","hentry"],"acf":[],"_links":{"self":[{"href":"https:\/\/www.saopaulo.sp.leg.br\/camaranoseubairro\/wp-json\/wp\/v2\/pages\/3673","targetHints":{"allow":["GET"]}}],"collection":[{"href":"https:\/\/www.saopaulo.sp.leg.br\/camaranoseubairro\/wp-json\/wp\/v2\/pages"}],"about":[{"href":"https:\/\/www.saopaulo.sp.leg.br\/camaranoseubairro\/wp-json\/wp\/v2\/types\/page"}],"author":[{"embeddable":true,"href":"https:\/\/www.saopaulo.sp.leg.br\/camaranoseubairro\/wp-json\/wp\/v2\/users\/59"}],"replies":[{"embeddable":true,"href":"https:\/\/www.saopaulo.sp.leg.br\/camaranoseubairro\/wp-json\/wp\/v2\/comments?post=3673"}],"version-history":[{"count":0,"href":"https:\/\/www.saopaulo.sp.leg.br\/camaranoseubairro\/wp-json\/wp\/v2\/pages\/3673\/revisions"}],"up":[{"embeddable":true,"href":"https:\/\/www.saopaulo.sp.leg.br\/camaranoseubairro\/wp-json\/wp\/v2\/pages\/3656"}],"wp:attachment":[{"href":"https:\/\/www.saopaulo.sp.leg.br\/camaranoseubairro\/wp-json\/wp\/v2\/media?parent=3673"}],"curies":[{"name":"wp","href":"https:\/\/api.w.org\/{rel}","templated":true}]}}