{"id":9476,"date":"2026-04-24T17:00:40","date_gmt":"2026-04-24T20:00:40","guid":{"rendered":"https:\/\/www.saopaulo.sp.leg.br\/audienciaspublicas\/?post_type=audiencia&#038;p=9476"},"modified":"2026-04-24T17:00:40","modified_gmt":"2026-04-24T20:00:40","slug":"urb03-29-04-2026","status":"publish","type":"audiencia","link":"https:\/\/www.saopaulo.sp.leg.br\/audienciaspublicas\/audiencia\/urb03-29-04-2026\/","title":{"rendered":"URB03-29-04-2026"},"content":{"rendered":"<div id=\"divCategoria#0\" class=\"divCategoriaClass\" data-codigocategoria=\"6\"><b>2\u00aa Audi\u00eancia P\u00fablica<\/b><\/p>\n<div id=\"divItemPauta_1\" class=\"itemPautaClass projeto\">\n<table>\n<tbody>\n<tr>\n<td>\n<table>\n<tbody>\n<tr>\n<th>1)\u00a0<a href=\"https:\/\/splegisconsulta.saopaulo.sp.leg.br\/Pesquisa\/DetailsMateriaTramitacaoLegislativa?tipo=1&amp;ano=2021&amp;numero=469\" target=\"_blank\" rel=\"noopener\">PL\u00a0469\/2021<\/a><\/th>\n<th>Ver. RUBINHO NUNES (UNI\u00c3O), Ver. MARCELO MESSIAS (MDB)<\/th>\n<\/tr>\n<tr>\n<td colspan=\"2\">Disp\u00f5e sobre o desconto do IPTU dos im\u00f3veis que tenham sistema de capta\u00e7\u00e3o de \u00e1gua da chuva para sua reutiliza\u00e7\u00e3o e d\u00e1 outras provid\u00eancias.<\/td>\n<\/tr>\n<tr>\n<td colspan=\"2\">Relator: Ver. DR. MURILLO LIMA (PP)<\/td>\n<\/tr>\n<\/tbody>\n<\/table>\n<\/td>\n<\/tr>\n<\/tbody>\n<\/table>\n<\/div>\n<div id=\"divItemPauta_2\" class=\"itemPautaClass projeto\">\n<table>\n<tbody>\n<tr>\n<td>\n<table>\n<tbody>\n<tr>\n<th>2)\u00a0<a href=\"https:\/\/splegisconsulta.saopaulo.sp.leg.br\/Pesquisa\/DetailsMateriaTramitacaoLegislativa?tipo=1&amp;ano=2023&amp;numero=433\" target=\"_blank\" rel=\"noopener\">PL\u00a0433\/2023<\/a><\/th>\n<th>Ver. LUNA ZARATTINI (PT)<\/th>\n<\/tr>\n<tr>\n<td colspan=\"2\">Disp\u00f5e sobre a disponibiliza\u00e7\u00e3o de servi\u00e7os veterin\u00e1rios nos CTAs que contam com canis, para atendimento de animais de companhia da popula\u00e7\u00e3o em situa\u00e7\u00e3o de rua.<\/td>\n<\/tr>\n<\/tbody>\n<\/table>\n<\/td>\n<\/tr>\n<\/tbody>\n<\/table>\n<\/div>\n<div id=\"divItemPauta_3\" class=\"itemPautaClass projeto\">\n<table>\n<tbody>\n<tr>\n<td>\n<table>\n<tbody>\n<tr>\n<th>3)\u00a0<a href=\"https:\/\/splegisconsulta.saopaulo.sp.leg.br\/Pesquisa\/DetailsMateriaTramitacaoLegislativa?tipo=1&amp;ano=2023&amp;numero=486\" target=\"_blank\" rel=\"noopener\">PL\u00a0486\/2023<\/a><\/th>\n<th>Ver. DRA. SANDRA TADEU (PL)<\/th>\n<\/tr>\n<tr>\n<td colspan=\"2\">Acrescenta artigo \u00e0 Lei n\u00ba 16.277, de 5 de outubro de 2015, para prever a implementa\u00e7\u00e3o de telhados verdes em pontos de \u00f4nibus estrat\u00e9gicos, a fim de ampliar a \u00e1rea sustent\u00e1vel no Munic\u00edpio de S\u00e3o Paulo e d\u00e1 outras provid\u00eancias.<\/td>\n<\/tr>\n<\/tbody>\n<\/table>\n<\/td>\n<\/tr>\n<\/tbody>\n<\/table>\n<\/div>\n<div id=\"divItemPauta_4\" class=\"itemPautaClass projeto\">\n<table>\n<tbody>\n<tr>\n<td>\n<table>\n<tbody>\n<tr>\n<th>4)\u00a0<a href=\"https:\/\/splegisconsulta.saopaulo.sp.leg.br\/Pesquisa\/DetailsMateriaTramitacaoLegislativa?tipo=1&amp;ano=2025&amp;numero=259\" target=\"_blank\" rel=\"noopener\">PL\u00a0259\/2025<\/a><\/th>\n<th>Ver. SANS\u00c3O PEREIRA (REPUBLICANOS)<\/th>\n<\/tr>\n<tr>\n<td colspan=\"2\">Cria o Selo Municipal Sustent\u00e1vel para Condom\u00ednios Residenciais que adotam pr\u00e1ticas sustent\u00e1veis no \u00e2mbito do munic\u00edpio de S\u00e3o Paulo.<\/td>\n<\/tr>\n<tr>\n<td colspan=\"2\">Relator: Ver. MARINA BRAGANTE (REDE)<\/td>\n<\/tr>\n<\/tbody>\n<\/table>\n<\/td>\n<\/tr>\n<\/tbody>\n<\/table>\n<\/div>\n<div id=\"divItemPauta_5\" class=\"itemPautaClass projeto\">\n<table>\n<tbody>\n<tr>\n<td>\n<table>\n<tbody>\n<tr>\n<th>5)\u00a0<a href=\"https:\/\/splegisconsulta.saopaulo.sp.leg.br\/Pesquisa\/DetailsMateriaTramitacaoLegislativa?tipo=1&amp;ano=2025&amp;numero=273\" target=\"_blank\" rel=\"noopener\">PL\u00a0273\/2025<\/a><\/th>\n<th>Ver. ZOE MART\u00cdNEZ (PL)<\/th>\n<\/tr>\n<tr>\n<td colspan=\"2\">Altera a Lei Municipal n\u00ba 11.359, de 17 de maio de 1993, que pro\u00edbe a realiza\u00e7\u00e3o de rodeios, touradas ou eventos similares, e d\u00e1 outras provid\u00eancias.<\/td>\n<\/tr>\n<tr>\n<td colspan=\"2\">Relator: Ver. DR. MURILLO LIMA (PP)<\/td>\n<\/tr>\n<\/tbody>\n<\/table>\n<\/td>\n<\/tr>\n<\/tbody>\n<\/table>\n<\/div>\n<div id=\"divItemPauta_6\" class=\"itemPautaClass projeto\">\n<table>\n<tbody>\n<tr>\n<td>\n<table>\n<tbody>\n<tr>\n<th>6)\u00a0<a href=\"https:\/\/splegisconsulta.saopaulo.sp.leg.br\/Pesquisa\/DetailsMateriaTramitacaoLegislativa?tipo=1&amp;ano=2025&amp;numero=311\" target=\"_blank\" rel=\"noopener\">PL\u00a0311\/2025<\/a><\/th>\n<th>Ver. SIMONE GANEM (PODE)<\/th>\n<\/tr>\n<tr>\n<td colspan=\"2\">Pro\u00edbe o uso de viol\u00eancia f\u00edsica e psicol\u00f3gica no adestramento de animais dom\u00e9sticos.<\/td>\n<\/tr>\n<tr>\n<td colspan=\"2\">Relator: Ver. DR. MURILLO LIMA (PP)<\/td>\n<\/tr>\n<\/tbody>\n<\/table>\n<\/td>\n<\/tr>\n<\/tbody>\n<\/table>\n<\/div>\n<div id=\"divItemPauta_7\" class=\"itemPautaClass projeto\">\n<table>\n<tbody>\n<tr>\n<td>\n<table>\n<tbody>\n<tr>\n<th>7)\u00a0<a href=\"https:\/\/splegisconsulta.saopaulo.sp.leg.br\/Pesquisa\/DetailsMateriaTramitacaoLegislativa?tipo=1&amp;ano=2025&amp;numero=373\" target=\"_blank\" rel=\"noopener\">PL\u00a0373\/2025<\/a><\/th>\n<th>Ver. SENIVAL MOURA (PT)<\/th>\n<\/tr>\n<tr>\n<td colspan=\"2\">Altera a Lei n\u00ba 17.975, de 8 de julho de 2023, que disp\u00f5e sobre a revis\u00e3o intermedi\u00e1ria do Plano Diretor Estrat\u00e9gico do Munic\u00edpio de S\u00e3o Paulo, e insere os Incisos III e IV do Art. 15, bem como altera a reda\u00e7\u00e3o do par\u00e1grafo 5\u00ba.<\/td>\n<\/tr>\n<\/tbody>\n<\/table>\n<\/td>\n<\/tr>\n<\/tbody>\n<\/table>\n<\/div>\n<div id=\"divItemPauta_8\" class=\"itemPautaClass projeto\">\n<table>\n<tbody>\n<tr>\n<td>\n<table>\n<tbody>\n<tr>\n<th>8)\u00a0<a href=\"https:\/\/splegisconsulta.saopaulo.sp.leg.br\/Pesquisa\/DetailsMateriaTramitacaoLegislativa?tipo=1&amp;ano=2025&amp;numero=405\" target=\"_blank\" rel=\"noopener\">PL\u00a0405\/2025<\/a><\/th>\n<th>Ver. KENJI ITO (PODE), Ver. PASTORA SANDRA ALVES (UNI\u00c3O)<\/th>\n<\/tr>\n<tr>\n<td colspan=\"2\">Altera o art. 147 da Lei 16.402 de 2016, que disp\u00f5e sobre o hor\u00e1rio de funcionamento de estabelecimentos que comercializem bebida alco\u00f3lica.<\/td>\n<\/tr>\n<\/tbody>\n<\/table>\n<\/td>\n<\/tr>\n<\/tbody>\n<\/table>\n<\/div>\n<div id=\"divItemPauta_9\" class=\"itemPautaClass projeto\">\n<table>\n<tbody>\n<tr>\n<td>\n<table>\n<tbody>\n<tr>\n<th>9)\u00a0<a href=\"https:\/\/splegisconsulta.saopaulo.sp.leg.br\/Pesquisa\/DetailsMateriaTramitacaoLegislativa?tipo=1&amp;ano=2025&amp;numero=406\" target=\"_blank\" rel=\"noopener\">PL\u00a0406\/2025<\/a><\/th>\n<th>Ver. PROFESSOR TONINHO VESPOLI (PSOL)<\/th>\n<\/tr>\n<tr>\n<td colspan=\"2\">Disp\u00f5e sobre a promo\u00e7\u00e3o da Pol\u00edtica Alimentar Sustent\u00e1vel e a Redu\u00e7\u00e3o do Impacto Ambiental e prote\u00e7\u00e3o de esp\u00e9cies no Munic\u00edpio de S\u00e3o Paulo, e d\u00e1 outras provid\u00eancias.<\/td>\n<\/tr>\n<\/tbody>\n<\/table>\n<\/td>\n<\/tr>\n<\/tbody>\n<\/table>\n<\/div>\n<div id=\"divItemPauta_10\" class=\"itemPautaClass projeto\">\n<table>\n<tbody>\n<tr>\n<td>\n<table>\n<tbody>\n<tr>\n<th>10)\u00a0<a href=\"https:\/\/splegisconsulta.saopaulo.sp.leg.br\/Pesquisa\/DetailsMateriaTramitacaoLegislativa?tipo=1&amp;ano=2025&amp;numero=520\" target=\"_blank\" rel=\"noopener\">PL\u00a0520\/2025<\/a><\/th>\n<th>Ver. ELISEU GABRIEL (PSB)<\/th>\n<\/tr>\n<tr>\n<td colspan=\"2\">Autoriza a cria\u00e7\u00e3o do Parque Bosque dos Salesianos, na subprefeitura da Lapa e d\u00e1 outras provid\u00eancias.<\/td>\n<\/tr>\n<\/tbody>\n<\/table>\n<\/td>\n<\/tr>\n<\/tbody>\n<\/table>\n<\/div>\n<div id=\"divItemPauta_11\" class=\"itemPautaClass projeto\">\n<table>\n<tbody>\n<tr>\n<td>\n<table>\n<tbody>\n<tr>\n<th>11)\u00a0<a href=\"https:\/\/splegisconsulta.saopaulo.sp.leg.br\/Pesquisa\/DetailsMateriaTramitacaoLegislativa?tipo=1&amp;ano=2025&amp;numero=582\" target=\"_blank\" rel=\"noopener\">PL\u00a0582\/2025<\/a><\/th>\n<th>Ver. GEORGE HATO (MDB), Ver. SILVINHO LEITE (UNI\u00c3O), Ver. SANS\u00c3O PEREIRA (REPUBLICANOS)<\/th>\n<\/tr>\n<tr>\n<td colspan=\"2\">Institui o programa &#8220;Encontre seu Pet&#8221; no munic\u00edpio de S\u00e3o Paulo, que consiste na cria\u00e7\u00e3o de uma plataforma digital com geolocaliza\u00e7\u00e3o e alertas em tempo real para localiza\u00e7\u00e3o de animais desaparecidos, e d\u00e1 outras provid\u00eancias.<\/td>\n<\/tr>\n<tr>\n<td colspan=\"2\">Relator: Ver. DR. MURILLO LIMA (PP)<\/td>\n<\/tr>\n<\/tbody>\n<\/table>\n<\/td>\n<\/tr>\n<\/tbody>\n<\/table>\n<\/div>\n<div id=\"divItemPauta_12\" class=\"itemPautaClass projeto\">\n<table>\n<tbody>\n<tr>\n<td>\n<table>\n<tbody>\n<tr>\n<th>12)\u00a0<a href=\"https:\/\/splegisconsulta.saopaulo.sp.leg.br\/Pesquisa\/DetailsMateriaTramitacaoLegislativa?tipo=1&amp;ano=2025&amp;numero=633\" target=\"_blank\" rel=\"noopener\">PL\u00a0633\/2025<\/a><\/th>\n<th>Ver. CRIS MONTEIRO (NOVO)<\/th>\n<\/tr>\n<tr>\n<td colspan=\"2\">Institui o Selo Municipal de Sustentabilidade a empreendimentos que implementarem o conceito de desenvolvimento sustent\u00e1vel como pilar crucial para o seu funcionamento e atua\u00e7\u00e3o, contribuindo para a redu\u00e7\u00e3o dos impactos ao meio ambiente.<\/td>\n<\/tr>\n<\/tbody>\n<\/table>\n<\/td>\n<\/tr>\n<\/tbody>\n<\/table>\n<\/div>\n<div id=\"divItemPauta_13\" class=\"itemPautaClass projeto\">\n<table>\n<tbody>\n<tr>\n<td>\n<table>\n<tbody>\n<tr>\n<th>13)\u00a0<a href=\"https:\/\/splegisconsulta.saopaulo.sp.leg.br\/Pesquisa\/DetailsMateriaTramitacaoLegislativa?tipo=1&amp;ano=2025&amp;numero=701\" target=\"_blank\" rel=\"noopener\">PL\u00a0701\/2025<\/a><\/th>\n<th>Ver. MAJOR PALUMBO (PP), Ver. CRIS MONTEIRO (NOVO), Ver. SANS\u00c3O PEREIRA (REPUBLICANOS), Ver. SANDRA SANTANA (MDB)<\/th>\n<\/tr>\n<tr>\n<td colspan=\"2\">Autoriza o Poder Executivo a utilizar imagens captadas pelo sistema SmartSampa para aplica\u00e7\u00e3o de multas por descarte irregular de res\u00edduos s\u00f3lidos a partir da identifica\u00e7\u00e3o da placa do ve\u00edculo infrator, no \u00e2mbito do Munic\u00edpio de S\u00e3o Paulo.<\/td>\n<\/tr>\n<tr>\n<td colspan=\"2\">Relator: Ver. MARINA BRAGANTE (REDE)<\/td>\n<\/tr>\n<\/tbody>\n<\/table>\n<\/td>\n<\/tr>\n<\/tbody>\n<\/table>\n<\/div>\n<div id=\"divItemPauta_14\" class=\"itemPautaClass projeto\">\n<table>\n<tbody>\n<tr>\n<td>\n<table>\n<tbody>\n<tr>\n<th>14)\u00a0<a href=\"https:\/\/splegisconsulta.saopaulo.sp.leg.br\/Pesquisa\/DetailsMateriaTramitacaoLegislativa?tipo=1&amp;ano=2025&amp;numero=751\" target=\"_blank\" rel=\"noopener\">PL\u00a0751\/2025<\/a><\/th>\n<th>Ver. PROFESSOR TONINHO VESPOLI (PSOL)<\/th>\n<\/tr>\n<tr>\n<td colspan=\"2\">Autoriza o executivo a retirar materiais contendo amianto (MCA) das escolas p\u00fablicas municipais, e d\u00e1 outras provid\u00eancias.<\/td>\n<\/tr>\n<\/tbody>\n<\/table>\n<\/td>\n<\/tr>\n<\/tbody>\n<\/table>\n<\/div>\n<div id=\"divItemPauta_15\" class=\"itemPautaClass projeto\">\n<table>\n<tbody>\n<tr>\n<td>\n<table>\n<tbody>\n<tr>\n<th>15)\u00a0<a href=\"https:\/\/splegisconsulta.saopaulo.sp.leg.br\/Pesquisa\/DetailsMateriaTramitacaoLegislativa?tipo=1&amp;ano=2025&amp;numero=756\" target=\"_blank\" rel=\"noopener\">PL\u00a0756\/2025<\/a><\/th>\n<th>Ver. DRA. SANDRA TADEU (PL)<\/th>\n<\/tr>\n<tr>\n<td colspan=\"2\">Altera o Par\u00e1grafo \u00danico do Art. 16 da Lei Municipal n\u00ba 13.131 de 18 de maio de 2001, que disp\u00f5e sobre a responsabilidade do condutor de animal em vias e logradouros p\u00fablicos, e d\u00e1 outras provid\u00eancias.<\/td>\n<\/tr>\n<tr>\n<td colspan=\"2\">Relator: Ver. DR. MURILLO LIMA (PP)<\/td>\n<\/tr>\n<\/tbody>\n<\/table>\n<\/td>\n<\/tr>\n<\/tbody>\n<\/table>\n<\/div>\n<div id=\"divItemPauta_16\" class=\"itemPautaClass projeto\">\n<table>\n<tbody>\n<tr>\n<td>\n<table>\n<tbody>\n<tr>\n<th>16)\u00a0<a href=\"https:\/\/splegisconsulta.saopaulo.sp.leg.br\/Pesquisa\/DetailsMateriaTramitacaoLegislativa?tipo=1&amp;ano=2025&amp;numero=798\" target=\"_blank\" rel=\"noopener\">PL\u00a0798\/2025<\/a><\/th>\n<th>Ver. DR. MURILLO LIMA (PP)<\/th>\n<\/tr>\n<tr>\n<td colspan=\"2\">Institui o Selo \u201cLivre de Crueldade\u201d e disp\u00f5e sobre a prefer\u00eancia, pela Administra\u00e7\u00e3o P\u00fablica do Munic\u00edpio de S\u00e3o Paulo, na contrata\u00e7\u00e3o de produtos e servi\u00e7os certificados como livres de crueldade animal, e d\u00e1 outras provid\u00eancias.<\/td>\n<\/tr>\n<tr>\n<td colspan=\"2\">Relator: Ver. DANILO DO POSTO DE SA\u00daDE (PODE)<\/td>\n<\/tr>\n<\/tbody>\n<\/table>\n<\/td>\n<\/tr>\n<\/tbody>\n<\/table>\n<\/div>\n<div id=\"divItemPauta_17\" class=\"itemPautaClass projeto\">\n<table>\n<tbody>\n<tr>\n<td>\n<table>\n<tbody>\n<tr>\n<th>17)\u00a0<a href=\"https:\/\/splegisconsulta.saopaulo.sp.leg.br\/Pesquisa\/DetailsMateriaTramitacaoLegislativa?tipo=1&amp;ano=2025&amp;numero=849\" target=\"_blank\" rel=\"noopener\">PL\u00a0849\/2025<\/a><\/th>\n<th>Ver. SIMONE GANEM (PODE)<\/th>\n<\/tr>\n<tr>\n<td colspan=\"2\">Institui campanha de conscientiza\u00e7\u00e3o sobre a identifica\u00e7\u00e3o de c\u00e3es e gatos no \u00e2mbito do Munic\u00edpio de S\u00e3o Paulo.<\/td>\n<\/tr>\n<\/tbody>\n<\/table>\n<\/td>\n<\/tr>\n<\/tbody>\n<\/table>\n<\/div>\n<div id=\"divItemPauta_18\" class=\"itemPautaClass projeto\">\n<table>\n<tbody>\n<tr>\n<td>\n<table>\n<tbody>\n<tr>\n<th>18)\u00a0<a href=\"https:\/\/splegisconsulta.saopaulo.sp.leg.br\/Pesquisa\/DetailsMateriaTramitacaoLegislativa?tipo=1&amp;ano=2025&amp;numero=907\" target=\"_blank\" rel=\"noopener\">PL\u00a0907\/2025<\/a><\/th>\n<th>Ver. DR. MURILLO LIMA (PP)<\/th>\n<\/tr>\n<tr>\n<td colspan=\"2\">Disp\u00f5e sobre san\u00e7\u00f5es administrativas aplic\u00e1veis, no \u00e2mbito da cidade de S\u00e3o Paulo, \u00e0s pessoas que praticarem atos de zoofilia, e d\u00e1 outras provid\u00eancias.<\/td>\n<\/tr>\n<tr>\n<td colspan=\"2\">Relator: Ver. DANILO DO POSTO DE SA\u00daDE (PODE)<\/td>\n<\/tr>\n<\/tbody>\n<\/table>\n<\/td>\n<\/tr>\n<\/tbody>\n<\/table>\n<\/div>\n<div id=\"divItemPauta_19\" class=\"itemPautaClass projeto\">\n<table>\n<tbody>\n<tr>\n<td>\n<table>\n<tbody>\n<tr>\n<th>19)\u00a0<a href=\"https:\/\/splegisconsulta.saopaulo.sp.leg.br\/Pesquisa\/DetailsMateriaTramitacaoLegislativa?tipo=1&amp;ano=2025&amp;numero=1042\" target=\"_blank\" rel=\"noopener\">PL\u00a01042\/2025<\/a><\/th>\n<th>Ver. JANAINA PASCHOAL (PP), Ver. SILVINHO LEITE (UNI\u00c3O)<\/th>\n<\/tr>\n<tr>\n<td colspan=\"2\">Altera a Lei n\u00ba 13.131, de 18 de maio de 2001, que disciplina a cria\u00e7\u00e3o, propriedade, posse, guarda, uso e transporte de c\u00e3es e gatos no Munic\u00edpio de S\u00e3o Paulo, em especial para elevar as multas aplicadas \u00e0 condu\u00e7\u00e3o e guarda irrespons\u00e1veis de c\u00e3es, com destaque para os das ra\u00e7as mastim napolitano, pit bull, rottweiler, american stafforshire terrier, ou seus derivados e varia\u00e7\u00f5es.<\/td>\n<\/tr>\n<tr>\n<td colspan=\"2\">Relator: Ver. DR. MURILLO LIMA (PP)<\/td>\n<\/tr>\n<\/tbody>\n<\/table>\n<\/td>\n<\/tr>\n<\/tbody>\n<\/table>\n<\/div>\n<div id=\"divItemPauta_20\" class=\"itemPautaClass projeto\">\n<table>\n<tbody>\n<tr>\n<td>\n<table>\n<tbody>\n<tr>\n<th>20)\u00a0<a href=\"https:\/\/splegisconsulta.saopaulo.sp.leg.br\/Pesquisa\/DetailsMateriaTramitacaoLegislativa?tipo=1&amp;ano=2025&amp;numero=1067\" target=\"_blank\" rel=\"noopener\">PL\u00a01067\/2025<\/a><\/th>\n<th>Ver. SONAIRA FERNANDES (PL)<\/th>\n<\/tr>\n<tr>\n<td colspan=\"2\">Disp\u00f5e sobre regras de circula\u00e7\u00e3o e perman\u00eancia de c\u00e3es de ra\u00e7as potencialmente agressivas em espa\u00e7os p\u00fablicos e privados de acesso coletivo no Munic\u00edpio de S\u00e3o Paulo, e d\u00e1 outras provid\u00eancias.<\/td>\n<\/tr>\n<tr>\n<td colspan=\"2\">Relator: Ver. DR. MURILLO LIMA (PP)<\/td>\n<\/tr>\n<\/tbody>\n<\/table>\n<\/td>\n<\/tr>\n<\/tbody>\n<\/table>\n<\/div>\n<div id=\"divItemPauta_21\" class=\"itemPautaClass projeto\">\n<table>\n<tbody>\n<tr>\n<td>\n<table>\n<tbody>\n<tr>\n<th>21)\u00a0<a href=\"https:\/\/splegisconsulta.saopaulo.sp.leg.br\/Pesquisa\/DetailsMateriaTramitacaoLegislativa?tipo=1&amp;ano=2025&amp;numero=1079\" target=\"_blank\" rel=\"noopener\">PL\u00a01079\/2025<\/a><\/th>\n<th>Ver. DR. MURILLO LIMA (PP)<\/th>\n<\/tr>\n<tr>\n<td colspan=\"2\">Disp\u00f5e sobre a cria\u00e7\u00e3o do Selo &#8220;Escola Amiga dos Animais&#8221; no Munic\u00edpio de S\u00e3o Paulo e d\u00e1 outras provid\u00eancias.<\/td>\n<\/tr>\n<tr>\n<td colspan=\"2\">Relator: Ver. DANILO DO POSTO DE SA\u00daDE (PODE)<\/td>\n<\/tr>\n<\/tbody>\n<\/table>\n<\/td>\n<\/tr>\n<\/tbody>\n<\/table>\n<\/div>\n<div id=\"divItemPauta_22\" class=\"itemPautaClass projeto\">\n<table>\n<tbody>\n<tr>\n<td>\n<table>\n<tbody>\n<tr>\n<th>22)\u00a0<a href=\"https:\/\/splegisconsulta.saopaulo.sp.leg.br\/Pesquisa\/DetailsMateriaTramitacaoLegislativa?tipo=1&amp;ano=2025&amp;numero=1082\" target=\"_blank\" rel=\"noopener\">PL\u00a01082\/2025<\/a><\/th>\n<th>Ver. DR. MURILLO LIMA (PP), Ver. ELY TERUEL (MDB), Ver. PROFESSOR TONINHO VESPOLI (PSOL)<\/th>\n<\/tr>\n<tr>\n<td colspan=\"2\">Disp\u00f5e sobre a veda\u00e7\u00e3o do acorrentamento de c\u00e3es e gatos no Munic\u00edpio de S\u00e3o Paulo, e d\u00e1 outras provid\u00eancias.<\/td>\n<\/tr>\n<\/tbody>\n<\/table>\n<\/td>\n<\/tr>\n<\/tbody>\n<\/table>\n<\/div>\n<div id=\"divItemPauta_23\" class=\"itemPautaClass projeto\">\n<table>\n<tbody>\n<tr>\n<td>\n<table>\n<tbody>\n<tr>\n<th>23)\u00a0<a href=\"https:\/\/splegisconsulta.saopaulo.sp.leg.br\/Pesquisa\/DetailsMateriaTramitacaoLegislativa?tipo=1&amp;ano=2025&amp;numero=1390\" target=\"_blank\" rel=\"noopener\">PL\u00a01390\/2025<\/a><\/th>\n<th>Ver. SILVINHO LEITE (UNI\u00c3O), Ver. SANS\u00c3O PEREIRA (REPUBLICANOS)<\/th>\n<\/tr>\n<tr>\n<td colspan=\"2\">Institui o Programa Bolsa Pet Cidad\u00e3o no \u00e2mbito do Munic\u00edpio de S\u00e3o Paulo e d\u00e1 outras provid\u00eancias<\/td>\n<\/tr>\n<tr>\n<td colspan=\"2\">Relator: Ver. ISAC F\u00c9LIX (PL)<\/td>\n<\/tr>\n<\/tbody>\n<\/table>\n<\/td>\n<\/tr>\n<\/tbody>\n<\/table>\n<\/div>\n<\/div>\n<div id=\"divCategoria#1\" class=\"divCategoriaClass\" data-codigocategoria=\"6\"><b>1\u00aa Audi\u00eancia P\u00fablica<\/b><\/p>\n<div id=\"divItemPauta_24\" class=\"itemPautaClass projeto\">\n<table>\n<tbody>\n<tr>\n<td>\n<table>\n<tbody>\n<tr>\n<th>24)\u00a0<a href=\"https:\/\/splegisconsulta.saopaulo.sp.leg.br\/Pesquisa\/DetailsMateriaTramitacaoLegislativa?tipo=1&amp;ano=2025&amp;numero=1489\" target=\"_blank\" rel=\"noopener\">PL\u00a01489\/2025<\/a><\/th>\n<th>Ver. FABIO RIVA (MDB), Ver. SILVINHO LEITE (UNI\u00c3O)<\/th>\n<\/tr>\n<tr>\n<td colspan=\"2\">Altera a Lei n\u00ba 17.734\/2022, de 17 de Janeiro de 2022 [Regulamenta, no \u00e2mbito do Munic\u00edpio de S\u00e3o Paulo, os procedimentos aplic\u00e1veis \u00e0 Regulariza\u00e7\u00e3o Fundi\u00e1ria]<\/td>\n<\/tr>\n<\/tbody>\n<\/table>\n<\/td>\n<\/tr>\n<\/tbody>\n<\/table>\n<\/div>\n<div id=\"divItemPauta_25\" class=\"itemPautaClass projeto\">\n<table>\n<tbody>\n<tr>\n<td>\n<table>\n<tbody>\n<tr>\n<th>25)\u00a0<a href=\"https:\/\/splegisconsulta.saopaulo.sp.leg.br\/Pesquisa\/DetailsMateriaTramitacaoLegislativa?tipo=1&amp;ano=2025&amp;numero=948\" target=\"_blank\" rel=\"noopener\">PL\u00a0948\/2025<\/a><\/th>\n<th>Ver. GABRIEL ABREU (PODE)<\/th>\n<\/tr>\n<tr>\n<td colspan=\"2\">Altera o C\u00f3digo de Obras e Edifica\u00e7\u00f5es do Munic\u00edpio de S\u00e3o Paulo (Lei n\u00ba 16.642\/2017 e Decreto n\u00ba 57.776\/2017) para redefinir par\u00e2metros de utiliza\u00e7\u00e3o de jiraus, ampliando a ocupa\u00e7\u00e3o m\u00e1xima permitida para 70% da \u00e1rea do compartimento e fixando o p\u00e9-direito m\u00e1ximo em 2,40m.<\/td>\n<\/tr>\n<\/tbody>\n<\/table>\n<\/td>\n<\/tr>\n<\/tbody>\n<\/table>\n<\/div>\n<div id=\"divItemPauta_26\" class=\"itemPautaClass projeto\">\n<table>\n<tbody>\n<tr>\n<td>\n<table>\n<tbody>\n<tr>\n<th>26)\u00a0<a href=\"https:\/\/splegisconsulta.saopaulo.sp.leg.br\/Pesquisa\/DetailsMateriaTramitacaoLegislativa?tipo=1&amp;ano=2025&amp;numero=763\" target=\"_blank\" rel=\"noopener\">PL\u00a0763\/2025<\/a><\/th>\n<th>Ver. ELY TERUEL (MDB), Ver. SILVINHO LEITE (UNI\u00c3O)<\/th>\n<\/tr>\n<tr>\n<td colspan=\"2\">Altera a Lei n\u00ba 18.269, de 09 de junho de 2025, para incluir a proibi\u00e7\u00e3o da pintura est\u00e9tica em animais no Munic\u00edpio de S\u00e3o Paulo.<\/td>\n<\/tr>\n<tr>\n<td colspan=\"2\">Relator: Ver. DR. MURILLO LIMA (PP)<\/td>\n<\/tr>\n<\/tbody>\n<\/table>\n<\/td>\n<\/tr>\n<\/tbody>\n<\/table>\n<\/div>\n<div id=\"divItemPauta_27\" class=\"itemPautaClass projeto\">\n<table>\n<tbody>\n<tr>\n<td>\n<table>\n<tbody>\n<tr>\n<th>27)\u00a0<a href=\"https:\/\/splegisconsulta.saopaulo.sp.leg.br\/Pesquisa\/DetailsMateriaTramitacaoLegislativa?tipo=1&amp;ano=2025&amp;numero=324\" target=\"_blank\" rel=\"noopener\">PL\u00a0324\/2025<\/a><\/th>\n<th>Ver. GILBERTO NASCIMENTO (PL), Ver. SIMONE GANEM (PODE), Ver. SILVINHO LEITE (UNI\u00c3O)<\/th>\n<\/tr>\n<tr>\n<td colspan=\"2\">Obriga o poder Executivo Municipal a enviar notifica\u00e7\u00f5es de alerta aos mun\u00edcipes sobre a\u00e7\u00f5es da coleta domiciliar seletiva e o cata bagulho, no \u00e2mbito do munic\u00edpio de S\u00e3o Paulo, e da outras provid\u00eancias.<\/td>\n<\/tr>\n<\/tbody>\n<\/table>\n<\/td>\n<\/tr>\n<\/tbody>\n<\/table>\n<\/div>\n<div id=\"divItemPauta_28\" class=\"itemPautaClass projeto\">\n<table>\n<tbody>\n<tr>\n<td>\n<table>\n<tbody>\n<tr>\n<th>28)\u00a0<a href=\"https:\/\/splegisconsulta.saopaulo.sp.leg.br\/Pesquisa\/DetailsMateriaTramitacaoLegislativa?tipo=1&amp;ano=2025&amp;numero=799\" target=\"_blank\" rel=\"noopener\">PL\u00a0799\/2025<\/a><\/th>\n<th>Ver. CRIS MONTEIRO (NOVO)<\/th>\n<\/tr>\n<tr>\n<td colspan=\"2\">Disp\u00f5e sobre a veda\u00e7\u00e3o a manifesta\u00e7\u00f5es de car\u00e1ter antissemita no \u00e2mbito do Munic\u00edpio de S\u00e3o Paulo e d\u00e1 outras provid\u00eancias.<\/td>\n<\/tr>\n<tr>\n<td colspan=\"2\">Relator: Ver. ISAC F\u00c9LIX (PL)<\/td>\n<\/tr>\n<\/tbody>\n<\/table>\n<\/td>\n<\/tr>\n<\/tbody>\n<\/table>\n<p>Local: Audit\u00f3rio Prestes Maia (1\u00ba andar)<\/p>\n<p>As inscri\u00e7\u00f5es para participa\u00e7\u00e3o virtual nesta Audi\u00eancia P\u00fablica se encerrar\u00e3o \u00e0s 19h do dia 28\/04\/2026.<\/p>\n<\/div>\n<\/div>\n","protected":false},"template":"","meta":{"_acf_changed":false,"footnotes":""},"class_list":["post-9476","audiencia","type-audiencia","status-publish","hentry"],"acf":{"ap_agenda":"2026-04-29 13:00:00","ap_agenda_fim":"2026-04-29 14:00:00","ap_inscricao":"Inscri\u00e7\u00f5es abertas","ap_comissao":"Comiss\u00e3o de Pol\u00edtica Urbana, Metropolitana e Meio Ambiente","ap_contato":"urb@saopaulo.sp.leg.br","ap_colabore":1,"ap_form_inscricoes":11,"link_teleconferencia":"https:\/\/teams.microsoft.com\/meet\/26182941413017?p=2e363Z3TorZAXn5lnq"},"_links":{"self":[{"href":"https:\/\/www.saopaulo.sp.leg.br\/audienciaspublicas\/wp-json\/wp\/v2\/audiencia\/9476","targetHints":{"allow":["GET"]}}],"collection":[{"href":"https:\/\/www.saopaulo.sp.leg.br\/audienciaspublicas\/wp-json\/wp\/v2\/audiencia"}],"about":[{"href":"https:\/\/www.saopaulo.sp.leg.br\/audienciaspublicas\/wp-json\/wp\/v2\/types\/audiencia"}],"version-history":[{"count":1,"href":"https:\/\/www.saopaulo.sp.leg.br\/audienciaspublicas\/wp-json\/wp\/v2\/audiencia\/9476\/revisions"}],"predecessor-version":[{"id":9477,"href":"https:\/\/www.saopaulo.sp.leg.br\/audienciaspublicas\/wp-json\/wp\/v2\/audiencia\/9476\/revisions\/9477"}],"wp:attachment":[{"href":"https:\/\/www.saopaulo.sp.leg.br\/audienciaspublicas\/wp-json\/wp\/v2\/media?parent=9476"}],"curies":[{"name":"wp","href":"https:\/\/api.w.org\/{rel}","templated":true}]}}