{"id":7857,"date":"2025-06-09T18:49:45","date_gmt":"2025-06-09T21:49:45","guid":{"rendered":"https:\/\/www.saopaulo.sp.leg.br\/audienciaspublicas\/?post_type=audiencia&#038;p=7857"},"modified":"2025-06-11T10:22:38","modified_gmt":"2025-06-11T13:22:38","slug":"econ05-11-06-2025","status":"publish","type":"audiencia","link":"https:\/\/www.saopaulo.sp.leg.br\/audienciaspublicas\/audiencia\/econ05-11-06-2025\/","title":{"rendered":"ECON05-11-06-2025"},"content":{"rendered":"<p>Audi\u00eancia P\u00fablica<\/p>\n<p>1) PL 306\/2019 Ver. RUTE COSTA (PL)<br \/>\nDISP\u00d5E SOBRE A OBRIGATORIEDADE DE INSTALA\u00c7\u00c3O DE FAIXA DE PEDESTRES NOS LOCAIS DE TEMPLO DE QUALQUER CULTO.<br \/>\nRelator: Ver. PASTORA SANDRA ALVES (UNI\u00c3O)<\/p>\n<p>2) PL 693\/2023 Ver. RICARDO TEIXEIRA (UNI\u00c3O), Ver. PROFESSOR TONINHO VESPOLI (PSOL), Ver. RENATA FALZONI (PSB), Ver. PAULO FRANGE (MDB)<br \/>\nInstitui, no Mun\u00edcipio de S\u00e3o Paulo, a necessidade de majora\u00e7\u00e3o do per\u00edodo de utiliza\u00e7\u00e3o do bilhete \u00fanico para pagamento de tarifas no Servi\u00e7o de Transporte Coletivo P\u00fablico de Passageiros na Cidade de S\u00e3o Paulo, j\u00e1 existente nos dias \u00fateis, bem como alterar aos domingos e feriados, passando estes a serem per\u00edodos de gratuidade, dando outras provid\u00eancias.<br \/>\nRelator: Ver. PASTORA SANDRA ALVES (UNI\u00c3O)<\/p>\n<p>Projetos em 2\u00aa Audi\u00eancia P\u00fablica<\/p>\n<p>3) PL 577\/2024 Ver. CARLOS BEZERRA JR. (PSD), Ver. SILVINHO LEITE (UNI\u00c3O), Ver. KEIT LIMA (PSOL)<br \/>\nInstitui o Programa de Prote\u00e7\u00e3o \u00e0 Inf\u00e2ncia no Ambiente Digital e disp\u00f5e sobre a obrigatoriedade de implementa\u00e7\u00e3o de m\u00e9todos de verifica\u00e7\u00e3o de idade por empresas provedoras de aplica\u00e7\u00f5es de internet e provedores de conex\u00e3o \u00e0 internet no Munic\u00edpio de S\u00e3o Paulo e d\u00e1 outras provid\u00eancias.<\/p>\n<p>4) PL 720\/2024 Ver. MILTON LEITE (UNI\u00c3O), Ver. SILV\u00c3O LEITE (UNI\u00c3O), Ver. SILVINHO LEITE (UNI\u00c3O), Ver. PASTORA SANDRA ALVES (UNI\u00c3O), Ver. MARCELO MESSIAS (MDB)<br \/>\nAltera a Lei n\u00ba 13.697, de 22 de setembro de 2003, a fim de criar o Programa de Transporte Municipal Gratuito &#8211; Vem Social, no munic\u00edpio de S\u00e3o Paulo, e d\u00e1 outras provid\u00eancias.<\/p>\n<p>Local: Plen\u00e1rio 1\u00ba de Maio (1\u00ba andar)<\/p>\n<p>As inscri\u00e7\u00f5es para participa\u00e7\u00e3o virtual nesta Audi\u00eancia P\u00fablica se encerrar\u00e3o \u00e0s 17h do dia 10\/06\/2025.<\/p>\n","protected":false},"template":"","meta":{"_acf_changed":false,"footnotes":""},"class_list":["post-7857","audiencia","type-audiencia","status-publish","hentry"],"acf":{"ap_agenda":"2025-06-11 12:00:00","ap_agenda_fim":"2025-06-11 14:00:00","ap_inscricao":"Inscri\u00e7\u00f5es encerradas","ap_comissao":"Comiss\u00e3o de Tr\u00e2nsito, Transporte e Atividade Econ\u00f4mica","ap_contato":"transito@saopaulo.sp.leg.br","ap_colabore":1,"ap_form_inscricoes":18,"link_teleconferencia":"https:\/\/teams.microsoft.com\/l\/meetup-join\/19%3ameeting_NmE5MTk2NDAtNjJjNC00ZGNjLTlhN2EtMDNjNzI2NjI3MDc1%40thread.v2\/0?context=%7b%22Tid%22%3a%227957948c-6ecd-4471-8dcf-a301702d306c%22%2c%22Oid%22%3a%22f7b96643-0497-454f-8065-e24535f0ceb9%22%7d"},"_links":{"self":[{"href":"https:\/\/www.saopaulo.sp.leg.br\/audienciaspublicas\/wp-json\/wp\/v2\/audiencia\/7857","targetHints":{"allow":["GET"]}}],"collection":[{"href":"https:\/\/www.saopaulo.sp.leg.br\/audienciaspublicas\/wp-json\/wp\/v2\/audiencia"}],"about":[{"href":"https:\/\/www.saopaulo.sp.leg.br\/audienciaspublicas\/wp-json\/wp\/v2\/types\/audiencia"}],"version-history":[{"count":3,"href":"https:\/\/www.saopaulo.sp.leg.br\/audienciaspublicas\/wp-json\/wp\/v2\/audiencia\/7857\/revisions"}],"predecessor-version":[{"id":7866,"href":"https:\/\/www.saopaulo.sp.leg.br\/audienciaspublicas\/wp-json\/wp\/v2\/audiencia\/7857\/revisions\/7866"}],"wp:attachment":[{"href":"https:\/\/www.saopaulo.sp.leg.br\/audienciaspublicas\/wp-json\/wp\/v2\/media?parent=7857"}],"curies":[{"name":"wp","href":"https:\/\/api.w.org\/{rel}","templated":true}]}}