{"id":32950,"date":"2015-07-16T17:24:44","date_gmt":"2015-07-16T20:24:44","guid":{"rendered":"http:\/\/www.saopaulo.sp.leg.br\/?page_id=32950"},"modified":"2016-12-01T14:12:55","modified_gmt":"2016-12-01T16:12:55","slug":"estudantes-sao-vereadores-por-um-dia","status":"publish","type":"page","link":"https:\/\/www.saopaulo.sp.leg.br\/apartes-anteriores\/revista-apartes\/numero-11-nov-dez2014\/estudantes-sao-vereadores-por-um-dia\/","title":{"rendered":"N\u00ba11 \u2013 Eventos"},"content":{"rendered":"<h1><strong><span style=\"color: #800000\">Estudantes s\u00e3o vereadores por um dia<\/span><\/strong><\/h1>\n<h2>Divididos em 11 partidos, alunos apresentaram e votaram seus projetos de lei<\/h2>\n<p><strong>Gisele Machado<\/strong>\u00a0| <a href=\"mailto:gisele@saopaulo.sp.leg.br\">gisele@saopaulo.sp.leg.br<\/a><\/p>\n<p><!-- imagem TOTAL - com legenda - CENTRALIZADA --><\/p>\n<div style=\"width: 100%;margin-right: 1.5em;margin-bottom: 1.5em\">\n<div style=\"padding: 5px;background-color: #eee !important\">\n<p><a href=\"http:\/\/www.saopaulo.sp.leg.br\/wp-content\/uploads\/2015\/07\/apartes_N11_32.jpg\"><img loading=\"lazy\" decoding=\"async\" class=\"alignnone size-full wp-image-32954\" src=\"http:\/\/www.saopaulo.sp.leg.br\/wp-content\/uploads\/2015\/07\/apartes_N11_32.jpg\" alt=\"apartes_N11_32\" width=\"975\" height=\"602\" \/><\/a><\/p>\n<p style=\"font-size: 0.8em;line-height: 1.1em;text-align: center;margin: -1.5em 0px 7px 0px;color: #333;!important;background-color: transparent !important\" align=\"center\">AULA \u2022 Vereadores jovens de 2014 reunidos no Plen\u00e1rio da C\u00e2mara<\/p>\n<\/div>\n<p style=\"font-size: 0.5em;line-height: 1.1em;text-align: right;margin: 4px 0px 7px 0px;background-color: transparent !important\">Gute Garbelotto\/CMSP<\/p>\n<\/div>\n<p><!-- imagem TOTAL - com legenda - CENTRALIZADA --><\/p>\n<p>Cinquenta e quatro alunos, do 6\u00ba ao 9\u00ba anos de escolas p\u00fablicas ou particulares de S\u00e3o Paulo, foram vereadores por um dia ao participarem da 13\u00aa edi\u00e7\u00e3o do Parlamento Jovem Municipal da C\u00e2mara Municipal de S\u00e3o Paulo (CMSP). Os cargos s\u00e3o simb\u00f3licos, mas a li\u00e7\u00e3o de cidadania \u00e9 bem palp\u00e1vel.<\/p>\n<p>Neste ano, 114 estudantes se candidataram, sendo 80 meninas e 34 meninos. Eles prepararam um projeto individual e cada escola decidiu qual proposta enviaria \u00e0 C\u00e2mara. Uma comiss\u00e3o de vereadores escolheu os projetos que participariam do Parlamento Jovem, observados os crit\u00e9rios de respeito ao formato de um projeto de lei, pertin\u00eancia em rela\u00e7\u00e3o ao tema do partido, corre\u00e7\u00e3o gramatical, concis\u00e3o e clareza, originalidade e possibilidade de serem colocados em pr\u00e1tica.<\/p>\n<p>Divididos em 11 partidos fict\u00edcios (Assist\u00eancia Social; Cultura; Educa\u00e7\u00e3o; Emprego; Esportes, Lazer e Recrea\u00e7\u00e3o; Habita\u00e7\u00e3o; Natureza; Tr\u00e2nsito e Transporte; Sa\u00fade; Seguran\u00e7a Urbana; e Planejamento Urbano), os jovens parlamentares elegeram uma Mesa Diretora (\u00f3rg\u00e3o que dirige dos trabalhos legislativos e os servi\u00e7os administrativos da C\u00e2mara), apresentaram seus projetos, expuseram suas ideias na tribuna, debateram-nas e votaram as propostas apresentadas pelos colegas no Plen\u00e1rio 1\u00ba de Maio.<\/p>\n<p><!-- imagem GRANDE - com legenda - LADO DIREITO --><\/p>\n<div style=\"float: right;width: 401px;margin-left: 1.5em;margin-bottom: 1.5em\">\n<div style=\"float: right;padding: 5px;background-color: #eee !important\">\n<p><a href=\"http:\/\/www.saopaulo.sp.leg.br\/wp-content\/uploads\/2015\/07\/apartes_N11_32a.jpg\"><img loading=\"lazy\" decoding=\"async\" class=\"alignnone wp-image-32955\" src=\"http:\/\/www.saopaulo.sp.leg.br\/wp-content\/uploads\/2015\/07\/apartes_N11_32a.jpg\" alt=\"apartes_N11_32a\" width=\"391\" height=\"538\" \/><\/a><\/p>\n<p style=\"font-size: 0.8em;line-height: 1.1em;text-align: center;margin: -1.5em 0px 7px 0px;color: #333;!important;background-color: transparent !important\" align=\"center\">Clique na imagem para v\u00ea-la ampliada<\/p>\n<\/div>\n<\/div>\n<p><!-- imagem GRANDE - com legenda - LADO DIREITO --><\/p>\n<p><strong>PROPOSTAS<\/strong><\/p>\n<p>A vereadora de 14 anos Isabella Giannobile dos Santos (Partido Assist\u00eancia Social), do Col\u00e9gio La Salle, foi a presidenta da Mesa Diretora. O projeto de lei (PL) de Isabella determina que as escolas municipais de ensino fundamental sejam obrigadas a adotar a Campanha do Agasalho. \u201cAs despesas administrativas (computador, impress\u00e3o, etc.) ser\u00e3o custeadas pela pr\u00f3pria Prefeitura, considerando que os valores s\u00e3o m\u00ednimos\u201d, diz o texto do PL.<\/p>\n<p>Rodrigo Martins de Souza (Partido Tr\u00e2nsito e Transporte), 14 anos, foi eleito segundo vice-presidente da Mesa. Aluno do Liceu Pasteur, seu projeto defende a instala\u00e7\u00e3o de bateria nos sem\u00e1foros para evitar o desligamento em caso de queda de energia. A inten\u00e7\u00e3o \u00e9 reduzir o tr\u00e2nsito, principalmente nos hor\u00e1rios de pico. \u201cFiquei umas tardes na escola e v\u00e1rias pessoas me ajudaram dando ideias, palpites e apontando o que era necess\u00e1rio para melhorar o texto\u201d, disse ao portal da C\u00e2mara.<\/p>\n<p>Guilherme Fernandes Nicoleti, de 13 anos, havia sido vice-presidente jovem em 2013 e \u201celegeu-se\u201d vereador tamb\u00e9m no ano seguinte, pelo Partido Sa\u00fade. O projeto apresentado em 2014 quer tornar obrigat\u00f3rio o uso de prontu\u00e1rio eletr\u00f4nico na rede de sa\u00fade municipal. Na justificativa da proposta, Nicoleti afirma que pretende prestar assist\u00eancia integral aos usu\u00e1rios do Sistema \u00danico de Sa\u00fade (SUS), \u201cpois todas as informa\u00e7\u00f5es dos pacientes estar\u00e3o ao alcance dos diferentes profissionais que o atender\u00e3o\u201d. Em discurso na tribuna, ele explicou o motivo de ter disputado novamente a \u201cverean\u00e7a\u201d: \u201cFoi uma experi\u00eancia \u00edmpar, jamais esquecerei\u201d.<\/p>\n<p>Mais informa\u00e7\u00f5es sobre o Parlamento Jovem podem ser obtidas com a Equipe de Eventos da C\u00e2mara, pelo e-mail <a href=\"mailto:eventos@saopaulo.sp.leg.br\">eventos@saopaulo.sp.leg.br<\/a>, pelo telefone (11) 3396-4311, ou no portal <a href=\"http:\/\/www.saopaulo.sp.leg.br\">www.saopaulo.sp.leg.br<\/a>, na se\u00e7\u00e3o Pr\u00eamios Institucionais.<\/p>\n<p><!-- COMENTE SOBRE ESSA MATERIA --><\/p>\n<table border=\"0\" cellspacing=\"0\" cellpadding=\"0\">\n<tbody>\n<tr>\n<td align=\"center\" width=\"50%\">\n<h5>Comente sobre essa mat\u00e9ria:<\/h5>\n<p><a style=\"font-family: 'Helvetica Neue', 'Helvetica', Helvetica, Arial, sans-serif;color: #fff;font-size: 12px;text-decoration: none;font-weight: bold;text-align: center;background-color: #3b5998 !important;margin: 0 0 10px;padding: 3px 7px\" title=\"Facebook da revista Apartes\" href=\"https:\/\/www.facebook.com\/RevistaApartes\" target=\"_blank\">Facebook<\/a> <a style=\"font-family: 'Helvetica Neue', 'Helvetica', Helvetica, Arial, sans-serif;color: #fff;font-size: 12px;text-decoration: none;font-weight: bold;text-align: center;background-color: #1daced !important;margin: 0 0 10px;padding: 3px 7px\" title=\"Twitter da revista Apartes\" href=\"https:\/\/twitter.com\/RevistaApartes\" target=\"_blank\">Twitter<\/a><\/td>\n<td align=\"center\" width=\"50%\">\n<h5>Envie cr\u00edticas ou sugest\u00f5es:<\/h5>\n<p>Email: <strong><a href=\"mailto:apartes@saopaulo.sp.leg.br\">apartes@saopaulo.sp.leg.br<\/a><\/strong><\/td>\n<\/tr>\n<\/tbody>\n<\/table>\n<p><!-- COMENTE SOBRE ESSA MATERIA --><\/p>\n","protected":false},"excerpt":{"rendered":"<p>Estudantes s\u00e3o vereadores por um dia Divididos em 11 partidos, alunos apresentaram e votaram seus projetos de lei Gisele Machado\u00a0| gisele@saopaulo.sp.leg.br AULA \u2022 Vereadores jovens de 2014 reunidos no Plen\u00e1rio da C\u00e2mara Gute Garbelotto\/CMSP Cinquenta e quatro alunos, do 6\u00ba ao 9\u00ba anos de escolas p\u00fablicas ou particulares de S\u00e3o Paulo, foram vereadores por um [&hellip;]<\/p>\n","protected":false},"author":109,"featured_media":0,"parent":26683,"menu_order":8,"comment_status":"open","ping_status":"open","template":"","meta":{"footnotes":""},"class_list":["post-32950","page","type-page","status-publish","hentry"],"meta_all":{"_wp_page_template":["default"],"_cmsp_page_download-files":["a:1:{i:0;a:1:{s:4:\"type\";s:3:\"pdf\";}}"],"_yoast_wpseo_title":["Estudantes s\u00e3o vereadores por um dia"],"_yoast_wpseo_bctitle":["Estudantes s\u00e3o vereadores por um dia"],"_cmsp_feature-page_title":["Estudantes s\u00e3o vereadores por um dia"],"_edit_last":["109"],"_edit_lock":["1480608642:109"],"_yoast_wpseo_opengraph-title":["Estudantes s\u00e3o vereadores por um dia"],"_yoast_wpseo_opengraph-description":["Divididos em 11 partidos, alunos apresentaram e votaram seus projetos de lei"],"_yoast_wpseo_twitter-title":["Estudantes s\u00e3o vereadores por um dia"],"_yoast_wpseo_twitter-description":["Divididos em 11 partidos, alunos apresentaram e votaram seus projetos de lei"],"_yoast_wpseo_content_score":["30"]},"yoast_head":"<!-- This site is optimized with the Yoast SEO plugin v27.4 - https:\/\/yoast.com\/product\/yoast-seo-wordpress\/ -->\n<title>Estudantes s\u00e3o vereadores por um dia<\/title>\n<meta name=\"robots\" content=\"index, follow, max-snippet:-1, max-image-preview:large, max-video-preview:-1\" \/>\n<link rel=\"canonical\" href=\"https:\/\/www.saopaulo.sp.leg.br\/apartes-anteriores\/revista-apartes\/numero-11-nov-dez2014\/estudantes-sao-vereadores-por-um-dia\/\" \/>\n<meta property=\"og:locale\" content=\"pt_BR\" \/>\n<meta property=\"og:type\" content=\"article\" \/>\n<meta property=\"og:title\" content=\"Estudantes s\u00e3o vereadores por um dia\" \/>\n<meta property=\"og:description\" content=\"Divididos em 11 partidos, alunos apresentaram e votaram seus projetos de lei\" \/>\n<meta property=\"og:url\" content=\"https:\/\/www.saopaulo.sp.leg.br\/apartes-anteriores\/revista-apartes\/numero-11-nov-dez2014\/estudantes-sao-vereadores-por-um-dia\/\" \/>\n<meta property=\"og:site_name\" content=\"Revista Apartes (edi\u00e7\u00f5es anteriores)\" \/>\n<meta property=\"article:publisher\" content=\"https:\/\/www.facebook.com\/RevistaApartes\/\" \/>\n<meta property=\"article:modified_time\" content=\"2016-12-01T16:12:55+00:00\" \/>\n<meta property=\"og:image\" content=\"http:\/\/www.saopaulo.sp.leg.br\/wp-content\/uploads\/2015\/07\/apartes_N11_32.jpg\" \/>\n<meta name=\"twitter:card\" content=\"summary_large_image\" \/>\n<meta name=\"twitter:title\" content=\"Estudantes s\u00e3o vereadores por um dia\" \/>\n<meta name=\"twitter:description\" content=\"Divididos em 11 partidos, alunos apresentaram e votaram seus projetos de lei\" \/>\n<meta name=\"twitter:site\" content=\"@revistaapartes\" \/>\n<meta name=\"twitter:label1\" content=\"Est. tempo de leitura\" \/>\n\t<meta name=\"twitter:data1\" content=\"3 minutos\" \/>\n<script type=\"application\/ld+json\" class=\"yoast-schema-graph\">{\"@context\":\"https:\\\/\\\/schema.org\",\"@graph\":[{\"@type\":\"WebPage\",\"@id\":\"https:\\\/\\\/www.saopaulo.sp.leg.br\\\/apartes-anteriores\\\/revista-apartes\\\/numero-11-nov-dez2014\\\/estudantes-sao-vereadores-por-um-dia\\\/\",\"url\":\"https:\\\/\\\/www.saopaulo.sp.leg.br\\\/apartes-anteriores\\\/revista-apartes\\\/numero-11-nov-dez2014\\\/estudantes-sao-vereadores-por-um-dia\\\/\",\"name\":\"Estudantes s\u00e3o vereadores por um dia\",\"isPartOf\":{\"@id\":\"https:\\\/\\\/www.saopaulo.sp.leg.br\\\/apartes-anteriores\\\/#website\"},\"primaryImageOfPage\":{\"@id\":\"https:\\\/\\\/www.saopaulo.sp.leg.br\\\/apartes-anteriores\\\/revista-apartes\\\/numero-11-nov-dez2014\\\/estudantes-sao-vereadores-por-um-dia\\\/#primaryimage\"},\"image\":{\"@id\":\"https:\\\/\\\/www.saopaulo.sp.leg.br\\\/apartes-anteriores\\\/revista-apartes\\\/numero-11-nov-dez2014\\\/estudantes-sao-vereadores-por-um-dia\\\/#primaryimage\"},\"thumbnailUrl\":\"http:\\\/\\\/www.saopaulo.sp.leg.br\\\/wp-content\\\/uploads\\\/2015\\\/07\\\/apartes_N11_32.jpg\",\"datePublished\":\"2015-07-16T20:24:44+00:00\",\"dateModified\":\"2016-12-01T16:12:55+00:00\",\"breadcrumb\":{\"@id\":\"https:\\\/\\\/www.saopaulo.sp.leg.br\\\/apartes-anteriores\\\/revista-apartes\\\/numero-11-nov-dez2014\\\/estudantes-sao-vereadores-por-um-dia\\\/#breadcrumb\"},\"inLanguage\":\"pt-BR\",\"potentialAction\":[{\"@type\":\"ReadAction\",\"target\":[\"https:\\\/\\\/www.saopaulo.sp.leg.br\\\/apartes-anteriores\\\/revista-apartes\\\/numero-11-nov-dez2014\\\/estudantes-sao-vereadores-por-um-dia\\\/\"]}]},{\"@type\":\"ImageObject\",\"inLanguage\":\"pt-BR\",\"@id\":\"https:\\\/\\\/www.saopaulo.sp.leg.br\\\/apartes-anteriores\\\/revista-apartes\\\/numero-11-nov-dez2014\\\/estudantes-sao-vereadores-por-um-dia\\\/#primaryimage\",\"url\":\"http:\\\/\\\/www.saopaulo.sp.leg.br\\\/wp-content\\\/uploads\\\/2015\\\/07\\\/apartes_N11_32.jpg\",\"contentUrl\":\"http:\\\/\\\/www.saopaulo.sp.leg.br\\\/wp-content\\\/uploads\\\/2015\\\/07\\\/apartes_N11_32.jpg\"},{\"@type\":\"BreadcrumbList\",\"@id\":\"https:\\\/\\\/www.saopaulo.sp.leg.br\\\/apartes-anteriores\\\/revista-apartes\\\/numero-11-nov-dez2014\\\/estudantes-sao-vereadores-por-um-dia\\\/#breadcrumb\",\"itemListElement\":[{\"@type\":\"ListItem\",\"position\":1,\"name\":\"Home\",\"item\":\"https:\\\/\\\/www.saopaulo.sp.leg.br\\\/apartes-anteriores\\\/\"},{\"@type\":\"ListItem\",\"position\":2,\"name\":\"Revista Apartes\",\"item\":\"https:\\\/\\\/www.saopaulo.sp.leg.br\\\/apartes-anteriores\\\/\"},{\"@type\":\"ListItem\",\"position\":3,\"name\":\"N\u00famero 11 &#8211; nov-dez\\\/2014\",\"item\":\"https:\\\/\\\/www.saopaulo.sp.leg.br\\\/apartes-anteriores\\\/revista-apartes\\\/numero-11-nov-dez2014\\\/\"},{\"@type\":\"ListItem\",\"position\":4,\"name\":\"Estudantes s\u00e3o vereadores por um dia\"}]},{\"@type\":\"WebSite\",\"@id\":\"https:\\\/\\\/www.saopaulo.sp.leg.br\\\/apartes-anteriores\\\/#website\",\"url\":\"https:\\\/\\\/www.saopaulo.sp.leg.br\\\/apartes-anteriores\\\/\",\"name\":\"Revista Apartes (edi\u00e7\u00f5es anteriores)\",\"description\":\"Revista Apartes (edi\u00e7\u00f5es anteriores)\",\"potentialAction\":[{\"@type\":\"SearchAction\",\"target\":{\"@type\":\"EntryPoint\",\"urlTemplate\":\"https:\\\/\\\/www.saopaulo.sp.leg.br\\\/apartes-anteriores\\\/?s={search_term_string}\"},\"query-input\":{\"@type\":\"PropertyValueSpecification\",\"valueRequired\":true,\"valueName\":\"search_term_string\"}}],\"inLanguage\":\"pt-BR\"}]}<\/script>\n<!-- \/ Yoast SEO plugin. -->","yoast_head_json":{"title":"Estudantes s\u00e3o vereadores por um dia","robots":{"index":"index","follow":"follow","max-snippet":"max-snippet:-1","max-image-preview":"max-image-preview:large","max-video-preview":"max-video-preview:-1"},"canonical":"https:\/\/www.saopaulo.sp.leg.br\/apartes-anteriores\/revista-apartes\/numero-11-nov-dez2014\/estudantes-sao-vereadores-por-um-dia\/","og_locale":"pt_BR","og_type":"article","og_title":"Estudantes s\u00e3o vereadores por um dia","og_description":"Divididos em 11 partidos, alunos apresentaram e votaram seus projetos de lei","og_url":"https:\/\/www.saopaulo.sp.leg.br\/apartes-anteriores\/revista-apartes\/numero-11-nov-dez2014\/estudantes-sao-vereadores-por-um-dia\/","og_site_name":"Revista Apartes (edi\u00e7\u00f5es anteriores)","article_publisher":"https:\/\/www.facebook.com\/RevistaApartes\/","article_modified_time":"2016-12-01T16:12:55+00:00","og_image":[{"url":"http:\/\/www.saopaulo.sp.leg.br\/wp-content\/uploads\/2015\/07\/apartes_N11_32.jpg","type":"","width":"","height":""}],"twitter_card":"summary_large_image","twitter_title":"Estudantes s\u00e3o vereadores por um dia","twitter_description":"Divididos em 11 partidos, alunos apresentaram e votaram seus projetos de lei","twitter_site":"@revistaapartes","twitter_misc":{"Est. tempo de leitura":"3 minutos"},"schema":{"@context":"https:\/\/schema.org","@graph":[{"@type":"WebPage","@id":"https:\/\/www.saopaulo.sp.leg.br\/apartes-anteriores\/revista-apartes\/numero-11-nov-dez2014\/estudantes-sao-vereadores-por-um-dia\/","url":"https:\/\/www.saopaulo.sp.leg.br\/apartes-anteriores\/revista-apartes\/numero-11-nov-dez2014\/estudantes-sao-vereadores-por-um-dia\/","name":"Estudantes s\u00e3o vereadores por um dia","isPartOf":{"@id":"https:\/\/www.saopaulo.sp.leg.br\/apartes-anteriores\/#website"},"primaryImageOfPage":{"@id":"https:\/\/www.saopaulo.sp.leg.br\/apartes-anteriores\/revista-apartes\/numero-11-nov-dez2014\/estudantes-sao-vereadores-por-um-dia\/#primaryimage"},"image":{"@id":"https:\/\/www.saopaulo.sp.leg.br\/apartes-anteriores\/revista-apartes\/numero-11-nov-dez2014\/estudantes-sao-vereadores-por-um-dia\/#primaryimage"},"thumbnailUrl":"http:\/\/www.saopaulo.sp.leg.br\/wp-content\/uploads\/2015\/07\/apartes_N11_32.jpg","datePublished":"2015-07-16T20:24:44+00:00","dateModified":"2016-12-01T16:12:55+00:00","breadcrumb":{"@id":"https:\/\/www.saopaulo.sp.leg.br\/apartes-anteriores\/revista-apartes\/numero-11-nov-dez2014\/estudantes-sao-vereadores-por-um-dia\/#breadcrumb"},"inLanguage":"pt-BR","potentialAction":[{"@type":"ReadAction","target":["https:\/\/www.saopaulo.sp.leg.br\/apartes-anteriores\/revista-apartes\/numero-11-nov-dez2014\/estudantes-sao-vereadores-por-um-dia\/"]}]},{"@type":"ImageObject","inLanguage":"pt-BR","@id":"https:\/\/www.saopaulo.sp.leg.br\/apartes-anteriores\/revista-apartes\/numero-11-nov-dez2014\/estudantes-sao-vereadores-por-um-dia\/#primaryimage","url":"http:\/\/www.saopaulo.sp.leg.br\/wp-content\/uploads\/2015\/07\/apartes_N11_32.jpg","contentUrl":"http:\/\/www.saopaulo.sp.leg.br\/wp-content\/uploads\/2015\/07\/apartes_N11_32.jpg"},{"@type":"BreadcrumbList","@id":"https:\/\/www.saopaulo.sp.leg.br\/apartes-anteriores\/revista-apartes\/numero-11-nov-dez2014\/estudantes-sao-vereadores-por-um-dia\/#breadcrumb","itemListElement":[{"@type":"ListItem","position":1,"name":"Home","item":"https:\/\/www.saopaulo.sp.leg.br\/apartes-anteriores\/"},{"@type":"ListItem","position":2,"name":"Revista Apartes","item":"https:\/\/www.saopaulo.sp.leg.br\/apartes-anteriores\/"},{"@type":"ListItem","position":3,"name":"N\u00famero 11 &#8211; nov-dez\/2014","item":"https:\/\/www.saopaulo.sp.leg.br\/apartes-anteriores\/revista-apartes\/numero-11-nov-dez2014\/"},{"@type":"ListItem","position":4,"name":"Estudantes s\u00e3o vereadores por um dia"}]},{"@type":"WebSite","@id":"https:\/\/www.saopaulo.sp.leg.br\/apartes-anteriores\/#website","url":"https:\/\/www.saopaulo.sp.leg.br\/apartes-anteriores\/","name":"Revista Apartes (edi\u00e7\u00f5es anteriores)","description":"Revista Apartes (edi\u00e7\u00f5es anteriores)","potentialAction":[{"@type":"SearchAction","target":{"@type":"EntryPoint","urlTemplate":"https:\/\/www.saopaulo.sp.leg.br\/apartes-anteriores\/?s={search_term_string}"},"query-input":{"@type":"PropertyValueSpecification","valueRequired":true,"valueName":"search_term_string"}}],"inLanguage":"pt-BR"}]}},"_links":{"self":[{"href":"https:\/\/www.saopaulo.sp.leg.br\/apartes-anteriores\/wp-json\/wp\/v2\/pages\/32950","targetHints":{"allow":["GET"]}}],"collection":[{"href":"https:\/\/www.saopaulo.sp.leg.br\/apartes-anteriores\/wp-json\/wp\/v2\/pages"}],"about":[{"href":"https:\/\/www.saopaulo.sp.leg.br\/apartes-anteriores\/wp-json\/wp\/v2\/types\/page"}],"author":[{"embeddable":true,"href":"https:\/\/www.saopaulo.sp.leg.br\/apartes-anteriores\/wp-json\/wp\/v2\/users\/109"}],"replies":[{"embeddable":true,"href":"https:\/\/www.saopaulo.sp.leg.br\/apartes-anteriores\/wp-json\/wp\/v2\/comments?post=32950"}],"version-history":[{"count":0,"href":"https:\/\/www.saopaulo.sp.leg.br\/apartes-anteriores\/wp-json\/wp\/v2\/pages\/32950\/revisions"}],"up":[{"embeddable":true,"href":"https:\/\/www.saopaulo.sp.leg.br\/apartes-anteriores\/wp-json\/wp\/v2\/pages\/26683"}],"wp:attachment":[{"href":"https:\/\/www.saopaulo.sp.leg.br\/apartes-anteriores\/wp-json\/wp\/v2\/media?parent=32950"}],"curies":[{"name":"wp","href":"https:\/\/api.w.org\/{rel}","templated":true}]}}