{"id":32923,"date":"2015-07-16T14:04:12","date_gmt":"2015-07-16T17:04:12","guid":{"rendered":"http:\/\/www.saopaulo.sp.leg.br\/?page_id=32923"},"modified":"2016-12-01T14:10:16","modified_gmt":"2016-12-01T16:10:16","slug":"minhocao-volta-a-pauta","status":"publish","type":"page","link":"https:\/\/www.saopaulo.sp.leg.br\/apartes-anteriores\/revista-apartes\/numero-11-nov-dez2014\/minhocao-volta-a-pauta\/","title":{"rendered":"N\u00ba11 \u2013 Urbanismo"},"content":{"rendered":"<h1><span style=\"color: #800000\"><strong>Minhoc\u00e3o volta \u00e0 pauta<\/strong><\/span><\/h1>\n<h2>Cidad\u00e3os contribuem para projeto de lei sobre o futuro do Elevado<\/h2>\n<p><strong>Gisele Machado<\/strong> | <a href=\"mailto:giselemachado@saopaulo.sp.leg.br\">giselemachado@saopaulo.sp.leg.br<\/a><\/p>\n<p><!-- imagem TOTAL - com legenda - CENTRALIZADA --><\/p>\n<div style=\"width: 100%;margin-right: 1.5em;margin-bottom: 1.5em\">\n<div style=\"padding: 5px;background-color: #eee !important\">\n<p><a href=\"http:\/\/www.saopaulo.sp.leg.br\/wp-content\/uploads\/2015\/07\/apartes_N11_28.jpg\"><img loading=\"lazy\" decoding=\"async\" class=\"alignnone size-full wp-image-32926\" src=\"http:\/\/www.saopaulo.sp.leg.br\/wp-content\/uploads\/2015\/07\/apartes_N11_28.jpg\" alt=\"apartes_N11_28\" width=\"1165\" height=\"717\" \/><\/a><\/p>\n<p style=\"font-size: 0.8em;line-height: 1.1em;text-align: center;margin: -1.5em 0px 7px 0px;color: #333;!important;background-color: transparent !important\" align=\"center\">CONTROVERSO &#8211; Destino do Elevado Costa e Silva voltou a ser debatido na C\u00e2mara<\/p>\n<\/div>\n<p style=\"font-size: 0.5em;line-height: 1.1em;text-align: right;margin: 4px 0px 7px 0px;background-color: transparent !important\">Ricardo Rocha\/CMSP<\/p>\n<\/div>\n<p><!-- imagem TOTAL - com legenda - CENTRALIZADA --><\/p>\n<p>Entre tantas dire\u00e7\u00f5es para a cidade, o novo Plano Diretor Estrat\u00e9gico (PDE), aprovado neste ano (Lei 16.050\/2014), trouxe um aspecto que continua gerando intenso debate: o fechamento gradual do Elevado Costa e Silva, o Minhoc\u00e3o, aos ve\u00edculos de transporte individuais motorizados. \u201cO PDE tem a perspectiva do uso mais racional do carro, incentivo ao transporte coletivo e cria\u00e7\u00e3o de \u00e1reas verdes e de lazer\u201d, disse o vereador Nabil Bonduki (PT), autor do texto final (substitutivo) do Plano Diretor, em audi\u00eancia p\u00fablica feita em setembro na C\u00e2mara Municipal de S\u00e3o Paulo (CMSP). Segundo ele, no conjunto de diretrizes do Plano, a que trata do Minhoc\u00e3o ganha coer\u00eancia.<\/p>\n<p><!-- imagem MEDIA - com legenda - LADO ESQUERDO --><\/p>\n<div style=\"float: left;width: 388px;margin-right: 1.5em;margin-bottom: 1.5em\">\n<div style=\"float: left;padding: 5px;background-color: #eee !important\">\n<p><a href=\"http:\/\/www.saopaulo.sp.leg.br\/wp-content\/uploads\/2015\/07\/apartes_N11_28a.jpg\"><img loading=\"lazy\" decoding=\"async\" class=\"alignnone wp-image-32931\" src=\"http:\/\/www.saopaulo.sp.leg.br\/wp-content\/uploads\/2015\/07\/apartes_N11_28a.jpg\" alt=\"apartes_N11_28a\" width=\"378\" height=\"317\" \/><\/a><\/p>\n<p style=\"font-size: 0.8em;line-height: 1.1em;text-align: center;margin: -1.5em 0px 7px 0px;color: #333;!important;background-color: transparent !important\" align=\"center\">PRESEN\u00c7A &#8211; Cidad\u00e3os lotam sala da C\u00e2mara com cartazes em defesa da derrubada<\/p>\n<\/div>\n<p style=\"font-size: 0.5em;line-height: 1.1em;text-align: right;margin: 4px 0px 7px 0px;background-color: transparent !important\">Marcelo Ximenez\/CMSP<\/p>\n<\/div>\n<p><!-- imagem MEDIA - com legenda - LADO ESQUERDO --><\/p>\n<p>Com objetivos a serem alcan\u00e7ados at\u00e9 2029, o PDE determina que uma lei espec\u00edfica apontar\u00e1 a data da definitiva desativa\u00e7\u00e3o do Elevado como via de tr\u00e1fego. Essa mesma legisla\u00e7\u00e3o decidir\u00e1 se o Minhoc\u00e3o deve ser demolido ou transformado (parcial ou integralmente) em parque.<\/p>\n<p>A audi\u00eancia p\u00fablica serviu para discutir o Projeto de Lei (PL) 10\/2014, que j\u00e1 passou pela Comiss\u00e3o de Constitui\u00e7\u00e3o e Justi\u00e7a da CMSP e prop\u00f5e prazo de quatro anos (ap\u00f3s a san\u00e7\u00e3o da Lei) para desativar o tr\u00e1fego de ve\u00edculos no Elevado. Segundo a proposta, a via seria mantida, para se transformar no Parque Minhoc\u00e3o. No local, haveria incentivo do Poder P\u00fablico \u00e0s atividades culturais, esportivas e de lazer. O PL \u00e9 assinado pelos vereadores Aur\u00e9lio Nomura (PSDB), George Hato (PMDB), Goulart (PSD), Jos\u00e9 Police Neto (PSD), Nabil Bonduki (PT), Natalini (PV), Ricardo Young (PPS) e Toninho Vespoli (PSOL).<\/p>\n<p>\u201cO que ficou claro entre os autores \u00e9 que o projeto de lei seria um primeiro posicionamento dentro de um processo de debate longo para se construir a melhor proposta\u201d, diz Bonduki, que \u00e9 arquiteto e urbanista. O pr\u00f3prio parlamentar expressou, durante a audi\u00eancia, que os prazos sugeridos no PL podem estar muito curtos. Na mesma ocasi\u00e3o, o vereador Jos\u00e9 Police Neto (PSD) preferiu qualificar os prazos como ousados.<\/p>\n<p><strong>POL\u00caMICA<\/strong><\/p>\n<p>Se h\u00e1 diverg\u00eancias entre os parlamentares, entre os cidad\u00e3os elas ficam cada vez mais evidentes. Durante a audi\u00eancia na CMSP, Yara de Ara\u00fajo G\u00f3es, diretora do Movimento Desmonte do Minhoc\u00e3o, disse que a exist\u00eancia do Elevado Costa e Silva maltrata os moradores das redondezas com polui\u00e7\u00e3o, ru\u00eddo e estresse desde 1971, quando foi inaugurado.<\/p>\n<p>\u201cO sonho da comunidade \u00e9 o desmonte; acabaremos com os problemas existentes para aqueles que moram ali \u2013 polui\u00e7\u00e3o do ar, polui\u00e7\u00e3o sonora e tamb\u00e9m haver\u00e1 a requalifica\u00e7\u00e3o do centro e a valoriza\u00e7\u00e3o dos im\u00f3veis\u201d, prev\u00ea Yara. A diretora teme que a implanta\u00e7\u00e3o de um parque seja muito custosa, continue prejudicando a privacidade dos moradores locais e n\u00e3o seja capaz de contornar a degrada\u00e7\u00e3o, viol\u00eancia, gera\u00e7\u00e3o de lixo e viol\u00eancia.<\/p>\n<p>Jo\u00e3o Batista Lago, do Grupo Veredas, defende a restri\u00e7\u00e3o aos ve\u00edculos e o uso do Minhoc\u00e3o para lazer, mas igualmente teme os custos a serem empregados no parque, al\u00e9m de acreditar que a novidade elitizaria a regi\u00e3o. \u201cAchamos que vai virar um lugar \u2018car\u00e9simo\u2019 para se viver; o p\u00e3o de queijo vai custar R$ 15, vai ter comerciante sendo expulso\u201d, disse na CMSP.<\/p>\n<p>Wilson Levy Braga da Silva Neto, da Associa\u00e7\u00e3o Parque Minhoc\u00e3o, afirma ter participado de todas as audi\u00eancias p\u00fablicas do PDE, sancionado em julho pelo prefeito Fernando Haddad (PT) ap\u00f3s aprova\u00e7\u00e3o na CMSP. \u201cCuriosamente, nenhum dos nossos cr\u00edticos dignou-se a nos interpelar no contexto daquelas audi\u00eancias p\u00fablicas. Fal\u00e1vamos sozinhos.\u201d Esse protagonismo, na opini\u00e3o de Neto, contribuiu para que o texto do PDE mencionasse a possibilidade defendida por ele, de transformar o Minhoc\u00e3o em parque.<\/p>\n<p><strong>OCUPADO<\/strong><\/p>\n<p>Para a Associa\u00e7\u00e3o, \u00e9 irrevers\u00edvel que a via seja usada para lazer. \u201cAs pessoas j\u00e1 ocuparam, j\u00e1 fizeram dele um parque\u201d, diz Neto. Ele afirma j\u00e1 ter coletado 4.500 assinaturas f\u00edsicas (at\u00e9 setembro) em apoio \u00e0 sua proposta. Pelo menos 4 mil seriam de moradores do entorno do Elevado.<\/p>\n<p><!-- imagem MEDIA - com legenda - LADO DIREITO --><\/p>\n<div style=\"float: right;width: 354px;margin-left: 1.5em;margin-bottom: 1.5em\">\n<div style=\"float: right;padding: 5px;background-color: #eee !important\">\n<p><a href=\"http:\/\/www.saopaulo.sp.leg.br\/wp-content\/uploads\/2015\/07\/apartes_N11_29.jpg\"><img loading=\"lazy\" decoding=\"async\" class=\"alignnone wp-image-32934\" src=\"http:\/\/www.saopaulo.sp.leg.br\/wp-content\/uploads\/2015\/07\/apartes_N11_29.jpg\" alt=\"apartes_N11_29\" width=\"344\" height=\"212\" \/><\/a><\/p>\n<p style=\"font-size: 0.8em;line-height: 1.1em;text-align: center;margin: -1.5em 0px 7px 0px;color: #333;!important;background-color: transparent !important\" align=\"center\">INTERVEN\u00c7\u00c3O &#8211; Em 2014, parte do Minhoc\u00e3o ganhou uma piscina, como parte da Bienal de Arquitetura<\/p>\n<\/div>\n<p style=\"font-size: 0.5em;line-height: 1.1em;text-align: right;margin: 4px 0px 7px 0px;background-color: transparent !important\">FernandaCarvalho\/Fotos P\u00fablicas<\/p>\n<\/div>\n<p><!-- imagem MEDIA - com legenda - LADO DIREITO --><\/p>\n<p>O secret\u00e1rio municipal do Verde e Meio Ambiente, Wanderley Meira do Nascimento, observou na mesma audi\u00eancia que sua pasta tem recursos, mas n\u00e3o tem conseguido atingir a qualidade de manuten\u00e7\u00e3o ideal dos parques da capital. Felipe Morosini, morador das redondezas e membro da Associa\u00e7\u00e3o Parque Minhoc\u00e3o, est\u00e1 otimista quanto \u00e0 exist\u00eancia do parque: \u201cN\u00e3o consigo imaginar que haver\u00e1 descaso com um lugar que muitas pessoas passar\u00e3o a frequentar\u201d. Al\u00e9m disso, diz ele, existe o risco de que, com a completa retirada do Minhoc\u00e3o, suas colunas de sustenta\u00e7\u00e3o sejam substitu\u00eddas por mais pistas para autom\u00f3veis.<\/p>\n<p>Para evitar que isso aconte\u00e7a, a proposta da Associa\u00e7\u00e3o Amo Sampa, representada por Valmir Santos, \u00e9 a constru\u00e7\u00e3o de uma via arborizada, com ciclovia e corredor de \u00f4nibus. O gerente de planejamento da Companhia de Engenharia de Tr\u00e1fego (CET), Vicente Petrocelli, explica que a retirada do Elevado acarretaria um pequeno impacto no tr\u00e2nsito, \u201cperfeitamente poss\u00edvel de ser resolvido com medidas de engenharia\u201d, como a pulveriza\u00e7\u00e3o dos ve\u00edculos por outras vias.<\/p>\n<p>Apesar dos conflitos, h\u00e1 uma concord\u00e2ncia entre os cidad\u00e3os que opinaram na audi\u00eancia p\u00fablica: o desejo de encerrar o tr\u00e1fego no Minhoc\u00e3o, que liga a Pra\u00e7a Roosevelt, no centro, ao Largo Padre P\u00e9ricles, na zona oeste. \u201cO que fazer depois disso [fechamento aos autom\u00f3veis] \u00e9 o debate que estamos travando agora\u201d, disse Nabil Bonduki. O parlamentar adianta ser prov\u00e1vel o surgimento de um substitutivo para o PL 10\/2014, com a incorpora\u00e7\u00e3o dos anseios populares.<\/p>\n<p><!-- COMENTE SOBRE ESSA MATERIA --><\/p>\n<table border=\"0\" cellspacing=\"0\" cellpadding=\"0\">\n<tbody>\n<tr>\n<td align=\"center\" width=\"50%\">\n<h5>Comente sobre essa mat\u00e9ria:<\/h5>\n<p><a style=\"font-family: 'Helvetica Neue', 'Helvetica', Helvetica, Arial, sans-serif;color: #fff;font-size: 12px;text-decoration: none;font-weight: bold;text-align: center;background-color: #3b5998 !important;margin: 0 0 10px;padding: 3px 7px\" title=\"Facebook da revista Apartes\" href=\"https:\/\/www.facebook.com\/RevistaApartes\" target=\"_blank\">Facebook<\/a> <a style=\"font-family: 'Helvetica Neue', 'Helvetica', Helvetica, Arial, sans-serif;color: #fff;font-size: 12px;text-decoration: none;font-weight: bold;text-align: center;background-color: #1daced !important;margin: 0 0 10px;padding: 3px 7px\" title=\"Twitter da revista Apartes\" href=\"https:\/\/twitter.com\/RevistaApartes\" target=\"_blank\">Twitter<\/a><\/td>\n<td align=\"center\" width=\"50%\">\n<h5>Envie cr\u00edticas ou sugest\u00f5es:<\/h5>\n<p>Email: <strong><a href=\"mailto:apartes@saopaulo.sp.leg.br\">apartes@saopaulo.sp.leg.br<\/a><\/strong><\/td>\n<\/tr>\n<\/tbody>\n<\/table>\n<p><!-- COMENTE SOBRE ESSA MATERIA --><\/p>\n","protected":false},"excerpt":{"rendered":"<p>Minhoc\u00e3o volta \u00e0 pauta Cidad\u00e3os contribuem para projeto de lei sobre o futuro do Elevado Gisele Machado | giselemachado@saopaulo.sp.leg.br CONTROVERSO &#8211; Destino do Elevado Costa e Silva voltou a ser debatido na C\u00e2mara Ricardo Rocha\/CMSP Entre tantas dire\u00e7\u00f5es para a cidade, o novo Plano Diretor Estrat\u00e9gico (PDE), aprovado neste ano (Lei 16.050\/2014), trouxe um aspecto [&hellip;]<\/p>\n","protected":false},"author":109,"featured_media":0,"parent":26683,"menu_order":6,"comment_status":"open","ping_status":"open","template":"","meta":{"footnotes":""},"class_list":["post-32923","page","type-page","status-publish","hentry"],"meta_all":{"_wp_page_template":["default"],"_cmsp_page_download-files":["a:1:{i:0;a:1:{s:4:\"type\";s:3:\"pdf\";}}"],"_cmsp_feature-page_title":["Minhoc\u00e3o volta \u00e0 pauta"],"_yoast_wpseo_title":["Minhoc\u00e3o volta \u00e0 pauta"],"_yoast_wpseo_bctitle":["Minhoc\u00e3o volta \u00e0 pauta"],"_edit_last":["109"],"_edit_lock":["1480616226:109"],"_yoast_wpseo_opengraph-title":["Minhoc\u00e3o volta \u00e0 pauta"],"_yoast_wpseo_opengraph-description":["Cidad\u00e3os contribuem para projeto de lei sobre o futuro do Elevado"],"_yoast_wpseo_twitter-title":["Minhoc\u00e3o volta \u00e0 pauta"],"_yoast_wpseo_twitter-description":["Cidad\u00e3os contribuem para projeto de lei sobre o futuro do Elevado"],"_yoast_wpseo_content_score":["30"]},"yoast_head":"<!-- This site is optimized with the Yoast SEO plugin v27.4 - https:\/\/yoast.com\/product\/yoast-seo-wordpress\/ -->\n<title>Minhoc\u00e3o volta \u00e0 pauta<\/title>\n<meta name=\"robots\" content=\"index, follow, max-snippet:-1, max-image-preview:large, max-video-preview:-1\" \/>\n<link rel=\"canonical\" href=\"https:\/\/www.saopaulo.sp.leg.br\/apartes-anteriores\/revista-apartes\/numero-11-nov-dez2014\/minhocao-volta-a-pauta\/\" \/>\n<meta property=\"og:locale\" content=\"pt_BR\" \/>\n<meta property=\"og:type\" content=\"article\" \/>\n<meta property=\"og:title\" content=\"Minhoc\u00e3o volta \u00e0 pauta\" \/>\n<meta property=\"og:description\" content=\"Cidad\u00e3os contribuem para projeto de lei sobre o futuro do Elevado\" \/>\n<meta property=\"og:url\" content=\"https:\/\/www.saopaulo.sp.leg.br\/apartes-anteriores\/revista-apartes\/numero-11-nov-dez2014\/minhocao-volta-a-pauta\/\" \/>\n<meta property=\"og:site_name\" content=\"Revista Apartes (edi\u00e7\u00f5es anteriores)\" \/>\n<meta property=\"article:publisher\" content=\"https:\/\/www.facebook.com\/RevistaApartes\/\" \/>\n<meta property=\"article:modified_time\" content=\"2016-12-01T16:10:16+00:00\" \/>\n<meta property=\"og:image\" content=\"http:\/\/www.saopaulo.sp.leg.br\/wp-content\/uploads\/2015\/07\/apartes_N11_28.jpg\" \/>\n<meta name=\"twitter:card\" content=\"summary_large_image\" \/>\n<meta name=\"twitter:title\" content=\"Minhoc\u00e3o volta \u00e0 pauta\" \/>\n<meta name=\"twitter:description\" content=\"Cidad\u00e3os contribuem para projeto de lei sobre o futuro do Elevado\" \/>\n<meta name=\"twitter:site\" content=\"@revistaapartes\" \/>\n<meta name=\"twitter:label1\" content=\"Est. tempo de leitura\" \/>\n\t<meta name=\"twitter:data1\" content=\"5 minutos\" \/>\n<script type=\"application\/ld+json\" class=\"yoast-schema-graph\">{\"@context\":\"https:\\\/\\\/schema.org\",\"@graph\":[{\"@type\":\"WebPage\",\"@id\":\"https:\\\/\\\/www.saopaulo.sp.leg.br\\\/apartes-anteriores\\\/revista-apartes\\\/numero-11-nov-dez2014\\\/minhocao-volta-a-pauta\\\/\",\"url\":\"https:\\\/\\\/www.saopaulo.sp.leg.br\\\/apartes-anteriores\\\/revista-apartes\\\/numero-11-nov-dez2014\\\/minhocao-volta-a-pauta\\\/\",\"name\":\"Minhoc\u00e3o volta \u00e0 pauta\",\"isPartOf\":{\"@id\":\"https:\\\/\\\/www.saopaulo.sp.leg.br\\\/apartes-anteriores\\\/#website\"},\"primaryImageOfPage\":{\"@id\":\"https:\\\/\\\/www.saopaulo.sp.leg.br\\\/apartes-anteriores\\\/revista-apartes\\\/numero-11-nov-dez2014\\\/minhocao-volta-a-pauta\\\/#primaryimage\"},\"image\":{\"@id\":\"https:\\\/\\\/www.saopaulo.sp.leg.br\\\/apartes-anteriores\\\/revista-apartes\\\/numero-11-nov-dez2014\\\/minhocao-volta-a-pauta\\\/#primaryimage\"},\"thumbnailUrl\":\"http:\\\/\\\/www.saopaulo.sp.leg.br\\\/wp-content\\\/uploads\\\/2015\\\/07\\\/apartes_N11_28.jpg\",\"datePublished\":\"2015-07-16T17:04:12+00:00\",\"dateModified\":\"2016-12-01T16:10:16+00:00\",\"breadcrumb\":{\"@id\":\"https:\\\/\\\/www.saopaulo.sp.leg.br\\\/apartes-anteriores\\\/revista-apartes\\\/numero-11-nov-dez2014\\\/minhocao-volta-a-pauta\\\/#breadcrumb\"},\"inLanguage\":\"pt-BR\",\"potentialAction\":[{\"@type\":\"ReadAction\",\"target\":[\"https:\\\/\\\/www.saopaulo.sp.leg.br\\\/apartes-anteriores\\\/revista-apartes\\\/numero-11-nov-dez2014\\\/minhocao-volta-a-pauta\\\/\"]}]},{\"@type\":\"ImageObject\",\"inLanguage\":\"pt-BR\",\"@id\":\"https:\\\/\\\/www.saopaulo.sp.leg.br\\\/apartes-anteriores\\\/revista-apartes\\\/numero-11-nov-dez2014\\\/minhocao-volta-a-pauta\\\/#primaryimage\",\"url\":\"http:\\\/\\\/www.saopaulo.sp.leg.br\\\/wp-content\\\/uploads\\\/2015\\\/07\\\/apartes_N11_28.jpg\",\"contentUrl\":\"http:\\\/\\\/www.saopaulo.sp.leg.br\\\/wp-content\\\/uploads\\\/2015\\\/07\\\/apartes_N11_28.jpg\"},{\"@type\":\"BreadcrumbList\",\"@id\":\"https:\\\/\\\/www.saopaulo.sp.leg.br\\\/apartes-anteriores\\\/revista-apartes\\\/numero-11-nov-dez2014\\\/minhocao-volta-a-pauta\\\/#breadcrumb\",\"itemListElement\":[{\"@type\":\"ListItem\",\"position\":1,\"name\":\"Home\",\"item\":\"https:\\\/\\\/www.saopaulo.sp.leg.br\\\/apartes-anteriores\\\/\"},{\"@type\":\"ListItem\",\"position\":2,\"name\":\"Revista Apartes\",\"item\":\"https:\\\/\\\/www.saopaulo.sp.leg.br\\\/apartes-anteriores\\\/\"},{\"@type\":\"ListItem\",\"position\":3,\"name\":\"N\u00famero 11 &#8211; nov-dez\\\/2014\",\"item\":\"https:\\\/\\\/www.saopaulo.sp.leg.br\\\/apartes-anteriores\\\/revista-apartes\\\/numero-11-nov-dez2014\\\/\"},{\"@type\":\"ListItem\",\"position\":4,\"name\":\"Minhoc\u00e3o volta \u00e0 pauta\"}]},{\"@type\":\"WebSite\",\"@id\":\"https:\\\/\\\/www.saopaulo.sp.leg.br\\\/apartes-anteriores\\\/#website\",\"url\":\"https:\\\/\\\/www.saopaulo.sp.leg.br\\\/apartes-anteriores\\\/\",\"name\":\"Revista Apartes (edi\u00e7\u00f5es anteriores)\",\"description\":\"Revista Apartes (edi\u00e7\u00f5es anteriores)\",\"potentialAction\":[{\"@type\":\"SearchAction\",\"target\":{\"@type\":\"EntryPoint\",\"urlTemplate\":\"https:\\\/\\\/www.saopaulo.sp.leg.br\\\/apartes-anteriores\\\/?s={search_term_string}\"},\"query-input\":{\"@type\":\"PropertyValueSpecification\",\"valueRequired\":true,\"valueName\":\"search_term_string\"}}],\"inLanguage\":\"pt-BR\"}]}<\/script>\n<!-- \/ Yoast SEO plugin. -->","yoast_head_json":{"title":"Minhoc\u00e3o volta \u00e0 pauta","robots":{"index":"index","follow":"follow","max-snippet":"max-snippet:-1","max-image-preview":"max-image-preview:large","max-video-preview":"max-video-preview:-1"},"canonical":"https:\/\/www.saopaulo.sp.leg.br\/apartes-anteriores\/revista-apartes\/numero-11-nov-dez2014\/minhocao-volta-a-pauta\/","og_locale":"pt_BR","og_type":"article","og_title":"Minhoc\u00e3o volta \u00e0 pauta","og_description":"Cidad\u00e3os contribuem para projeto de lei sobre o futuro do Elevado","og_url":"https:\/\/www.saopaulo.sp.leg.br\/apartes-anteriores\/revista-apartes\/numero-11-nov-dez2014\/minhocao-volta-a-pauta\/","og_site_name":"Revista Apartes (edi\u00e7\u00f5es anteriores)","article_publisher":"https:\/\/www.facebook.com\/RevistaApartes\/","article_modified_time":"2016-12-01T16:10:16+00:00","og_image":[{"url":"http:\/\/www.saopaulo.sp.leg.br\/wp-content\/uploads\/2015\/07\/apartes_N11_28.jpg","type":"","width":"","height":""}],"twitter_card":"summary_large_image","twitter_title":"Minhoc\u00e3o volta \u00e0 pauta","twitter_description":"Cidad\u00e3os contribuem para projeto de lei sobre o futuro do Elevado","twitter_site":"@revistaapartes","twitter_misc":{"Est. tempo de leitura":"5 minutos"},"schema":{"@context":"https:\/\/schema.org","@graph":[{"@type":"WebPage","@id":"https:\/\/www.saopaulo.sp.leg.br\/apartes-anteriores\/revista-apartes\/numero-11-nov-dez2014\/minhocao-volta-a-pauta\/","url":"https:\/\/www.saopaulo.sp.leg.br\/apartes-anteriores\/revista-apartes\/numero-11-nov-dez2014\/minhocao-volta-a-pauta\/","name":"Minhoc\u00e3o volta \u00e0 pauta","isPartOf":{"@id":"https:\/\/www.saopaulo.sp.leg.br\/apartes-anteriores\/#website"},"primaryImageOfPage":{"@id":"https:\/\/www.saopaulo.sp.leg.br\/apartes-anteriores\/revista-apartes\/numero-11-nov-dez2014\/minhocao-volta-a-pauta\/#primaryimage"},"image":{"@id":"https:\/\/www.saopaulo.sp.leg.br\/apartes-anteriores\/revista-apartes\/numero-11-nov-dez2014\/minhocao-volta-a-pauta\/#primaryimage"},"thumbnailUrl":"http:\/\/www.saopaulo.sp.leg.br\/wp-content\/uploads\/2015\/07\/apartes_N11_28.jpg","datePublished":"2015-07-16T17:04:12+00:00","dateModified":"2016-12-01T16:10:16+00:00","breadcrumb":{"@id":"https:\/\/www.saopaulo.sp.leg.br\/apartes-anteriores\/revista-apartes\/numero-11-nov-dez2014\/minhocao-volta-a-pauta\/#breadcrumb"},"inLanguage":"pt-BR","potentialAction":[{"@type":"ReadAction","target":["https:\/\/www.saopaulo.sp.leg.br\/apartes-anteriores\/revista-apartes\/numero-11-nov-dez2014\/minhocao-volta-a-pauta\/"]}]},{"@type":"ImageObject","inLanguage":"pt-BR","@id":"https:\/\/www.saopaulo.sp.leg.br\/apartes-anteriores\/revista-apartes\/numero-11-nov-dez2014\/minhocao-volta-a-pauta\/#primaryimage","url":"http:\/\/www.saopaulo.sp.leg.br\/wp-content\/uploads\/2015\/07\/apartes_N11_28.jpg","contentUrl":"http:\/\/www.saopaulo.sp.leg.br\/wp-content\/uploads\/2015\/07\/apartes_N11_28.jpg"},{"@type":"BreadcrumbList","@id":"https:\/\/www.saopaulo.sp.leg.br\/apartes-anteriores\/revista-apartes\/numero-11-nov-dez2014\/minhocao-volta-a-pauta\/#breadcrumb","itemListElement":[{"@type":"ListItem","position":1,"name":"Home","item":"https:\/\/www.saopaulo.sp.leg.br\/apartes-anteriores\/"},{"@type":"ListItem","position":2,"name":"Revista Apartes","item":"https:\/\/www.saopaulo.sp.leg.br\/apartes-anteriores\/"},{"@type":"ListItem","position":3,"name":"N\u00famero 11 &#8211; nov-dez\/2014","item":"https:\/\/www.saopaulo.sp.leg.br\/apartes-anteriores\/revista-apartes\/numero-11-nov-dez2014\/"},{"@type":"ListItem","position":4,"name":"Minhoc\u00e3o volta \u00e0 pauta"}]},{"@type":"WebSite","@id":"https:\/\/www.saopaulo.sp.leg.br\/apartes-anteriores\/#website","url":"https:\/\/www.saopaulo.sp.leg.br\/apartes-anteriores\/","name":"Revista Apartes (edi\u00e7\u00f5es anteriores)","description":"Revista Apartes (edi\u00e7\u00f5es anteriores)","potentialAction":[{"@type":"SearchAction","target":{"@type":"EntryPoint","urlTemplate":"https:\/\/www.saopaulo.sp.leg.br\/apartes-anteriores\/?s={search_term_string}"},"query-input":{"@type":"PropertyValueSpecification","valueRequired":true,"valueName":"search_term_string"}}],"inLanguage":"pt-BR"}]}},"_links":{"self":[{"href":"https:\/\/www.saopaulo.sp.leg.br\/apartes-anteriores\/wp-json\/wp\/v2\/pages\/32923","targetHints":{"allow":["GET"]}}],"collection":[{"href":"https:\/\/www.saopaulo.sp.leg.br\/apartes-anteriores\/wp-json\/wp\/v2\/pages"}],"about":[{"href":"https:\/\/www.saopaulo.sp.leg.br\/apartes-anteriores\/wp-json\/wp\/v2\/types\/page"}],"author":[{"embeddable":true,"href":"https:\/\/www.saopaulo.sp.leg.br\/apartes-anteriores\/wp-json\/wp\/v2\/users\/109"}],"replies":[{"embeddable":true,"href":"https:\/\/www.saopaulo.sp.leg.br\/apartes-anteriores\/wp-json\/wp\/v2\/comments?post=32923"}],"version-history":[{"count":0,"href":"https:\/\/www.saopaulo.sp.leg.br\/apartes-anteriores\/wp-json\/wp\/v2\/pages\/32923\/revisions"}],"up":[{"embeddable":true,"href":"https:\/\/www.saopaulo.sp.leg.br\/apartes-anteriores\/wp-json\/wp\/v2\/pages\/26683"}],"wp:attachment":[{"href":"https:\/\/www.saopaulo.sp.leg.br\/apartes-anteriores\/wp-json\/wp\/v2\/media?parent=32923"}],"curies":[{"name":"wp","href":"https:\/\/api.w.org\/{rel}","templated":true}]}}