{"id":32646,"date":"2015-07-08T15:27:14","date_gmt":"2015-07-08T18:27:14","guid":{"rendered":"http:\/\/www.saopaulo.sp.leg.br\/?page_id=32646"},"modified":"2015-08-19T21:12:44","modified_gmt":"2015-08-19T21:12:44","slug":"apartes-11-palavra-do-presidente","status":"publish","type":"page","link":"https:\/\/www.saopaulo.sp.leg.br\/apartes-anteriores\/revista-apartes\/numero-11-nov-dez2014\/apartes-11-palavra-do-presidente\/","title":{"rendered":"N\u00ba11 \u2013 Palavra do Presidente"},"content":{"rendered":"<div style=\"float: right;margin-left: 1.5em\">\n<div style=\"float: right;padding: 5px;background-color: #eee !important\">\n<p><a href=\"http:\/\/www.saopaulo.sp.leg.br\/wp-content\/uploads\/2015\/07\/apartes_N11_1.jpg\"><img loading=\"lazy\" decoding=\"async\" class=\"alignnone  wp-image-32649\" src=\"http:\/\/www.saopaulo.sp.leg.br\/wp-content\/uploads\/2015\/07\/apartes_N11_1.jpg\" alt=\"apartes_N11_1\" width=\"150\" height=\"185\" \/><\/a><\/p>\n<p style=\"font-size: 0.8em;line-height: 1.1em;text-align: center;margin: -1.5em 0px 7px 0px;color: #333;!important;background-color: transparent !important\" align=\"center\">Vereador Jos\u00e9 Am\u00e9rico<br \/>\nPresidente da CMSP<\/p>\n<\/div>\n<p style=\"font-size: 0.5em;line-height: 1.1em;text-align: right;margin: 4px 0px 7px;color: #333;!important;background-color: transparent !important\" align=\"center\">Equipe de Eventos\/CMSP<\/p>\n<\/div>\n<h1 class=\"p1\"><span style=\"color: #800000\"><strong>Palavra do Presidente<\/strong><\/span><\/h1>\n<p>Ap\u00f3s dois anos, chego ao fim do meu ciclo como presidente da C\u00e2mara Municipal de S\u00e3o Paulo (CMSP). Na verdade, estou prestes a iniciar uma nova etapa de minha trajet\u00f3ria pol\u00edtica, j\u00e1 que fui eleito deputado estadual e, a partir de mar\u00e7o, assumo minha cadeira na Assembleia Legislativa do Estado de S\u00e3o Paulo (Alesp).<\/p>\n<p>Entre os muitos trabalhos dos quais estive \u00e0 frente e consegui desenvolver, juntamente com os outros vereadores da Mesa Diretora, tenho imenso orgulho das conquistas da \u00e1rea de comunica\u00e7\u00e3o desta Casa. Contando com uma equipe de extrema compet\u00eancia, tornamos o portal ainda mais efetivo e din\u00e2mico, com not\u00edcias e ferramentas importantes para o desenvolvimento da cidadania.<\/p>\n<p>Aprimoramos a Web R\u00e1dio C\u00e2mara que, desde maio, transmite 11 horas di\u00e1rias de informa\u00e7\u00e3o, presta\u00e7\u00e3o de servi\u00e7os e manifesta\u00e7\u00f5es culturais e art\u00edsticas. A TV C\u00e2mara ganhou novos programas e um camarim moderno e adequado. Em rela\u00e7\u00e3o \u00e0 revista Apartes, tenho muita satisfa\u00e7\u00e3o, ainda mais como jornalista, de ter apostado no ve\u00edculo, solicitando aumento do n\u00famero de exemplares e da quantidade de edi\u00e7\u00f5es anuais. Agrade\u00e7o \u00e0 equipe respons\u00e1vel por comprar a ideia e coloc\u00e1-la em pr\u00e1tica.<\/p>\n<p>Deixo o Pal\u00e1cio Anchieta, acima de tudo, satisfeito de poder ter trabalhado com pessoas t\u00e3o dedicadas. Desde os funcion\u00e1rios do gabinete, passando pelos servidores dos quadros efetivo e vari\u00e1vel da Casa e, claro, todos os vereadores, cada um teve sua importante parcela de contribui\u00e7\u00e3o para construir um Legislativo melhor para S\u00e3o Paulo.<\/p>\n<p>Na \u00faltima edi\u00e7\u00e3o de 2014, a revista aborda, entre outros assuntos, a implanta\u00e7\u00e3o de ciclovias na cidade de S\u00e3o Paulo, incluindo os projetos e iniciativas da CMSP a respeito do assunto. Outra reportagem traz a hist\u00f3ria do samba t\u00edpico da capital paulista, relembrando suas ra\u00edzes, os primeiros compositores e mostrando o esfor\u00e7o em manter viva a mem\u00f3ria desse ritmo musical. Para finalizar, temos uma mat\u00e9ria did\u00e1tica sobre o caminho do projeto de lei nesta Casa, desde a sua concep\u00e7\u00e3o at\u00e9 a transforma\u00e7\u00e3o em lei.<\/p>\n<p>A todas as paulistanas e paulistanos, desejo um Natal e um fim de ano repletos de paz, alegria e amor. Que em 2015 novas conquistas sejam alcan\u00e7adas. Desejo \u00e0 nova Mesa Diretora, eleita em 15 de dezembro, toda a sorte para o desenvolvimento do trabalho que, tenho certeza, ser\u00e1 muito qualificado.<\/p>\n<p>Obrigado e uma \u00f3tima leitura a todos!<\/p>\n<p>&nbsp;<\/p>\n<p>&nbsp;<\/p>\n<p>&nbsp;<\/p>\n","protected":false},"excerpt":{"rendered":"<p>Vereador Jos\u00e9 Am\u00e9rico Presidente da CMSP Equipe de Eventos\/CMSP Palavra do Presidente Ap\u00f3s dois anos, chego ao fim do meu ciclo como presidente da C\u00e2mara Municipal de S\u00e3o Paulo (CMSP). Na verdade, estou prestes a iniciar uma nova etapa de minha trajet\u00f3ria pol\u00edtica, j\u00e1 que fui eleito deputado estadual e, a partir de mar\u00e7o, assumo [&hellip;]<\/p>\n","protected":false},"author":109,"featured_media":0,"parent":26683,"menu_order":0,"comment_status":"open","ping_status":"open","template":"","meta":{"footnotes":""},"class_list":["post-32646","page","type-page","status-publish","hentry"],"meta_all":{"_wp_page_template":["default"],"_cmsp_page_download-files":["a:1:{i:0;a:1:{s:4:\"type\";s:3:\"pdf\";}}"],"_yoast_wpseo_title":["N\u00ba11- Palavra do Presidente"],"_yoast_wpseo_bctitle":["N\u00ba11 - Palavra do Presidente"],"_cmsp_feature-page_title":["N\u00ba11 - Palavra do Presidente"],"_edit_last":["109"],"_edit_lock":["1440018639:109"]},"yoast_head":"<!-- This site is optimized with the Yoast SEO plugin v27.4 - https:\/\/yoast.com\/product\/yoast-seo-wordpress\/ -->\n<title>N\u00ba11- Palavra do Presidente<\/title>\n<meta name=\"robots\" content=\"index, follow, max-snippet:-1, max-image-preview:large, max-video-preview:-1\" \/>\n<link rel=\"canonical\" href=\"https:\/\/www.saopaulo.sp.leg.br\/apartes-anteriores\/revista-apartes\/numero-11-nov-dez2014\/apartes-11-palavra-do-presidente\/\" \/>\n<meta property=\"og:locale\" content=\"pt_BR\" \/>\n<meta property=\"og:type\" content=\"article\" \/>\n<meta property=\"og:title\" content=\"N\u00ba11- Palavra do Presidente\" \/>\n<meta property=\"og:description\" content=\"Vereador Jos\u00e9 Am\u00e9rico Presidente da CMSP Equipe de Eventos\/CMSP Palavra do Presidente Ap\u00f3s dois anos, chego ao fim do meu ciclo como presidente da C\u00e2mara Municipal de S\u00e3o Paulo (CMSP). Na verdade, estou prestes a iniciar uma nova etapa de minha trajet\u00f3ria pol\u00edtica, j\u00e1 que fui eleito deputado estadual e, a partir de mar\u00e7o, assumo [&hellip;]\" \/>\n<meta property=\"og:url\" content=\"https:\/\/www.saopaulo.sp.leg.br\/apartes-anteriores\/revista-apartes\/numero-11-nov-dez2014\/apartes-11-palavra-do-presidente\/\" \/>\n<meta property=\"og:site_name\" content=\"Revista Apartes (edi\u00e7\u00f5es anteriores)\" \/>\n<meta property=\"article:publisher\" content=\"https:\/\/www.facebook.com\/RevistaApartes\/\" \/>\n<meta property=\"article:modified_time\" content=\"2015-08-19T21:12:44+00:00\" \/>\n<meta property=\"og:image\" content=\"http:\/\/www.saopaulo.sp.leg.br\/wp-content\/uploads\/2015\/07\/apartes_N11_1.jpg\" \/>\n<meta name=\"twitter:card\" content=\"summary_large_image\" \/>\n<meta name=\"twitter:site\" content=\"@revistaapartes\" \/>\n<meta name=\"twitter:label1\" content=\"Est. tempo de leitura\" \/>\n\t<meta name=\"twitter:data1\" content=\"2 minutos\" \/>\n<script type=\"application\/ld+json\" class=\"yoast-schema-graph\">{\"@context\":\"https:\\\/\\\/schema.org\",\"@graph\":[{\"@type\":\"WebPage\",\"@id\":\"https:\\\/\\\/www.saopaulo.sp.leg.br\\\/apartes-anteriores\\\/revista-apartes\\\/numero-11-nov-dez2014\\\/apartes-11-palavra-do-presidente\\\/\",\"url\":\"https:\\\/\\\/www.saopaulo.sp.leg.br\\\/apartes-anteriores\\\/revista-apartes\\\/numero-11-nov-dez2014\\\/apartes-11-palavra-do-presidente\\\/\",\"name\":\"N\u00ba11- Palavra do Presidente\",\"isPartOf\":{\"@id\":\"https:\\\/\\\/www.saopaulo.sp.leg.br\\\/apartes-anteriores\\\/#website\"},\"primaryImageOfPage\":{\"@id\":\"https:\\\/\\\/www.saopaulo.sp.leg.br\\\/apartes-anteriores\\\/revista-apartes\\\/numero-11-nov-dez2014\\\/apartes-11-palavra-do-presidente\\\/#primaryimage\"},\"image\":{\"@id\":\"https:\\\/\\\/www.saopaulo.sp.leg.br\\\/apartes-anteriores\\\/revista-apartes\\\/numero-11-nov-dez2014\\\/apartes-11-palavra-do-presidente\\\/#primaryimage\"},\"thumbnailUrl\":\"http:\\\/\\\/www.saopaulo.sp.leg.br\\\/wp-content\\\/uploads\\\/2015\\\/07\\\/apartes_N11_1.jpg\",\"datePublished\":\"2015-07-08T18:27:14+00:00\",\"dateModified\":\"2015-08-19T21:12:44+00:00\",\"breadcrumb\":{\"@id\":\"https:\\\/\\\/www.saopaulo.sp.leg.br\\\/apartes-anteriores\\\/revista-apartes\\\/numero-11-nov-dez2014\\\/apartes-11-palavra-do-presidente\\\/#breadcrumb\"},\"inLanguage\":\"pt-BR\",\"potentialAction\":[{\"@type\":\"ReadAction\",\"target\":[\"https:\\\/\\\/www.saopaulo.sp.leg.br\\\/apartes-anteriores\\\/revista-apartes\\\/numero-11-nov-dez2014\\\/apartes-11-palavra-do-presidente\\\/\"]}]},{\"@type\":\"ImageObject\",\"inLanguage\":\"pt-BR\",\"@id\":\"https:\\\/\\\/www.saopaulo.sp.leg.br\\\/apartes-anteriores\\\/revista-apartes\\\/numero-11-nov-dez2014\\\/apartes-11-palavra-do-presidente\\\/#primaryimage\",\"url\":\"http:\\\/\\\/www.saopaulo.sp.leg.br\\\/wp-content\\\/uploads\\\/2015\\\/07\\\/apartes_N11_1.jpg\",\"contentUrl\":\"http:\\\/\\\/www.saopaulo.sp.leg.br\\\/wp-content\\\/uploads\\\/2015\\\/07\\\/apartes_N11_1.jpg\"},{\"@type\":\"BreadcrumbList\",\"@id\":\"https:\\\/\\\/www.saopaulo.sp.leg.br\\\/apartes-anteriores\\\/revista-apartes\\\/numero-11-nov-dez2014\\\/apartes-11-palavra-do-presidente\\\/#breadcrumb\",\"itemListElement\":[{\"@type\":\"ListItem\",\"position\":1,\"name\":\"Home\",\"item\":\"https:\\\/\\\/www.saopaulo.sp.leg.br\\\/apartes-anteriores\\\/\"},{\"@type\":\"ListItem\",\"position\":2,\"name\":\"Revista Apartes\",\"item\":\"https:\\\/\\\/www.saopaulo.sp.leg.br\\\/apartes-anteriores\\\/\"},{\"@type\":\"ListItem\",\"position\":3,\"name\":\"N\u00famero 11 &#8211; nov-dez\\\/2014\",\"item\":\"https:\\\/\\\/www.saopaulo.sp.leg.br\\\/apartes-anteriores\\\/revista-apartes\\\/numero-11-nov-dez2014\\\/\"},{\"@type\":\"ListItem\",\"position\":4,\"name\":\"N\u00ba11 - Palavra do Presidente\"}]},{\"@type\":\"WebSite\",\"@id\":\"https:\\\/\\\/www.saopaulo.sp.leg.br\\\/apartes-anteriores\\\/#website\",\"url\":\"https:\\\/\\\/www.saopaulo.sp.leg.br\\\/apartes-anteriores\\\/\",\"name\":\"Revista Apartes (edi\u00e7\u00f5es anteriores)\",\"description\":\"Revista Apartes (edi\u00e7\u00f5es anteriores)\",\"potentialAction\":[{\"@type\":\"SearchAction\",\"target\":{\"@type\":\"EntryPoint\",\"urlTemplate\":\"https:\\\/\\\/www.saopaulo.sp.leg.br\\\/apartes-anteriores\\\/?s={search_term_string}\"},\"query-input\":{\"@type\":\"PropertyValueSpecification\",\"valueRequired\":true,\"valueName\":\"search_term_string\"}}],\"inLanguage\":\"pt-BR\"}]}<\/script>\n<!-- \/ Yoast SEO plugin. -->","yoast_head_json":{"title":"N\u00ba11- Palavra do Presidente","robots":{"index":"index","follow":"follow","max-snippet":"max-snippet:-1","max-image-preview":"max-image-preview:large","max-video-preview":"max-video-preview:-1"},"canonical":"https:\/\/www.saopaulo.sp.leg.br\/apartes-anteriores\/revista-apartes\/numero-11-nov-dez2014\/apartes-11-palavra-do-presidente\/","og_locale":"pt_BR","og_type":"article","og_title":"N\u00ba11- Palavra do Presidente","og_description":"Vereador Jos\u00e9 Am\u00e9rico Presidente da CMSP Equipe de Eventos\/CMSP Palavra do Presidente Ap\u00f3s dois anos, chego ao fim do meu ciclo como presidente da C\u00e2mara Municipal de S\u00e3o Paulo (CMSP). Na verdade, estou prestes a iniciar uma nova etapa de minha trajet\u00f3ria pol\u00edtica, j\u00e1 que fui eleito deputado estadual e, a partir de mar\u00e7o, assumo [&hellip;]","og_url":"https:\/\/www.saopaulo.sp.leg.br\/apartes-anteriores\/revista-apartes\/numero-11-nov-dez2014\/apartes-11-palavra-do-presidente\/","og_site_name":"Revista Apartes (edi\u00e7\u00f5es anteriores)","article_publisher":"https:\/\/www.facebook.com\/RevistaApartes\/","article_modified_time":"2015-08-19T21:12:44+00:00","og_image":[{"url":"http:\/\/www.saopaulo.sp.leg.br\/wp-content\/uploads\/2015\/07\/apartes_N11_1.jpg","type":"","width":"","height":""}],"twitter_card":"summary_large_image","twitter_site":"@revistaapartes","twitter_misc":{"Est. tempo de leitura":"2 minutos"},"schema":{"@context":"https:\/\/schema.org","@graph":[{"@type":"WebPage","@id":"https:\/\/www.saopaulo.sp.leg.br\/apartes-anteriores\/revista-apartes\/numero-11-nov-dez2014\/apartes-11-palavra-do-presidente\/","url":"https:\/\/www.saopaulo.sp.leg.br\/apartes-anteriores\/revista-apartes\/numero-11-nov-dez2014\/apartes-11-palavra-do-presidente\/","name":"N\u00ba11- Palavra do Presidente","isPartOf":{"@id":"https:\/\/www.saopaulo.sp.leg.br\/apartes-anteriores\/#website"},"primaryImageOfPage":{"@id":"https:\/\/www.saopaulo.sp.leg.br\/apartes-anteriores\/revista-apartes\/numero-11-nov-dez2014\/apartes-11-palavra-do-presidente\/#primaryimage"},"image":{"@id":"https:\/\/www.saopaulo.sp.leg.br\/apartes-anteriores\/revista-apartes\/numero-11-nov-dez2014\/apartes-11-palavra-do-presidente\/#primaryimage"},"thumbnailUrl":"http:\/\/www.saopaulo.sp.leg.br\/wp-content\/uploads\/2015\/07\/apartes_N11_1.jpg","datePublished":"2015-07-08T18:27:14+00:00","dateModified":"2015-08-19T21:12:44+00:00","breadcrumb":{"@id":"https:\/\/www.saopaulo.sp.leg.br\/apartes-anteriores\/revista-apartes\/numero-11-nov-dez2014\/apartes-11-palavra-do-presidente\/#breadcrumb"},"inLanguage":"pt-BR","potentialAction":[{"@type":"ReadAction","target":["https:\/\/www.saopaulo.sp.leg.br\/apartes-anteriores\/revista-apartes\/numero-11-nov-dez2014\/apartes-11-palavra-do-presidente\/"]}]},{"@type":"ImageObject","inLanguage":"pt-BR","@id":"https:\/\/www.saopaulo.sp.leg.br\/apartes-anteriores\/revista-apartes\/numero-11-nov-dez2014\/apartes-11-palavra-do-presidente\/#primaryimage","url":"http:\/\/www.saopaulo.sp.leg.br\/wp-content\/uploads\/2015\/07\/apartes_N11_1.jpg","contentUrl":"http:\/\/www.saopaulo.sp.leg.br\/wp-content\/uploads\/2015\/07\/apartes_N11_1.jpg"},{"@type":"BreadcrumbList","@id":"https:\/\/www.saopaulo.sp.leg.br\/apartes-anteriores\/revista-apartes\/numero-11-nov-dez2014\/apartes-11-palavra-do-presidente\/#breadcrumb","itemListElement":[{"@type":"ListItem","position":1,"name":"Home","item":"https:\/\/www.saopaulo.sp.leg.br\/apartes-anteriores\/"},{"@type":"ListItem","position":2,"name":"Revista Apartes","item":"https:\/\/www.saopaulo.sp.leg.br\/apartes-anteriores\/"},{"@type":"ListItem","position":3,"name":"N\u00famero 11 &#8211; nov-dez\/2014","item":"https:\/\/www.saopaulo.sp.leg.br\/apartes-anteriores\/revista-apartes\/numero-11-nov-dez2014\/"},{"@type":"ListItem","position":4,"name":"N\u00ba11 - Palavra do Presidente"}]},{"@type":"WebSite","@id":"https:\/\/www.saopaulo.sp.leg.br\/apartes-anteriores\/#website","url":"https:\/\/www.saopaulo.sp.leg.br\/apartes-anteriores\/","name":"Revista Apartes (edi\u00e7\u00f5es anteriores)","description":"Revista Apartes (edi\u00e7\u00f5es anteriores)","potentialAction":[{"@type":"SearchAction","target":{"@type":"EntryPoint","urlTemplate":"https:\/\/www.saopaulo.sp.leg.br\/apartes-anteriores\/?s={search_term_string}"},"query-input":{"@type":"PropertyValueSpecification","valueRequired":true,"valueName":"search_term_string"}}],"inLanguage":"pt-BR"}]}},"_links":{"self":[{"href":"https:\/\/www.saopaulo.sp.leg.br\/apartes-anteriores\/wp-json\/wp\/v2\/pages\/32646","targetHints":{"allow":["GET"]}}],"collection":[{"href":"https:\/\/www.saopaulo.sp.leg.br\/apartes-anteriores\/wp-json\/wp\/v2\/pages"}],"about":[{"href":"https:\/\/www.saopaulo.sp.leg.br\/apartes-anteriores\/wp-json\/wp\/v2\/types\/page"}],"author":[{"embeddable":true,"href":"https:\/\/www.saopaulo.sp.leg.br\/apartes-anteriores\/wp-json\/wp\/v2\/users\/109"}],"replies":[{"embeddable":true,"href":"https:\/\/www.saopaulo.sp.leg.br\/apartes-anteriores\/wp-json\/wp\/v2\/comments?post=32646"}],"version-history":[{"count":0,"href":"https:\/\/www.saopaulo.sp.leg.br\/apartes-anteriores\/wp-json\/wp\/v2\/pages\/32646\/revisions"}],"up":[{"embeddable":true,"href":"https:\/\/www.saopaulo.sp.leg.br\/apartes-anteriores\/wp-json\/wp\/v2\/pages\/26683"}],"wp:attachment":[{"href":"https:\/\/www.saopaulo.sp.leg.br\/apartes-anteriores\/wp-json\/wp\/v2\/media?parent=32646"}],"curies":[{"name":"wp","href":"https:\/\/api.w.org\/{rel}","templated":true}]}}